

{"version":"1.0","provider_name":"Gestions hospitali\u00e8res","provider_url":"https:\/\/www.ricom-web8.com\/gestions","author_name":"Nicolas Berndt","author_url":"https:\/\/www.ricom-web8.com\/gestions\/author\/n-berndtheral-pub-fr\/","title":"La philosophie \u00e0 l\u2019h\u00f4pital - Gestions hospitali\u00e8res","type":"rich","width":600,"height":338,"html":"<blockquote class=\"wp-embedded-content\" data-secret=\"UMfxhOk7fT\"><a href=\"https:\/\/www.ricom-web8.com\/gestions\/la-philosophie-a-lhopital\/\">La philosophie \u00e0 l\u2019h\u00f4pital<\/a><\/blockquote><iframe sandbox=\"allow-scripts\" security=\"restricted\" src=\"https:\/\/www.ricom-web8.com\/gestions\/la-philosophie-a-lhopital\/embed\/#?secret=UMfxhOk7fT\" width=\"600\" height=\"338\" title=\"\u00ab\u00a0La philosophie \u00e0 l\u2019h\u00f4pital\u00a0\u00bb &#8212; Gestions hospitali\u00e8res\" data-secret=\"UMfxhOk7fT\" frameborder=\"0\" marginwidth=\"0\" marginheight=\"0\" scrolling=\"no\" class=\"wp-embedded-content\"><\/iframe><script type=\"text\/javascript\">\n\/* <![CDATA[ *\/\n\/*! This file is auto-generated *\/\n!function(d,l){\"use strict\";l.querySelector&&d.addEventListener&&\"undefined\"!=typeof URL&&(d.wp=d.wp||{},d.wp.receiveEmbedMessage||(d.wp.receiveEmbedMessage=function(e){var t=e.data;if((t||t.secret||t.message||t.value)&&!\/[^a-zA-Z0-9]\/.test(t.secret)){for(var s,r,n,a=l.querySelectorAll('iframe[data-secret=\"'+t.secret+'\"]'),o=l.querySelectorAll('blockquote[data-secret=\"'+t.secret+'\"]'),c=new RegExp(\"^https?:$\",\"i\"),i=0;i<o.length;i++)o[i].style.display=\"none\";for(i=0;i<a.length;i++)s=a[i],e.source===s.contentWindow&&(s.removeAttribute(\"style\"),\"height\"===t.message?(1e3<(r=parseInt(t.value,10))?r=1e3:~~r<200&&(r=200),s.height=r):\"link\"===t.message&&(r=new URL(s.getAttribute(\"src\")),n=new URL(t.value),c.test(n.protocol))&&n.host===r.host&&l.activeElement===s&&(d.top.location.href=t.value))}},d.addEventListener(\"message\",d.wp.receiveEmbedMessage,!1),l.addEventListener(\"DOMContentLoaded\",function(){for(var e,t,s=l.querySelectorAll(\"iframe.wp-embedded-content\"),r=0;r<s.length;r++)(t=(e=s[r]).getAttribute(\"data-secret\"))||(t=Math.random().toString(36).substring(2,12),e.src+=\"#?secret=\"+t,e.setAttribute(\"data-secret\",t)),e.contentWindow.postMessage({message:\"ready\",secret:t},\"*\")},!1)))}(window,document);\n\/* ]]> *\/\n<\/script>\n","description":"D\u2019o\u00f9 est venue l\u2019id\u00e9e de cr\u00e9er une chaire de philosophie dans un h\u00f4pital\u2009? Quelles sont les missions de la chaire\u2009? En amont de cette cr\u00e9ation, il y a plusieurs chemins qui se croisent. D\u2019abord le chemin intime, personnel, celui de l\u2019exp\u00e9rience et de la conviction qui se construit. Pour ma part, cela remonte \u00e0 1993 et \u00e0 un v\u00e9cu sp\u00e9cifique, celui de l\u2019accident de l\u2019\u00eatre aim\u00e9, qui lutte entre vie&hellip;"}