

{"version":"1.0","provider_name":"Gestions hospitali\u00e8res","provider_url":"https:\/\/www.ricom-web8.com\/gestions","author_name":"yann Le Sager","author_url":"https:\/\/www.ricom-web8.com\/gestions\/author\/lesager-yannstudioricom-com\/","title":"Des mots pour penser et comprendre la sant\u00e9 - Gestions hospitali\u00e8res","type":"rich","width":600,"height":338,"html":"<blockquote class=\"wp-embedded-content\" data-secret=\"KGoRrrC35v\"><a href=\"https:\/\/www.ricom-web8.com\/gestions\/la-sante\/\">Des mots pour penser et comprendre la sant\u00e9<\/a><\/blockquote><iframe sandbox=\"allow-scripts\" security=\"restricted\" src=\"https:\/\/www.ricom-web8.com\/gestions\/la-sante\/embed\/#?secret=KGoRrrC35v\" width=\"600\" height=\"338\" title=\"\u00ab\u00a0Des mots pour penser et comprendre la sant\u00e9\u00a0\u00bb &#8212; Gestions hospitali\u00e8res\" data-secret=\"KGoRrrC35v\" frameborder=\"0\" marginwidth=\"0\" marginheight=\"0\" scrolling=\"no\" class=\"wp-embedded-content\"><\/iframe><script type=\"text\/javascript\">\n\/* <![CDATA[ *\/\n\/*! This file is auto-generated *\/\n!function(d,l){\"use strict\";l.querySelector&&d.addEventListener&&\"undefined\"!=typeof URL&&(d.wp=d.wp||{},d.wp.receiveEmbedMessage||(d.wp.receiveEmbedMessage=function(e){var t=e.data;if((t||t.secret||t.message||t.value)&&!\/[^a-zA-Z0-9]\/.test(t.secret)){for(var s,r,n,a=l.querySelectorAll('iframe[data-secret=\"'+t.secret+'\"]'),o=l.querySelectorAll('blockquote[data-secret=\"'+t.secret+'\"]'),c=new RegExp(\"^https?:$\",\"i\"),i=0;i<o.length;i++)o[i].style.display=\"none\";for(i=0;i<a.length;i++)s=a[i],e.source===s.contentWindow&&(s.removeAttribute(\"style\"),\"height\"===t.message?(1e3<(r=parseInt(t.value,10))?r=1e3:~~r<200&&(r=200),s.height=r):\"link\"===t.message&&(r=new URL(s.getAttribute(\"src\")),n=new URL(t.value),c.test(n.protocol))&&n.host===r.host&&l.activeElement===s&&(d.top.location.href=t.value))}},d.addEventListener(\"message\",d.wp.receiveEmbedMessage,!1),l.addEventListener(\"DOMContentLoaded\",function(){for(var e,t,s=l.querySelectorAll(\"iframe.wp-embedded-content\"),r=0;r<s.length;r++)(t=(e=s[r]).getAttribute(\"data-secret\"))||(t=Math.random().toString(36).substring(2,12),e.src+=\"#?secret=\"+t,e.setAttribute(\"data-secret\",t)),e.contentWindow.postMessage({message:\"ready\",secret:t},\"*\")},!1)))}(window,document);\n\/* ]]> *\/\n<\/script>\n","description":"\ufeffLucr\u00e8ce \u00e9crivait \u00e0 propos de l\u2019origine du langage : \u00ab At varios linguae sonitus natura subegit\/mittere, et utilitas expressit nomina rerum \u00bb - \u00ab Quant aux divers sons du langage, c\u2019est la nature qui poussa les hommes \u00e0 les \u00e9mettre, et c\u2019est le besoin qui fit na\u00eetre les noms des choses \u00bb (Lib. V, v. 1029-1039). Pour tout un chacun, la d\u00e9nomination est une activit\u00e9 aussi habituelle que peu consciente. Si le nom des choses a int\u00e9ress\u00e9 l\u2019Homme depuis l\u2019Antiquit\u00e9, la s\u00e9mantique comme discipline n\u2019a \u00e9t\u00e9 fond\u00e9e qu\u2019\u00e0 la fin du xixe si\u00e8cle par Michel Br\u00e9al (1832-1915). Depuis, la discipline a grandi et acquis ses lettres de noblesse cependant que le mot \u00ab s\u00e9mantique \u00bb est utilis\u00e9, malheureusement, de fa\u00e7on souvent abusive, tout n\u2019\u00e9tant pas s\u00e9mantique. S\u2019il y a s\u00e9mantisme, c\u2019est parce qu\u2019il y a bien quelqu\u2019un qui interpr\u00e8te. Ainsi, venant d\u2019un autre univers linguistique, celui qui doit interpr\u00e9ter peut parfois trouver curieux ce qui, en fran\u00e7ais et en France, a \u00e9t\u00e9 d\u00e9nomm\u00e9 d\u2019une certaine mani\u00e8re."}