

{"version":"1.0","provider_name":"Gestions hospitali\u00e8res","provider_url":"https:\/\/www.ricom-web8.com\/gestions","author_name":"yann Le Sager","author_url":"https:\/\/www.ricom-web8.com\/gestions\/author\/lesager-yannstudioricom-com\/","title":"La t\u00e9l\u00e9m\u00e9decine, un enjeu d\u2019am\u00e9nagement du territoire - Gestions hospitali\u00e8res","type":"rich","width":600,"height":338,"html":"<blockquote class=\"wp-embedded-content\" data-secret=\"XIxbSnVafF\"><a href=\"https:\/\/www.ricom-web8.com\/gestions\/la-telemedecine-un-enjeu-damenagement-du-territoire\/\">La t\u00e9l\u00e9m\u00e9decine, un enjeu d\u2019am\u00e9nagement du territoire<\/a><\/blockquote><iframe sandbox=\"allow-scripts\" security=\"restricted\" src=\"https:\/\/www.ricom-web8.com\/gestions\/la-telemedecine-un-enjeu-damenagement-du-territoire\/embed\/#?secret=XIxbSnVafF\" width=\"600\" height=\"338\" title=\"\u00ab\u00a0La t\u00e9l\u00e9m\u00e9decine, un enjeu d\u2019am\u00e9nagement du territoire\u00a0\u00bb &#8212; Gestions hospitali\u00e8res\" data-secret=\"XIxbSnVafF\" frameborder=\"0\" marginwidth=\"0\" marginheight=\"0\" scrolling=\"no\" class=\"wp-embedded-content\"><\/iframe><script type=\"text\/javascript\">\n\/* <![CDATA[ *\/\n\/*! This file is auto-generated *\/\n!function(d,l){\"use strict\";l.querySelector&&d.addEventListener&&\"undefined\"!=typeof URL&&(d.wp=d.wp||{},d.wp.receiveEmbedMessage||(d.wp.receiveEmbedMessage=function(e){var t=e.data;if((t||t.secret||t.message||t.value)&&!\/[^a-zA-Z0-9]\/.test(t.secret)){for(var s,r,n,a=l.querySelectorAll('iframe[data-secret=\"'+t.secret+'\"]'),o=l.querySelectorAll('blockquote[data-secret=\"'+t.secret+'\"]'),c=new RegExp(\"^https?:$\",\"i\"),i=0;i<o.length;i++)o[i].style.display=\"none\";for(i=0;i<a.length;i++)s=a[i],e.source===s.contentWindow&&(s.removeAttribute(\"style\"),\"height\"===t.message?(1e3<(r=parseInt(t.value,10))?r=1e3:~~r<200&&(r=200),s.height=r):\"link\"===t.message&&(r=new URL(s.getAttribute(\"src\")),n=new URL(t.value),c.test(n.protocol))&&n.host===r.host&&l.activeElement===s&&(d.top.location.href=t.value))}},d.addEventListener(\"message\",d.wp.receiveEmbedMessage,!1),l.addEventListener(\"DOMContentLoaded\",function(){for(var e,t,s=l.querySelectorAll(\"iframe.wp-embedded-content\"),r=0;r<s.length;r++)(t=(e=s[r]).getAttribute(\"data-secret\"))||(t=Math.random().toString(36).substring(2,12),e.src+=\"#?secret=\"+t,e.setAttribute(\"data-secret\",t)),e.contentWindow.postMessage({message:\"ready\",secret:t},\"*\")},!1)))}(window,document);\n\/* ]]> *\/\n<\/script>\n","description":"\ufeffProfil des stations, des r\u00e9seaux, \u00e9quipements biom\u00e9dicaux, am\u00e9nagement territorial mutualis\u00e9 pour garantir une ma\u00eetrise \u00e9conomique du d\u00e9ploiement, nouvelles pratiques identifi\u00e9es, nouveaux m\u00e9tiers, nouvelles organisations \u00e0 structurer : la conduite d\u2019un projet de t\u00e9l\u00e9m\u00e9decine suppose des pr\u00e9requis clairement identifi\u00e9s pour un d\u00e9ploiement territorial qui ne peut \u00eatre op\u00e9rationnel que si une tarification et une reconnaissance au sein de l\u2019activit\u00e9 m\u00e9dicale sont valid\u00e9es par les tutelles. Nos travaux avec l\u2019unit\u00e9 de recherche clinique \u00e9conomique de Cr\u00e9teil et l\u2019\u00c9cole Centrale Paris ont montr\u00e9 la pertinence de cette approche qui devrait permettre \u00e0 la France d\u2019\u00eatre en situation de leadership pour le d\u00e9ploiement sur les territoires de sant\u00e9. De nombreuses exp\u00e9rimentations dans le monde sont limit\u00e9es par le caract\u00e8re monosp\u00e9cialit\u00e9, par des cr\u00e9dits ponctuels non p\u00e9rennes, par des limitations technologiques emp\u00eachant une \u00e9volution des pratiques et des usages."}