

{"version":"1.0","provider_name":"Gestions hospitali\u00e8res","provider_url":"https:\/\/www.ricom-web8.com\/gestions","author_name":"yann Le Sager","author_url":"https:\/\/www.ricom-web8.com\/gestions\/author\/lesager-yannstudioricom-com\/","title":"La territorialisation des activit\u00e9s d\u2019urgences - Gestions hospitali\u00e8res","type":"rich","width":600,"height":338,"html":"<blockquote class=\"wp-embedded-content\" data-secret=\"PlrHKXpUhQ\"><a href=\"https:\/\/www.ricom-web8.com\/gestions\/la-territorialisation-des-activites-durgences\/\">La territorialisation des activit\u00e9s d\u2019urgences<\/a><\/blockquote><iframe sandbox=\"allow-scripts\" security=\"restricted\" src=\"https:\/\/www.ricom-web8.com\/gestions\/la-territorialisation-des-activites-durgences\/embed\/#?secret=PlrHKXpUhQ\" width=\"600\" height=\"338\" title=\"\u00ab\u00a0La territorialisation des activit\u00e9s d\u2019urgences\u00a0\u00bb &#8212; Gestions hospitali\u00e8res\" data-secret=\"PlrHKXpUhQ\" frameborder=\"0\" marginwidth=\"0\" marginheight=\"0\" scrolling=\"no\" class=\"wp-embedded-content\"><\/iframe><script type=\"text\/javascript\">\n\/* <![CDATA[ *\/\n\/*! This file is auto-generated *\/\n!function(d,l){\"use strict\";l.querySelector&&d.addEventListener&&\"undefined\"!=typeof URL&&(d.wp=d.wp||{},d.wp.receiveEmbedMessage||(d.wp.receiveEmbedMessage=function(e){var t=e.data;if((t||t.secret||t.message||t.value)&&!\/[^a-zA-Z0-9]\/.test(t.secret)){for(var s,r,n,a=l.querySelectorAll('iframe[data-secret=\"'+t.secret+'\"]'),o=l.querySelectorAll('blockquote[data-secret=\"'+t.secret+'\"]'),c=new RegExp(\"^https?:$\",\"i\"),i=0;i<o.length;i++)o[i].style.display=\"none\";for(i=0;i<a.length;i++)s=a[i],e.source===s.contentWindow&&(s.removeAttribute(\"style\"),\"height\"===t.message?(1e3<(r=parseInt(t.value,10))?r=1e3:~~r<200&&(r=200),s.height=r):\"link\"===t.message&&(r=new URL(s.getAttribute(\"src\")),n=new URL(t.value),c.test(n.protocol))&&n.host===r.host&&l.activeElement===s&&(d.top.location.href=t.value))}},d.addEventListener(\"message\",d.wp.receiveEmbedMessage,!1),l.addEventListener(\"DOMContentLoaded\",function(){for(var e,t,s=l.querySelectorAll(\"iframe.wp-embedded-content\"),r=0;r<s.length;r++)(t=(e=s[r]).getAttribute(\"data-secret\"))||(t=Math.random().toString(36).substring(2,12),e.src+=\"#?secret=\"+t,e.setAttribute(\"data-secret\",t)),e.contentWindow.postMessage({message:\"ready\",secret:t},\"*\")},!1)))}(window,document);\n\/* ]]> *\/\n<\/script>\n","description":"Apr\u00e8s une analyse tr\u00e8s compl\u00e8te par la Cour des comptes et une publication de la Direction de la recherche, des \u00e9tudes, de l\u2019\u00e9valuation et des statistiques (Drees) en 2014, l\u2019ann\u00e9e 2015 aura elle aussi \u00e9t\u00e9 riche en bilans et propositions pour une meilleure organisation de la prise en charge des urgences hospitali\u00e8res, avec trois nouvelles publications de la Drees et un rapport remis en juillet \u00e0 la ministre de la Sant\u00e9 par le Dr Jean-Yves Grall, directeur de l\u2019agence r\u00e9gionale de sant\u00e9 du Nord-Pas-de-Calais, sans oublier le livre blanc de Samu de France.","thumbnail_url":"https:\/\/gestions-hospitalieres.fr\/wp-content\/uploads\/ill_2015_489_1.png"}