

{"version":"1.0","provider_name":"Gestions hospitali\u00e8res","provider_url":"https:\/\/www.ricom-web8.com\/gestions","author_name":"yann Le Sager","author_url":"https:\/\/www.ricom-web8.com\/gestions\/author\/lesager-yannstudioricom-com\/","title":"L\u2019acceptabilit\u00e9 soci\u00e9tale du GHT - Gestions hospitali\u00e8res","type":"rich","width":600,"height":338,"html":"<blockquote class=\"wp-embedded-content\" data-secret=\"KFYr7l6N8v\"><a href=\"https:\/\/www.ricom-web8.com\/gestions\/lacceptabilite-societale-du-ght\/\">L\u2019acceptabilit\u00e9 soci\u00e9tale du GHT<\/a><\/blockquote><iframe sandbox=\"allow-scripts\" security=\"restricted\" src=\"https:\/\/www.ricom-web8.com\/gestions\/lacceptabilite-societale-du-ght\/embed\/#?secret=KFYr7l6N8v\" width=\"600\" height=\"338\" title=\"\u00ab\u00a0L\u2019acceptabilit\u00e9 soci\u00e9tale du GHT\u00a0\u00bb &#8212; Gestions hospitali\u00e8res\" data-secret=\"KFYr7l6N8v\" frameborder=\"0\" marginwidth=\"0\" marginheight=\"0\" scrolling=\"no\" class=\"wp-embedded-content\"><\/iframe><script type=\"text\/javascript\">\n\/* <![CDATA[ *\/\n\/*! This file is auto-generated *\/\n!function(d,l){\"use strict\";l.querySelector&&d.addEventListener&&\"undefined\"!=typeof URL&&(d.wp=d.wp||{},d.wp.receiveEmbedMessage||(d.wp.receiveEmbedMessage=function(e){var t=e.data;if((t||t.secret||t.message||t.value)&&!\/[^a-zA-Z0-9]\/.test(t.secret)){for(var s,r,n,a=l.querySelectorAll('iframe[data-secret=\"'+t.secret+'\"]'),o=l.querySelectorAll('blockquote[data-secret=\"'+t.secret+'\"]'),c=new RegExp(\"^https?:$\",\"i\"),i=0;i<o.length;i++)o[i].style.display=\"none\";for(i=0;i<a.length;i++)s=a[i],e.source===s.contentWindow&&(s.removeAttribute(\"style\"),\"height\"===t.message?(1e3<(r=parseInt(t.value,10))?r=1e3:~~r<200&&(r=200),s.height=r):\"link\"===t.message&&(r=new URL(s.getAttribute(\"src\")),n=new URL(t.value),c.test(n.protocol))&&n.host===r.host&&l.activeElement===s&&(d.top.location.href=t.value))}},d.addEventListener(\"message\",d.wp.receiveEmbedMessage,!1),l.addEventListener(\"DOMContentLoaded\",function(){for(var e,t,s=l.querySelectorAll(\"iframe.wp-embedded-content\"),r=0;r<s.length;r++)(t=(e=s[r]).getAttribute(\"data-secret\"))||(t=Math.random().toString(36).substring(2,12),e.src+=\"#?secret=\"+t,e.setAttribute(\"data-secret\",t)),e.contentWindow.postMessage({message:\"ready\",secret:t},\"*\")},!1)))}(window,document);\n\/* ]]> *\/\n<\/script>\n","description":"La notion d\u2019acceptabilit\u00e9 soci\u00e9tale fait r\u00e9f\u00e9rence \u00e0 la perception par les parties prenantes locales qu\u2019un projet est socialement acceptable ou l\u00e9gitime. Elle est un enjeu essentiel de la r\u00e9ussite des projets. En effet, l\u2019exp\u00e9rience montre qu\u2019obtenir l\u2019appui, le soutien, voire la collaboration des communaut\u00e9s (\u00e9lus, opinions publiques, m\u00e9dias\u2026) et des ressources (professionnels m\u00e9dicaux et non m\u00e9dicaux) est n\u00e9cessaire \u00e0 la r\u00e9ussite des grands projets."}