

{"version":"1.0","provider_name":"Gestions hospitali\u00e8res","provider_url":"https:\/\/www.ricom-web8.com\/gestions","author_name":"yann Le Sager","author_url":"https:\/\/www.ricom-web8.com\/gestions\/author\/lesager-yannstudioricom-com\/","title":"L\u2019acc\u00e8s aux soins hospitaliers - Gestions hospitali\u00e8res","type":"rich","width":600,"height":338,"html":"<blockquote class=\"wp-embedded-content\" data-secret=\"TUQTfLwQm0\"><a href=\"https:\/\/www.ricom-web8.com\/gestions\/lacces-aux-soins-hospitaliers\/\">L\u2019acc\u00e8s aux soins hospitaliers<\/a><\/blockquote><iframe sandbox=\"allow-scripts\" security=\"restricted\" src=\"https:\/\/www.ricom-web8.com\/gestions\/lacces-aux-soins-hospitaliers\/embed\/#?secret=TUQTfLwQm0\" width=\"600\" height=\"338\" title=\"\u00ab\u00a0L\u2019acc\u00e8s aux soins hospitaliers\u00a0\u00bb &#8212; Gestions hospitali\u00e8res\" data-secret=\"TUQTfLwQm0\" frameborder=\"0\" marginwidth=\"0\" marginheight=\"0\" scrolling=\"no\" class=\"wp-embedded-content\"><\/iframe><script type=\"text\/javascript\">\n\/* <![CDATA[ *\/\n\/*! This file is auto-generated *\/\n!function(d,l){\"use strict\";l.querySelector&&d.addEventListener&&\"undefined\"!=typeof URL&&(d.wp=d.wp||{},d.wp.receiveEmbedMessage||(d.wp.receiveEmbedMessage=function(e){var t=e.data;if((t||t.secret||t.message||t.value)&&!\/[^a-zA-Z0-9]\/.test(t.secret)){for(var s,r,n,a=l.querySelectorAll('iframe[data-secret=\"'+t.secret+'\"]'),o=l.querySelectorAll('blockquote[data-secret=\"'+t.secret+'\"]'),c=new RegExp(\"^https?:$\",\"i\"),i=0;i<o.length;i++)o[i].style.display=\"none\";for(i=0;i<a.length;i++)s=a[i],e.source===s.contentWindow&&(s.removeAttribute(\"style\"),\"height\"===t.message?(1e3<(r=parseInt(t.value,10))?r=1e3:~~r<200&&(r=200),s.height=r):\"link\"===t.message&&(r=new URL(s.getAttribute(\"src\")),n=new URL(t.value),c.test(n.protocol))&&n.host===r.host&&l.activeElement===s&&(d.top.location.href=t.value))}},d.addEventListener(\"message\",d.wp.receiveEmbedMessage,!1),l.addEventListener(\"DOMContentLoaded\",function(){for(var e,t,s=l.querySelectorAll(\"iframe.wp-embedded-content\"),r=0;r<s.length;r++)(t=(e=s[r]).getAttribute(\"data-secret\"))||(t=Math.random().toString(36).substring(2,12),e.src+=\"#?secret=\"+t,e.setAttribute(\"data-secret\",t)),e.contentWindow.postMessage({message:\"ready\",secret:t},\"*\")},!1)))}(window,document);\n\/* ]]> *\/\n<\/script>\n","description":"Le centre hospitalier de Gu\u00e9ret est l\u2019\u00e9tablissement public de sant\u00e9 de r\u00e9f\u00e9rence du d\u00e9partement de la Creuse. Il a donc un r\u00f4le pivot dans l\u2019acc\u00e8s aux soins hospitaliers pour tous les publics, notamment vuln\u00e9rables et accueillis en institution. Anim\u00e9e par la volont\u00e9 d\u2019am\u00e9liorer les parcours de sant\u00e9, l\u2019accessibilit\u00e9 aux soins pour tous, la qualit\u00e9 de l\u2019accueil \u00e0 l\u2019h\u00f4pital, la direction a souhait\u00e9 s\u2019inscrire dans une d\u00e9marche partenariale avec les autres structures d\u2019h\u00e9bergement creusoises. Dans ce contexte, un axe prioritaire a \u00e9t\u00e9 d\u00e9fini visant \u00e0 am\u00e9liorer l\u2019accessibilit\u00e9 aux soins des personnes en situation de handicap. Ainsi, le CH de Gu\u00e9ret a pris des engagements pour am\u00e9liorer l\u2019acc\u00e8s aux soins des personnes emp\u00each\u00e9es."}