

{"version":"1.0","provider_name":"Gestions hospitali\u00e8res","provider_url":"https:\/\/www.ricom-web8.com\/gestions","author_name":"yann Le Sager","author_url":"https:\/\/www.ricom-web8.com\/gestions\/author\/lesager-yannstudioricom-com\/","title":"L\u2019accr\u00e9ditation des praticiens des sp\u00e9cialit\u00e9s \u00e0 risque - Gestions hospitali\u00e8res","type":"rich","width":600,"height":338,"html":"<blockquote class=\"wp-embedded-content\" data-secret=\"pRv87YtzMP\"><a href=\"https:\/\/www.ricom-web8.com\/gestions\/laccreditation-des-praticiens-des-specialites-a-risque\/\">L\u2019accr\u00e9ditation des praticiens des sp\u00e9cialit\u00e9s \u00e0 risque<\/a><\/blockquote><iframe sandbox=\"allow-scripts\" security=\"restricted\" src=\"https:\/\/www.ricom-web8.com\/gestions\/laccreditation-des-praticiens-des-specialites-a-risque\/embed\/#?secret=pRv87YtzMP\" width=\"600\" height=\"338\" title=\"\u00ab\u00a0L\u2019accr\u00e9ditation des praticiens des sp\u00e9cialit\u00e9s \u00e0 risque\u00a0\u00bb &#8212; Gestions hospitali\u00e8res\" data-secret=\"pRv87YtzMP\" frameborder=\"0\" marginwidth=\"0\" marginheight=\"0\" scrolling=\"no\" class=\"wp-embedded-content\"><\/iframe><script type=\"text\/javascript\">\n\/* <![CDATA[ *\/\n\/*! This file is auto-generated *\/\n!function(d,l){\"use strict\";l.querySelector&&d.addEventListener&&\"undefined\"!=typeof URL&&(d.wp=d.wp||{},d.wp.receiveEmbedMessage||(d.wp.receiveEmbedMessage=function(e){var t=e.data;if((t||t.secret||t.message||t.value)&&!\/[^a-zA-Z0-9]\/.test(t.secret)){for(var s,r,n,a=l.querySelectorAll('iframe[data-secret=\"'+t.secret+'\"]'),o=l.querySelectorAll('blockquote[data-secret=\"'+t.secret+'\"]'),c=new RegExp(\"^https?:$\",\"i\"),i=0;i<o.length;i++)o[i].style.display=\"none\";for(i=0;i<a.length;i++)s=a[i],e.source===s.contentWindow&&(s.removeAttribute(\"style\"),\"height\"===t.message?(1e3<(r=parseInt(t.value,10))?r=1e3:~~r<200&&(r=200),s.height=r):\"link\"===t.message&&(r=new URL(s.getAttribute(\"src\")),n=new URL(t.value),c.test(n.protocol))&&n.host===r.host&&l.activeElement===s&&(d.top.location.href=t.value))}},d.addEventListener(\"message\",d.wp.receiveEmbedMessage,!1),l.addEventListener(\"DOMContentLoaded\",function(){for(var e,t,s=l.querySelectorAll(\"iframe.wp-embedded-content\"),r=0;r<s.length;r++)(t=(e=s[r]).getAttribute(\"data-secret\"))||(t=Math.random().toString(36).substring(2,12),e.src+=\"#?secret=\"+t,e.setAttribute(\"data-secret\",t)),e.contentWindow.postMessage({message:\"ready\",secret:t},\"*\")},!1)))}(window,document);\n\/* ]]> *\/\n<\/script>\n","description":"\ufeffL\u2019accr\u00e9ditation \u2013 am\u00e9lioration des pratiques bas\u00e9e sur la pr\u00e9vention des accidents m\u00e9dicaux \u00e9vitables \u2013 est une d\u00e9marche volontaire des professionnels applicable \u00e0 toutes les sp\u00e9cialit\u00e9s m\u00e9dicales dites \u00ab\u00a0\u00e0 risque\u00a0\u00bb quel qu\u2019en soit le mode d\u2019exercice. Pourtant, et de fa\u00e7on totalement inique, elle n\u2019est financ\u00e9e qu\u2019en contrepartie de la prise en charge partielle par la Cnam des primes d\u2019assurance en responsabilit\u00e9 civile professionnelle des praticiens lib\u00e9raux. Il n\u2019existe pas de financement d\u00e9fini pour l\u2019accr\u00e9ditation des praticiens salari\u00e9s. Les h\u00f4pitaux publics doivent \u00eatre alert\u00e9s de la menace que cela fait peser sur leur image de marque. L\u2019accr\u00e9ditation vaut d\u00e9veloppement professionnel continu, une obligation que les \u00e9tablissements seront tenus de financer. Associer formellement la certification des \u00e9tablissements et l\u2019accr\u00e9ditation des praticiens qui y travaillent aurait valeur d\u2019incitatif pour l\u2019accr\u00e9ditation des praticiens salari\u00e9s et am\u00e9liorerait la lisibilit\u00e9 pour les patients de toutes ces actions qui cherchent \u00e0 am\u00e9liorer la qualit\u00e9 et la s\u00e9curit\u00e9 des soins."}