

{"version":"1.0","provider_name":"Gestions hospitali\u00e8res","provider_url":"https:\/\/www.ricom-web8.com\/gestions","author_name":"Gestions hospitali\u00e8res","author_url":"https:\/\/www.ricom-web8.com\/gestions\/author\/benjamin\/","title":"L\u2019adaptation capacitaire des services de m\u00e9decine - Gestions hospitali\u00e8res","type":"rich","width":600,"height":338,"html":"<blockquote class=\"wp-embedded-content\" data-secret=\"9RkmCMv935\"><a href=\"https:\/\/www.ricom-web8.com\/gestions\/ladaptation-capacitaire-services-de-medecine\/\">L\u2019adaptation capacitaire des services de m\u00e9decine<\/a><\/blockquote><iframe sandbox=\"allow-scripts\" security=\"restricted\" src=\"https:\/\/www.ricom-web8.com\/gestions\/ladaptation-capacitaire-services-de-medecine\/embed\/#?secret=9RkmCMv935\" width=\"600\" height=\"338\" title=\"\u00ab\u00a0L\u2019adaptation capacitaire des services de m\u00e9decine\u00a0\u00bb &#8212; Gestions hospitali\u00e8res\" data-secret=\"9RkmCMv935\" frameborder=\"0\" marginwidth=\"0\" marginheight=\"0\" scrolling=\"no\" class=\"wp-embedded-content\"><\/iframe><script type=\"text\/javascript\">\n\/* <![CDATA[ *\/\n\/*! This file is auto-generated *\/\n!function(d,l){\"use strict\";l.querySelector&&d.addEventListener&&\"undefined\"!=typeof URL&&(d.wp=d.wp||{},d.wp.receiveEmbedMessage||(d.wp.receiveEmbedMessage=function(e){var t=e.data;if((t||t.secret||t.message||t.value)&&!\/[^a-zA-Z0-9]\/.test(t.secret)){for(var s,r,n,a=l.querySelectorAll('iframe[data-secret=\"'+t.secret+'\"]'),o=l.querySelectorAll('blockquote[data-secret=\"'+t.secret+'\"]'),c=new RegExp(\"^https?:$\",\"i\"),i=0;i<o.length;i++)o[i].style.display=\"none\";for(i=0;i<a.length;i++)s=a[i],e.source===s.contentWindow&&(s.removeAttribute(\"style\"),\"height\"===t.message?(1e3<(r=parseInt(t.value,10))?r=1e3:~~r<200&&(r=200),s.height=r):\"link\"===t.message&&(r=new URL(s.getAttribute(\"src\")),n=new URL(t.value),c.test(n.protocol))&&n.host===r.host&&l.activeElement===s&&(d.top.location.href=t.value))}},d.addEventListener(\"message\",d.wp.receiveEmbedMessage,!1),l.addEventListener(\"DOMContentLoaded\",function(){for(var e,t,s=l.querySelectorAll(\"iframe.wp-embedded-content\"),r=0;r<s.length;r++)(t=(e=s[r]).getAttribute(\"data-secret\"))||(t=Math.random().toString(36).substring(2,12),e.src+=\"#?secret=\"+t,e.setAttribute(\"data-secret\",t)),e.contentWindow.postMessage({message:\"ready\",secret:t},\"*\")},!1)))}(window,document);\n\/* ]]> *\/\n<\/script>\n","description":"Si le virage ambulatoire sur les chirurgies est connu et appliqu\u00e9 dans la plupart des \u00e9tablissements, la mutation des prises en charge au sein des parcours de m\u00e9decine est beaucoup moins document\u00e9e. Sur le centre hospitalier de Carcassonne, \u00e9tablissement support du GHT de l\u2019Ouest Audois, l\u2019initiative du projet a \u00e9t\u00e9 port\u00e9e par le directeur g\u00e9n\u00e9ral et la pr\u00e9sidente de CME. La direction d\u2019appui aux projets, nouvellement cr\u00e9\u00e9e, a \u00e9t\u00e9 charg\u00e9e&hellip;"}