

{"version":"1.0","provider_name":"Gestions hospitali\u00e8res","provider_url":"https:\/\/www.ricom-web8.com\/gestions","author_name":"yann Le Sager","author_url":"https:\/\/www.ricom-web8.com\/gestions\/author\/lesager-yannstudioricom-com\/","title":"L\u2019aide m\u00e9dicale d\u2019\u00c9tat - Gestions hospitali\u00e8res","type":"rich","width":600,"height":338,"html":"<blockquote class=\"wp-embedded-content\" data-secret=\"cOheAfysMq\"><a href=\"https:\/\/www.ricom-web8.com\/gestions\/laide-medicale-detat\/\">L\u2019aide m\u00e9dicale d\u2019\u00c9tat<\/a><\/blockquote><iframe sandbox=\"allow-scripts\" security=\"restricted\" src=\"https:\/\/www.ricom-web8.com\/gestions\/laide-medicale-detat\/embed\/#?secret=cOheAfysMq\" width=\"600\" height=\"338\" title=\"\u00ab\u00a0L\u2019aide m\u00e9dicale d\u2019\u00c9tat\u00a0\u00bb &#8212; Gestions hospitali\u00e8res\" data-secret=\"cOheAfysMq\" frameborder=\"0\" marginwidth=\"0\" marginheight=\"0\" scrolling=\"no\" class=\"wp-embedded-content\"><\/iframe><script type=\"text\/javascript\">\n\/* <![CDATA[ *\/\n\/*! This file is auto-generated *\/\n!function(d,l){\"use strict\";l.querySelector&&d.addEventListener&&\"undefined\"!=typeof URL&&(d.wp=d.wp||{},d.wp.receiveEmbedMessage||(d.wp.receiveEmbedMessage=function(e){var t=e.data;if((t||t.secret||t.message||t.value)&&!\/[^a-zA-Z0-9]\/.test(t.secret)){for(var s,r,n,a=l.querySelectorAll('iframe[data-secret=\"'+t.secret+'\"]'),o=l.querySelectorAll('blockquote[data-secret=\"'+t.secret+'\"]'),c=new RegExp(\"^https?:$\",\"i\"),i=0;i<o.length;i++)o[i].style.display=\"none\";for(i=0;i<a.length;i++)s=a[i],e.source===s.contentWindow&&(s.removeAttribute(\"style\"),\"height\"===t.message?(1e3<(r=parseInt(t.value,10))?r=1e3:~~r<200&&(r=200),s.height=r):\"link\"===t.message&&(r=new URL(s.getAttribute(\"src\")),n=new URL(t.value),c.test(n.protocol))&&n.host===r.host&&l.activeElement===s&&(d.top.location.href=t.value))}},d.addEventListener(\"message\",d.wp.receiveEmbedMessage,!1),l.addEventListener(\"DOMContentLoaded\",function(){for(var e,t,s=l.querySelectorAll(\"iframe.wp-embedded-content\"),r=0;r<s.length;r++)(t=(e=s[r]).getAttribute(\"data-secret\"))||(t=Math.random().toString(36).substring(2,12),e.src+=\"#?secret=\"+t,e.setAttribute(\"data-secret\",t)),e.contentWindow.postMessage({message:\"ready\",secret:t},\"*\")},!1)))}(window,document);\n\/* ]]> *\/\n<\/script>\n","description":"L\u2019aide m\u00e9dicale d\u2019\u00c9tat (AME) permet l\u2019acc\u00e8s aux soins de personnes qui se trouvent en situation irr\u00e9guli\u00e8re sur le territoire fran\u00e7ais et, de ce fait, sont exclues du champ de couverture de la s\u00e9curit\u00e9 sociale. Le programme Protection maladie de la loi de finances pr\u00e9voit en 2015 une enveloppe AME dot\u00e9e de 677,5\u00a0millions d\u2019euros de cr\u00e9dits, soit une augmentation de 12\u2009% par rapport \u00e0 2014 pour 270\u00a0000 b\u00e9n\u00e9ficiaires. Il convient cependant de relativiser ces \u00ab\u2009augmentations\u2009\u00bb de l\u2019AME\u2026"}