

{"version":"1.0","provider_name":"Gestions hospitali\u00e8res","provider_url":"https:\/\/www.ricom-web8.com\/gestions","author_name":"yann Le Sager","author_url":"https:\/\/www.ricom-web8.com\/gestions\/author\/lesager-yannstudioricom-com\/","title":"Le conseiller mobilit\u00e9 carri\u00e8re - Gestions hospitali\u00e8res","type":"rich","width":600,"height":338,"html":"<blockquote class=\"wp-embedded-content\" data-secret=\"mrTdpLLJb3\"><a href=\"https:\/\/www.ricom-web8.com\/gestions\/le-conseiller-mobilite-carriere\/\">Le conseiller mobilit\u00e9 carri\u00e8re<\/a><\/blockquote><iframe sandbox=\"allow-scripts\" security=\"restricted\" src=\"https:\/\/www.ricom-web8.com\/gestions\/le-conseiller-mobilite-carriere\/embed\/#?secret=mrTdpLLJb3\" width=\"600\" height=\"338\" title=\"\u00ab\u00a0Le conseiller mobilit\u00e9 carri\u00e8re\u00a0\u00bb &#8212; Gestions hospitali\u00e8res\" data-secret=\"mrTdpLLJb3\" frameborder=\"0\" marginwidth=\"0\" marginheight=\"0\" scrolling=\"no\" class=\"wp-embedded-content\"><\/iframe><script type=\"text\/javascript\">\n\/* <![CDATA[ *\/\n\/*! This file is auto-generated *\/\n!function(d,l){\"use strict\";l.querySelector&&d.addEventListener&&\"undefined\"!=typeof URL&&(d.wp=d.wp||{},d.wp.receiveEmbedMessage||(d.wp.receiveEmbedMessage=function(e){var t=e.data;if((t||t.secret||t.message||t.value)&&!\/[^a-zA-Z0-9]\/.test(t.secret)){for(var s,r,n,a=l.querySelectorAll('iframe[data-secret=\"'+t.secret+'\"]'),o=l.querySelectorAll('blockquote[data-secret=\"'+t.secret+'\"]'),c=new RegExp(\"^https?:$\",\"i\"),i=0;i<o.length;i++)o[i].style.display=\"none\";for(i=0;i<a.length;i++)s=a[i],e.source===s.contentWindow&&(s.removeAttribute(\"style\"),\"height\"===t.message?(1e3<(r=parseInt(t.value,10))?r=1e3:~~r<200&&(r=200),s.height=r):\"link\"===t.message&&(r=new URL(s.getAttribute(\"src\")),n=new URL(t.value),c.test(n.protocol))&&n.host===r.host&&l.activeElement===s&&(d.top.location.href=t.value))}},d.addEventListener(\"message\",d.wp.receiveEmbedMessage,!1),l.addEventListener(\"DOMContentLoaded\",function(){for(var e,t,s=l.querySelectorAll(\"iframe.wp-embedded-content\"),r=0;r<s.length;r++)(t=(e=s[r]).getAttribute(\"data-secret\"))||(t=Math.random().toString(36).substring(2,12),e.src+=\"#?secret=\"+t,e.setAttribute(\"data-secret\",t)),e.contentWindow.postMessage({message:\"ready\",secret:t},\"*\")},!1)))}(window,document);\n\/* ]]> *\/\n<\/script>\n","description":"\ufeffFavoriser les mobilit\u00e9s professionnelles, c\u2019est adapter les ressources humaines aux besoins, r\u00e9pondre aux enjeux \u00e9conomiques, favoriser l\u2019\u00e9panouissement individuel\u2026L\u2019id\u00e9e est noble, mais les contraintes r\u00e9glementaires sont bien r\u00e9elles : du d\u00e9roulement de carri\u00e8re aux droits et obligations des personnels, elles ont fa\u00e7onn\u00e9 les modalit\u00e9s de gestion des ressources humaines. Un m\u00e9tier \u00e9mergent peut pourtant \u00eatre une des voix de la modernisation : conseiller mobilit\u00e9 carri\u00e8re."}