

{"version":"1.0","provider_name":"Gestions hospitali\u00e8res","provider_url":"https:\/\/www.ricom-web8.com\/gestions","author_name":"yann Le Sager","author_url":"https:\/\/www.ricom-web8.com\/gestions\/author\/lesager-yannstudioricom-com\/","title":"Le GCS territorial Ardennes-Nord - Gestions hospitali\u00e8res","type":"rich","width":600,"height":338,"html":"<blockquote class=\"wp-embedded-content\" data-secret=\"eTqH0v1wIS\"><a href=\"https:\/\/www.ricom-web8.com\/gestions\/le-gcs-territorial-ardennes-nord\/\">Le GCS territorial Ardennes-Nord<\/a><\/blockquote><iframe sandbox=\"allow-scripts\" security=\"restricted\" src=\"https:\/\/www.ricom-web8.com\/gestions\/le-gcs-territorial-ardennes-nord\/embed\/#?secret=eTqH0v1wIS\" width=\"600\" height=\"338\" title=\"\u00ab\u00a0Le GCS territorial Ardennes-Nord\u00a0\u00bb &#8212; Gestions hospitali\u00e8res\" data-secret=\"eTqH0v1wIS\" frameborder=\"0\" marginwidth=\"0\" marginheight=\"0\" scrolling=\"no\" class=\"wp-embedded-content\"><\/iframe><script type=\"text\/javascript\">\n\/* <![CDATA[ *\/\n\/*! This file is auto-generated *\/\n!function(d,l){\"use strict\";l.querySelector&&d.addEventListener&&\"undefined\"!=typeof URL&&(d.wp=d.wp||{},d.wp.receiveEmbedMessage||(d.wp.receiveEmbedMessage=function(e){var t=e.data;if((t||t.secret||t.message||t.value)&&!\/[^a-zA-Z0-9]\/.test(t.secret)){for(var s,r,n,a=l.querySelectorAll('iframe[data-secret=\"'+t.secret+'\"]'),o=l.querySelectorAll('blockquote[data-secret=\"'+t.secret+'\"]'),c=new RegExp(\"^https?:$\",\"i\"),i=0;i<o.length;i++)o[i].style.display=\"none\";for(i=0;i<a.length;i++)s=a[i],e.source===s.contentWindow&&(s.removeAttribute(\"style\"),\"height\"===t.message?(1e3<(r=parseInt(t.value,10))?r=1e3:~~r<200&&(r=200),s.height=r):\"link\"===t.message&&(r=new URL(s.getAttribute(\"src\")),n=new URL(t.value),c.test(n.protocol))&&n.host===r.host&&l.activeElement===s&&(d.top.location.href=t.value))}},d.addEventListener(\"message\",d.wp.receiveEmbedMessage,!1),l.addEventListener(\"DOMContentLoaded\",function(){for(var e,t,s=l.querySelectorAll(\"iframe.wp-embedded-content\"),r=0;r<s.length;r++)(t=(e=s[r]).getAttribute(\"data-secret\"))||(t=Math.random().toString(36).substring(2,12),e.src+=\"#?secret=\"+t,e.setAttribute(\"data-secret\",t)),e.contentWindow.postMessage({message:\"ready\",secret:t},\"*\")},!1)))}(window,document);\n\/* ]]> *\/\n<\/script>\n","description":"Les liens, dans le domaine de la sant\u00e9, entre secteur priv\u00e9\/serveur public sont multiformes. Cette collaboration, parfois recherch\u00e9e par les acteurs et toujours ou presque soutenue par les pouvoirs publics, vise \u00e0 offrir une couverture de prise en charge en limitant les doublons et \u00e0 organiser le territoire autour d\u2019acteurs robustes. Par ailleurs, l\u2019\u00e9volution de la d\u00e9mographie m\u00e9dicale rend indispensable le d\u00e9veloppement de telles collaborations pour faire face \u00e0 la p\u00e9nurie de m\u00e9decins dans certains territoires. Sur la forme, l\u2019histoire r\u00e9cente montre que l\u2019outil juridique de collaboration est relatif, voire \u00e9ph\u00e9m\u00e8re, m\u00eame si le fond, le d\u00e9veloppement de la coop\u00e9ration, reste la tendance lourde. L\u2019auteur relate ici la cr\u00e9ation du groupement territorial Ardennes-Nord (GCS TAN)."}