

{"version":"1.0","provider_name":"Gestions hospitali\u00e8res","provider_url":"https:\/\/www.ricom-web8.com\/gestions","author_name":"yann Le Sager","author_url":"https:\/\/www.ricom-web8.com\/gestions\/author\/lesager-yannstudioricom-com\/","title":"Le management de transition \u00e0 l\u2019h\u00f4pital - Gestions hospitali\u00e8res","type":"rich","width":600,"height":338,"html":"<blockquote class=\"wp-embedded-content\" data-secret=\"OjHhwkIvHI\"><a href=\"https:\/\/www.ricom-web8.com\/gestions\/le-management-de-transition-a-lhopital\/\">Le management de transition \u00e0 l\u2019h\u00f4pital<\/a><\/blockquote><iframe sandbox=\"allow-scripts\" security=\"restricted\" src=\"https:\/\/www.ricom-web8.com\/gestions\/le-management-de-transition-a-lhopital\/embed\/#?secret=OjHhwkIvHI\" width=\"600\" height=\"338\" title=\"\u00ab\u00a0Le management de transition \u00e0 l\u2019h\u00f4pital\u00a0\u00bb &#8212; Gestions hospitali\u00e8res\" data-secret=\"OjHhwkIvHI\" frameborder=\"0\" marginwidth=\"0\" marginheight=\"0\" scrolling=\"no\" class=\"wp-embedded-content\"><\/iframe><script type=\"text\/javascript\">\n\/* <![CDATA[ *\/\n\/*! This file is auto-generated *\/\n!function(d,l){\"use strict\";l.querySelector&&d.addEventListener&&\"undefined\"!=typeof URL&&(d.wp=d.wp||{},d.wp.receiveEmbedMessage||(d.wp.receiveEmbedMessage=function(e){var t=e.data;if((t||t.secret||t.message||t.value)&&!\/[^a-zA-Z0-9]\/.test(t.secret)){for(var s,r,n,a=l.querySelectorAll('iframe[data-secret=\"'+t.secret+'\"]'),o=l.querySelectorAll('blockquote[data-secret=\"'+t.secret+'\"]'),c=new RegExp(\"^https?:$\",\"i\"),i=0;i<o.length;i++)o[i].style.display=\"none\";for(i=0;i<a.length;i++)s=a[i],e.source===s.contentWindow&&(s.removeAttribute(\"style\"),\"height\"===t.message?(1e3<(r=parseInt(t.value,10))?r=1e3:~~r<200&&(r=200),s.height=r):\"link\"===t.message&&(r=new URL(s.getAttribute(\"src\")),n=new URL(t.value),c.test(n.protocol))&&n.host===r.host&&l.activeElement===s&&(d.top.location.href=t.value))}},d.addEventListener(\"message\",d.wp.receiveEmbedMessage,!1),l.addEventListener(\"DOMContentLoaded\",function(){for(var e,t,s=l.querySelectorAll(\"iframe.wp-embedded-content\"),r=0;r<s.length;r++)(t=(e=s[r]).getAttribute(\"data-secret\"))||(t=Math.random().toString(36).substring(2,12),e.src+=\"#?secret=\"+t,e.setAttribute(\"data-secret\",t)),e.contentWindow.postMessage({message:\"ready\",secret:t},\"*\")},!1)))}(window,document);\n\/* ]]> *\/\n<\/script>\n","description":"\ufeffL\u2019adoption de la tarification \u00e0 l\u2019activit\u00e9 en 2004 et sa rapide mont\u00e9e en charge ont r\u00e9v\u00e9l\u00e9 des situations de d\u00e9s\u00e9quilibre dans un certain nombre d\u2019\u00e9tablissements hospitaliers dont l\u2019efficience s\u2019est av\u00e9r\u00e9e insuffisante et dont les r\u00e9sultats de gestion sont devenus pr\u00e9occupants. L\u2019auteur d\u00e9crit ici le cas de l\u2019h\u00f4pital de Montceau-les-Mines qui a \u00e9t\u00e9 plac\u00e9 sous administration provisoire ou \u00ab management de transition \u00bb, r\u00e9gime possible depuis 2005, pour lui permettre de surmonter ses difficult\u00e9s financi\u00e8res."}