

{"version":"1.0","provider_name":"Gestions hospitali\u00e8res","provider_url":"https:\/\/www.ricom-web8.com\/gestions","author_name":"Gestions hospitali\u00e8res","author_url":"https:\/\/www.ricom-web8.com\/gestions\/author\/benjamin\/","title":"Le soin aux professionnels de sant\u00e9 (SPS) - Gestions hospitali\u00e8res","type":"rich","width":600,"height":338,"html":"<blockquote class=\"wp-embedded-content\" data-secret=\"poBkJJIK8n\"><a href=\"https:\/\/www.ricom-web8.com\/gestions\/le-soin-aux-professionnels-de-sante-sps\/\">Le soin aux professionnels de sant\u00e9 (SPS)<\/a><\/blockquote><iframe sandbox=\"allow-scripts\" security=\"restricted\" src=\"https:\/\/www.ricom-web8.com\/gestions\/le-soin-aux-professionnels-de-sante-sps\/embed\/#?secret=poBkJJIK8n\" width=\"600\" height=\"338\" title=\"\u00ab\u00a0Le soin aux professionnels de sant\u00e9 (SPS)\u00a0\u00bb &#8212; Gestions hospitali\u00e8res\" data-secret=\"poBkJJIK8n\" frameborder=\"0\" marginwidth=\"0\" marginheight=\"0\" scrolling=\"no\" class=\"wp-embedded-content\"><\/iframe><script type=\"text\/javascript\">\n\/* <![CDATA[ *\/\n\/*! This file is auto-generated *\/\n!function(d,l){\"use strict\";l.querySelector&&d.addEventListener&&\"undefined\"!=typeof URL&&(d.wp=d.wp||{},d.wp.receiveEmbedMessage||(d.wp.receiveEmbedMessage=function(e){var t=e.data;if((t||t.secret||t.message||t.value)&&!\/[^a-zA-Z0-9]\/.test(t.secret)){for(var s,r,n,a=l.querySelectorAll('iframe[data-secret=\"'+t.secret+'\"]'),o=l.querySelectorAll('blockquote[data-secret=\"'+t.secret+'\"]'),c=new RegExp(\"^https?:$\",\"i\"),i=0;i<o.length;i++)o[i].style.display=\"none\";for(i=0;i<a.length;i++)s=a[i],e.source===s.contentWindow&&(s.removeAttribute(\"style\"),\"height\"===t.message?(1e3<(r=parseInt(t.value,10))?r=1e3:~~r<200&&(r=200),s.height=r):\"link\"===t.message&&(r=new URL(s.getAttribute(\"src\")),n=new URL(t.value),c.test(n.protocol))&&n.host===r.host&&l.activeElement===s&&(d.top.location.href=t.value))}},d.addEventListener(\"message\",d.wp.receiveEmbedMessage,!1),l.addEventListener(\"DOMContentLoaded\",function(){for(var e,t,s=l.querySelectorAll(\"iframe.wp-embedded-content\"),r=0;r<s.length;r++)(t=(e=s[r]).getAttribute(\"data-secret\"))||(t=Math.random().toString(36).substring(2,12),e.src+=\"#?secret=\"+t,e.setAttribute(\"data-secret\",t)),e.contentWindow.postMessage({message:\"ready\",secret:t},\"*\")},!1)))}(window,document);\n\/* ]]> *\/\n<\/script>\n","description":"L\u2019\u00e9tude pr\u00e9sent\u00e9e ici explore la trajectoire des soignants tout au long de la crise et vise \u00e0 comprendre le v\u00e9cu des professionnels de sant\u00e9 et leurs attentes en mati\u00e8re d\u2019accompagnement. Nous avons pour cela men\u00e9 et analys\u00e9 une double enqu\u00eate de terrain concernant au total 3\u2009501\u00a0professionnels de sant\u00e9\u2009:\u00a0 une enqu\u00eate men\u00e9e au plus fort de la crise (pendant le confinement) aupr\u00e8s de 2\u2009297 professionnels ayant sollicit\u00e9 un soutien psychologique dans&hellip;"}