

{"version":"1.0","provider_name":"Gestions hospitali\u00e8res","provider_url":"https:\/\/www.ricom-web8.com\/gestions","author_name":"Gestions hospitali\u00e8res","author_url":"https:\/\/www.ricom-web8.com\/gestions\/author\/benjamin\/","title":"Le t\u00e9l\u00e9travail, certainement une r\u00e9gression - Gestions hospitali\u00e8res","type":"rich","width":600,"height":338,"html":"<blockquote class=\"wp-embedded-content\" data-secret=\"xce8eXCcso\"><a href=\"https:\/\/www.ricom-web8.com\/gestions\/le-teletravail-certainement-une-regression\/\">Le t\u00e9l\u00e9travail, certainement une r\u00e9gression<\/a><\/blockquote><iframe sandbox=\"allow-scripts\" security=\"restricted\" src=\"https:\/\/www.ricom-web8.com\/gestions\/le-teletravail-certainement-une-regression\/embed\/#?secret=xce8eXCcso\" width=\"600\" height=\"338\" title=\"\u00ab\u00a0Le t\u00e9l\u00e9travail, certainement une r\u00e9gression\u00a0\u00bb &#8212; Gestions hospitali\u00e8res\" data-secret=\"xce8eXCcso\" frameborder=\"0\" marginwidth=\"0\" marginheight=\"0\" scrolling=\"no\" class=\"wp-embedded-content\"><\/iframe><script type=\"text\/javascript\">\n\/* <![CDATA[ *\/\n\/*! This file is auto-generated *\/\n!function(d,l){\"use strict\";l.querySelector&&d.addEventListener&&\"undefined\"!=typeof URL&&(d.wp=d.wp||{},d.wp.receiveEmbedMessage||(d.wp.receiveEmbedMessage=function(e){var t=e.data;if((t||t.secret||t.message||t.value)&&!\/[^a-zA-Z0-9]\/.test(t.secret)){for(var s,r,n,a=l.querySelectorAll('iframe[data-secret=\"'+t.secret+'\"]'),o=l.querySelectorAll('blockquote[data-secret=\"'+t.secret+'\"]'),c=new RegExp(\"^https?:$\",\"i\"),i=0;i<o.length;i++)o[i].style.display=\"none\";for(i=0;i<a.length;i++)s=a[i],e.source===s.contentWindow&&(s.removeAttribute(\"style\"),\"height\"===t.message?(1e3<(r=parseInt(t.value,10))?r=1e3:~~r<200&&(r=200),s.height=r):\"link\"===t.message&&(r=new URL(s.getAttribute(\"src\")),n=new URL(t.value),c.test(n.protocol))&&n.host===r.host&&l.activeElement===s&&(d.top.location.href=t.value))}},d.addEventListener(\"message\",d.wp.receiveEmbedMessage,!1),l.addEventListener(\"DOMContentLoaded\",function(){for(var e,t,s=l.querySelectorAll(\"iframe.wp-embedded-content\"),r=0;r<s.length;r++)(t=(e=s[r]).getAttribute(\"data-secret\"))||(t=Math.random().toString(36).substring(2,12),e.src+=\"#?secret=\"+t,e.setAttribute(\"data-secret\",t)),e.contentWindow.postMessage({message:\"ready\",secret:t},\"*\")},!1)))}(window,document);\n\/* ]]> *\/\n<\/script>\n","description":"Avec la pratique du t\u00e9l\u00e9travail, nous sommes en train de tuer l\u2019espace commun qui rassemble en un m\u00eame temps et un m\u00eame espace des boss et des employ\u00e9s. Pourquoi, me direz-vous, \u00eatre en effet dans le m\u00eame lieu\u00a0au m\u00eame moment\u2009? Certainement pas pour des raisons fonctionnelles\u2009: on peut gagner du temps le matin, \u00eatre joignable en tout instant, r\u00e9duire les r\u00e9unionites internes, interagir plus fr\u00e9quemment avec des partenaires, animer efficacement&hellip;"}