

{"version":"1.0","provider_name":"Gestions hospitali\u00e8res","provider_url":"https:\/\/www.ricom-web8.com\/gestions","author_name":"yann Le Sager","author_url":"https:\/\/www.ricom-web8.com\/gestions\/author\/lesager-yannstudioricom-com\/","title":"Les activit\u00e9s th\u00e9rapeutiques \u00e0 m\u00e9diation - Gestions hospitali\u00e8res","type":"rich","width":600,"height":338,"html":"<blockquote class=\"wp-embedded-content\" data-secret=\"nwt2Lb3DXB\"><a href=\"https:\/\/www.ricom-web8.com\/gestions\/les-activites-therapeutiques-a-mediation\/\">Les activit\u00e9s th\u00e9rapeutiques \u00e0 m\u00e9diation<\/a><\/blockquote><iframe sandbox=\"allow-scripts\" security=\"restricted\" src=\"https:\/\/www.ricom-web8.com\/gestions\/les-activites-therapeutiques-a-mediation\/embed\/#?secret=nwt2Lb3DXB\" width=\"600\" height=\"338\" title=\"\u00ab\u00a0Les activit\u00e9s th\u00e9rapeutiques \u00e0 m\u00e9diation\u00a0\u00bb &#8212; Gestions hospitali\u00e8res\" data-secret=\"nwt2Lb3DXB\" frameborder=\"0\" marginwidth=\"0\" marginheight=\"0\" scrolling=\"no\" class=\"wp-embedded-content\"><\/iframe><script type=\"text\/javascript\">\n\/* <![CDATA[ *\/\n\/*! This file is auto-generated *\/\n!function(d,l){\"use strict\";l.querySelector&&d.addEventListener&&\"undefined\"!=typeof URL&&(d.wp=d.wp||{},d.wp.receiveEmbedMessage||(d.wp.receiveEmbedMessage=function(e){var t=e.data;if((t||t.secret||t.message||t.value)&&!\/[^a-zA-Z0-9]\/.test(t.secret)){for(var s,r,n,a=l.querySelectorAll('iframe[data-secret=\"'+t.secret+'\"]'),o=l.querySelectorAll('blockquote[data-secret=\"'+t.secret+'\"]'),c=new RegExp(\"^https?:$\",\"i\"),i=0;i<o.length;i++)o[i].style.display=\"none\";for(i=0;i<a.length;i++)s=a[i],e.source===s.contentWindow&&(s.removeAttribute(\"style\"),\"height\"===t.message?(1e3<(r=parseInt(t.value,10))?r=1e3:~~r<200&&(r=200),s.height=r):\"link\"===t.message&&(r=new URL(s.getAttribute(\"src\")),n=new URL(t.value),c.test(n.protocol))&&n.host===r.host&&l.activeElement===s&&(d.top.location.href=t.value))}},d.addEventListener(\"message\",d.wp.receiveEmbedMessage,!1),l.addEventListener(\"DOMContentLoaded\",function(){for(var e,t,s=l.querySelectorAll(\"iframe.wp-embedded-content\"),r=0;r<s.length;r++)(t=(e=s[r]).getAttribute(\"data-secret\"))||(t=Math.random().toString(36).substring(2,12),e.src+=\"#?secret=\"+t,e.setAttribute(\"data-secret\",t)),e.contentWindow.postMessage({message:\"ready\",secret:t},\"*\")},!1)))}(window,document);\n\/* ]]> *\/\n<\/script>\n","description":"\ufeffLa prison, lieu de privation de libert\u00e9, a pour vocation de soustraire de la soci\u00e9t\u00e9 pour un temps plus ou moins long des individus qui n\u2019en ont pas respect\u00e9 les r\u00e8gles. Elle a aussi pour mission la r\u00e9adaptation et la r\u00e9insertion de d\u00e9tenus aux difficult\u00e9s sociales, professionnelles et comportementales multiples et complexes. Du fait de l\u2019incarc\u00e9ration massive de d\u00e9tenus au profil psychologique pathologique (diminution de l\u2019irresponsabilit\u00e9), de l\u2019augmentation des d\u00e9lits sexuels, notamment sur mineurs, de l\u2019incidence toujours forte des infractions \u00e0 la l\u00e9gislation des stup\u00e9fiants, la prison devient de fait un lieu de soins psychiatriques. Pourtant, ni le syst\u00e8me carc\u00e9ral ni le personnel p\u00e9nitentiaire ne sont compatibles avec la prise en charge de tels patients."}