

{"version":"1.0","provider_name":"Gestions hospitali\u00e8res","provider_url":"https:\/\/www.ricom-web8.com\/gestions","author_name":"Gestions hospitali\u00e8res","author_url":"https:\/\/www.ricom-web8.com\/gestions\/author\/benjamin\/","title":"Les donn\u00e9es hospitali\u00e8res au Qu\u00e9bec - Gestions hospitali\u00e8res","type":"rich","width":600,"height":338,"html":"<blockquote class=\"wp-embedded-content\" data-secret=\"hgqngsAN0j\"><a href=\"https:\/\/www.ricom-web8.com\/gestions\/les-donnees-hospitalieres-au-quebec\/\">Les donn\u00e9es hospitali\u00e8res au Qu\u00e9bec<\/a><\/blockquote><iframe sandbox=\"allow-scripts\" security=\"restricted\" src=\"https:\/\/www.ricom-web8.com\/gestions\/les-donnees-hospitalieres-au-quebec\/embed\/#?secret=hgqngsAN0j\" width=\"600\" height=\"338\" title=\"\u00ab\u00a0Les donn\u00e9es hospitali\u00e8res au Qu\u00e9bec\u00a0\u00bb &#8212; Gestions hospitali\u00e8res\" data-secret=\"hgqngsAN0j\" frameborder=\"0\" marginwidth=\"0\" marginheight=\"0\" scrolling=\"no\" class=\"wp-embedded-content\"><\/iframe><script type=\"text\/javascript\">\n\/* <![CDATA[ *\/\n\/*! This file is auto-generated *\/\n!function(d,l){\"use strict\";l.querySelector&&d.addEventListener&&\"undefined\"!=typeof URL&&(d.wp=d.wp||{},d.wp.receiveEmbedMessage||(d.wp.receiveEmbedMessage=function(e){var t=e.data;if((t||t.secret||t.message||t.value)&&!\/[^a-zA-Z0-9]\/.test(t.secret)){for(var s,r,n,a=l.querySelectorAll('iframe[data-secret=\"'+t.secret+'\"]'),o=l.querySelectorAll('blockquote[data-secret=\"'+t.secret+'\"]'),c=new RegExp(\"^https?:$\",\"i\"),i=0;i<o.length;i++)o[i].style.display=\"none\";for(i=0;i<a.length;i++)s=a[i],e.source===s.contentWindow&&(s.removeAttribute(\"style\"),\"height\"===t.message?(1e3<(r=parseInt(t.value,10))?r=1e3:~~r<200&&(r=200),s.height=r):\"link\"===t.message&&(r=new URL(s.getAttribute(\"src\")),n=new URL(t.value),c.test(n.protocol))&&n.host===r.host&&l.activeElement===s&&(d.top.location.href=t.value))}},d.addEventListener(\"message\",d.wp.receiveEmbedMessage,!1),l.addEventListener(\"DOMContentLoaded\",function(){for(var e,t,s=l.querySelectorAll(\"iframe.wp-embedded-content\"),r=0;r<s.length;r++)(t=(e=s[r]).getAttribute(\"data-secret\"))||(t=Math.random().toString(36).substring(2,12),e.src+=\"#?secret=\"+t,e.setAttribute(\"data-secret\",t)),e.contentWindow.postMessage({message:\"ready\",secret:t},\"*\")},!1)))}(window,document);\n\/* ]]> *\/\n<\/script>\n","description":"Cette d\u00e9claration du 20 ao\u00fbt 2020 en commission de l\u2019\u00e9conomie et du travail dans le cadre de l\u2019\u00e9tude des cr\u00e9dits budg\u00e9taires 2020-2021 intervient alors que le Qu\u00e9bec est reconnu comme rendant difficile l\u2019acc\u00e8s aux nombreuses donn\u00e9es m\u00e9dico-administratives pour soutenir la gestion du syst\u00e8me de sant\u00e9. En effet, les \u00e9tablissements qu\u00e9b\u00e9cois n\u2019ont acc\u00e8s qu\u2019\u00e0 leurs propres donn\u00e9es, ce qui ne permet pas, par exemple, de faire des comparaisons entre \u00e9tablissements sur&hellip;"}