

{"version":"1.0","provider_name":"Gestions hospitali\u00e8res","provider_url":"https:\/\/www.ricom-web8.com\/gestions","author_name":"yann Le Sager","author_url":"https:\/\/www.ricom-web8.com\/gestions\/author\/lesager-yannstudioricom-com\/","title":"Les groupements hospitaliers de territoire - Gestions hospitali\u00e8res","type":"rich","width":600,"height":338,"html":"<blockquote class=\"wp-embedded-content\" data-secret=\"ybYgbZwOrR\"><a href=\"https:\/\/www.ricom-web8.com\/gestions\/les-groupements-hospitaliers-de-territoire\/\">Les groupements hospitaliers de territoire<\/a><\/blockquote><iframe sandbox=\"allow-scripts\" security=\"restricted\" src=\"https:\/\/www.ricom-web8.com\/gestions\/les-groupements-hospitaliers-de-territoire\/embed\/#?secret=ybYgbZwOrR\" width=\"600\" height=\"338\" title=\"\u00ab\u00a0Les groupements hospitaliers de territoire\u00a0\u00bb &#8212; Gestions hospitali\u00e8res\" data-secret=\"ybYgbZwOrR\" frameborder=\"0\" marginwidth=\"0\" marginheight=\"0\" scrolling=\"no\" class=\"wp-embedded-content\"><\/iframe><script type=\"text\/javascript\">\n\/* <![CDATA[ *\/\n\/*! This file is auto-generated *\/\n!function(d,l){\"use strict\";l.querySelector&&d.addEventListener&&\"undefined\"!=typeof URL&&(d.wp=d.wp||{},d.wp.receiveEmbedMessage||(d.wp.receiveEmbedMessage=function(e){var t=e.data;if((t||t.secret||t.message||t.value)&&!\/[^a-zA-Z0-9]\/.test(t.secret)){for(var s,r,n,a=l.querySelectorAll('iframe[data-secret=\"'+t.secret+'\"]'),o=l.querySelectorAll('blockquote[data-secret=\"'+t.secret+'\"]'),c=new RegExp(\"^https?:$\",\"i\"),i=0;i<o.length;i++)o[i].style.display=\"none\";for(i=0;i<a.length;i++)s=a[i],e.source===s.contentWindow&&(s.removeAttribute(\"style\"),\"height\"===t.message?(1e3<(r=parseInt(t.value,10))?r=1e3:~~r<200&&(r=200),s.height=r):\"link\"===t.message&&(r=new URL(s.getAttribute(\"src\")),n=new URL(t.value),c.test(n.protocol))&&n.host===r.host&&l.activeElement===s&&(d.top.location.href=t.value))}},d.addEventListener(\"message\",d.wp.receiveEmbedMessage,!1),l.addEventListener(\"DOMContentLoaded\",function(){for(var e,t,s=l.querySelectorAll(\"iframe.wp-embedded-content\"),r=0;r<s.length;r++)(t=(e=s[r]).getAttribute(\"data-secret\"))||(t=Math.random().toString(36).substring(2,12),e.src+=\"#?secret=\"+t,e.setAttribute(\"data-secret\",t)),e.contentWindow.postMessage({message:\"ready\",secret:t},\"*\")},!1)))}(window,document);\n\/* ]]> *\/\n<\/script>\n","description":"Le 14 avril dernier, l\u2019Assembl\u00e9e nationale a adopt\u00e9 le projet de loi Sant\u00e9, entre-temps rebaptis\u00e9 \u00ab\u2009Projet de loi de modernisation de notre syst\u00e8me de sant\u00e9\u2009\u00bb. Il doit encore \u00eatre d\u00e9battu au S\u00e9nat, sans doute \u00e0 partir de la mi-septembre, avant un retour \u00e0 l\u2019Assembl\u00e9e nationale pour un vote d\u00e9finitif. Si l\u2019on compte la saisine tr\u00e8s probable du Conseil constitutionnel, il semble qu\u2019il ne faille pas attendre une promulgation de la loi avant la fin 2015. Il serait temps, pourrait-on dire\u2009: l\u2019une des mesures les moins d\u00e9battues jusqu\u2019\u00e0 pr\u00e9sent par les parlementaires, et pourtant les plus importantes pour les h\u00f4pitaux, concerne les groupements hospitaliers de territoire (GHT), qui doivent \u00eatre adopt\u00e9s pour le 1er janvier 2016."}