

{"version":"1.0","provider_name":"Gestions hospitali\u00e8res","provider_url":"https:\/\/www.ricom-web8.com\/gestions","author_name":"yann Le Sager","author_url":"https:\/\/www.ricom-web8.com\/gestions\/author\/lesager-yannstudioricom-com\/","title":"Les hospitalisations potentiellement \u00e9vitables - Gestions hospitali\u00e8res","type":"rich","width":600,"height":338,"html":"<blockquote class=\"wp-embedded-content\" data-secret=\"ANmrIN9xvq\"><a href=\"https:\/\/www.ricom-web8.com\/gestions\/les-hospitalisations-potentiellement-evitables\/\">Les hospitalisations potentiellement \u00e9vitables<\/a><\/blockquote><iframe sandbox=\"allow-scripts\" security=\"restricted\" src=\"https:\/\/www.ricom-web8.com\/gestions\/les-hospitalisations-potentiellement-evitables\/embed\/#?secret=ANmrIN9xvq\" width=\"600\" height=\"338\" title=\"\u00ab\u00a0Les hospitalisations potentiellement \u00e9vitables\u00a0\u00bb &#8212; Gestions hospitali\u00e8res\" data-secret=\"ANmrIN9xvq\" frameborder=\"0\" marginwidth=\"0\" marginheight=\"0\" scrolling=\"no\" class=\"wp-embedded-content\"><\/iframe><script type=\"text\/javascript\">\n\/* <![CDATA[ *\/\n\/*! This file is auto-generated *\/\n!function(d,l){\"use strict\";l.querySelector&&d.addEventListener&&\"undefined\"!=typeof URL&&(d.wp=d.wp||{},d.wp.receiveEmbedMessage||(d.wp.receiveEmbedMessage=function(e){var t=e.data;if((t||t.secret||t.message||t.value)&&!\/[^a-zA-Z0-9]\/.test(t.secret)){for(var s,r,n,a=l.querySelectorAll('iframe[data-secret=\"'+t.secret+'\"]'),o=l.querySelectorAll('blockquote[data-secret=\"'+t.secret+'\"]'),c=new RegExp(\"^https?:$\",\"i\"),i=0;i<o.length;i++)o[i].style.display=\"none\";for(i=0;i<a.length;i++)s=a[i],e.source===s.contentWindow&&(s.removeAttribute(\"style\"),\"height\"===t.message?(1e3<(r=parseInt(t.value,10))?r=1e3:~~r<200&&(r=200),s.height=r):\"link\"===t.message&&(r=new URL(s.getAttribute(\"src\")),n=new URL(t.value),c.test(n.protocol))&&n.host===r.host&&l.activeElement===s&&(d.top.location.href=t.value))}},d.addEventListener(\"message\",d.wp.receiveEmbedMessage,!1),l.addEventListener(\"DOMContentLoaded\",function(){for(var e,t,s=l.querySelectorAll(\"iframe.wp-embedded-content\"),r=0;r<s.length;r++)(t=(e=s[r]).getAttribute(\"data-secret\"))||(t=Math.random().toString(36).substring(2,12),e.src+=\"#?secret=\"+t,e.setAttribute(\"data-secret\",t)),e.contentWindow.postMessage({message:\"ready\",secret:t},\"*\")},!1)))}(window,document);\n\/* ]]> *\/\n<\/script>\n","description":"\ufeffL\u2019organisation d\u2019une \u00ab m\u00e9decine de parcours \u00bb, la mise en place du disease management et l\u2019\u00e9volution de la chirurgie ambulatoire hors des structures hospitali\u00e8res permettent de diminuer progressivement les urgences non pertinentes et d\u2019\u00e9viter une partie des hospitalisations. Si les sp\u00e9cialistes s\u2019accordent sur le fait que les hospitalisations refl\u00e8tent aussi bien des probl\u00e8mes de soci\u00e9t\u00e9 que des probl\u00e8mes li\u00e9s \u00e0 l\u2019organisation du syst\u00e8me de sant\u00e9, l\u2019analyse des donn\u00e9es hospitali\u00e8res sur les diagnostics des patients et leurs traitements peut servir \u00e0 \u00e9valuer l\u2019acc\u00e8s et la bonne organisation des soins de premier recours. Les auteurs se sont pench\u00e9s sur une cat\u00e9gorie de s\u00e9jours qui s\u2019av\u00e8rent n\u00e9cessaires au moment de l\u2019admission \u00e0 l\u2019h\u00f4pital mais qui auraient pu \u00eatre \u00e9vit\u00e9s avec une prise en charge appropri\u00e9e des soins de premier recours. Ils en estiment l\u2019ampleur en \u00cele-de-France et les d\u00e9penses engendr\u00e9es."}