

{"version":"1.0","provider_name":"Gestions hospitali\u00e8res","provider_url":"https:\/\/www.ricom-web8.com\/gestions","author_name":"Gestions hospitali\u00e8res","author_url":"https:\/\/www.ricom-web8.com\/gestions\/author\/benjamin\/","title":"Les infirmiers praticiens sp\u00e9cialis\u00e9s au Qu\u00e9bec - Gestions hospitali\u00e8res","type":"rich","width":600,"height":338,"html":"<blockquote class=\"wp-embedded-content\" data-secret=\"VhOXFzI859\"><a href=\"https:\/\/www.ricom-web8.com\/gestions\/les-infirmiers-praticiens-specialises-au-quebec\/\">Les infirmiers praticiens sp\u00e9cialis\u00e9s au Qu\u00e9bec<\/a><\/blockquote><iframe sandbox=\"allow-scripts\" security=\"restricted\" src=\"https:\/\/www.ricom-web8.com\/gestions\/les-infirmiers-praticiens-specialises-au-quebec\/embed\/#?secret=VhOXFzI859\" width=\"600\" height=\"338\" title=\"\u00ab\u00a0Les infirmiers praticiens sp\u00e9cialis\u00e9s au Qu\u00e9bec\u00a0\u00bb &#8212; Gestions hospitali\u00e8res\" data-secret=\"VhOXFzI859\" frameborder=\"0\" marginwidth=\"0\" marginheight=\"0\" scrolling=\"no\" class=\"wp-embedded-content\"><\/iframe><script type=\"text\/javascript\">\n\/* <![CDATA[ *\/\n\/*! This file is auto-generated *\/\n!function(d,l){\"use strict\";l.querySelector&&d.addEventListener&&\"undefined\"!=typeof URL&&(d.wp=d.wp||{},d.wp.receiveEmbedMessage||(d.wp.receiveEmbedMessage=function(e){var t=e.data;if((t||t.secret||t.message||t.value)&&!\/[^a-zA-Z0-9]\/.test(t.secret)){for(var s,r,n,a=l.querySelectorAll('iframe[data-secret=\"'+t.secret+'\"]'),o=l.querySelectorAll('blockquote[data-secret=\"'+t.secret+'\"]'),c=new RegExp(\"^https?:$\",\"i\"),i=0;i<o.length;i++)o[i].style.display=\"none\";for(i=0;i<a.length;i++)s=a[i],e.source===s.contentWindow&&(s.removeAttribute(\"style\"),\"height\"===t.message?(1e3<(r=parseInt(t.value,10))?r=1e3:~~r<200&&(r=200),s.height=r):\"link\"===t.message&&(r=new URL(s.getAttribute(\"src\")),n=new URL(t.value),c.test(n.protocol))&&n.host===r.host&&l.activeElement===s&&(d.top.location.href=t.value))}},d.addEventListener(\"message\",d.wp.receiveEmbedMessage,!1),l.addEventListener(\"DOMContentLoaded\",function(){for(var e,t,s=l.querySelectorAll(\"iframe.wp-embedded-content\"),r=0;r<s.length;r++)(t=(e=s[r]).getAttribute(\"data-secret\"))||(t=Math.random().toString(36).substring(2,12),e.src+=\"#?secret=\"+t,e.setAttribute(\"data-secret\",t)),e.contentWindow.postMessage({message:\"ready\",secret:t},\"*\")},!1)))}(window,document);\n\/* ]]> *\/\n<\/script>\n","description":"\u00c9tat des lieux L\u2019audit flash r\u00e9alis\u00e9 en juillet 2023 par la Cour des comptes recense 581 infirmiers\/\u00e8res en pratique avanc\u00e9e (IPA) dipl\u00f4m\u00e9s et 1\u2009366 en formation en 2021(2). L\u2019objectif fix\u00e9 par le minist\u00e8re \u00e9tait pourtant d\u2019atteindre 3\u2009000 IPA form\u00e9s ou en formation en 2022(3). Actuellement, pour un effectif d\u2019environ 546\u2009766\u00a0infirmiers, on recense 0,35\u2009% d\u2019IPA. En comparaison, dans la province du Qu\u00e9bec, 1\u2009689 infirmiers praticiens sp\u00e9cialis\u00e9s (IPS) sont inscrits \u00e0 l\u2019Ordre&hellip;"}