

{"version":"1.0","provider_name":"Gestions hospitali\u00e8res","provider_url":"https:\/\/www.ricom-web8.com\/gestions","author_name":"Gestions hospitali\u00e8res","author_url":"https:\/\/www.ricom-web8.com\/gestions\/author\/benjamin\/","title":"Les patients et le num\u00e9rique en sant\u00e9 - Gestions hospitali\u00e8res","type":"rich","width":600,"height":338,"html":"<blockquote class=\"wp-embedded-content\" data-secret=\"5gt14WMaTh\"><a href=\"https:\/\/www.ricom-web8.com\/gestions\/les-patients-et-le-numerique-en-sante\/\">Les patients et le num\u00e9rique en sant\u00e9<\/a><\/blockquote><iframe sandbox=\"allow-scripts\" security=\"restricted\" src=\"https:\/\/www.ricom-web8.com\/gestions\/les-patients-et-le-numerique-en-sante\/embed\/#?secret=5gt14WMaTh\" width=\"600\" height=\"338\" title=\"\u00ab\u00a0Les patients et le num\u00e9rique en sant\u00e9\u00a0\u00bb &#8212; Gestions hospitali\u00e8res\" data-secret=\"5gt14WMaTh\" frameborder=\"0\" marginwidth=\"0\" marginheight=\"0\" scrolling=\"no\" class=\"wp-embedded-content\"><\/iframe><script type=\"text\/javascript\">\n\/* <![CDATA[ *\/\n\/*! This file is auto-generated *\/\n!function(d,l){\"use strict\";l.querySelector&&d.addEventListener&&\"undefined\"!=typeof URL&&(d.wp=d.wp||{},d.wp.receiveEmbedMessage||(d.wp.receiveEmbedMessage=function(e){var t=e.data;if((t||t.secret||t.message||t.value)&&!\/[^a-zA-Z0-9]\/.test(t.secret)){for(var s,r,n,a=l.querySelectorAll('iframe[data-secret=\"'+t.secret+'\"]'),o=l.querySelectorAll('blockquote[data-secret=\"'+t.secret+'\"]'),c=new RegExp(\"^https?:$\",\"i\"),i=0;i<o.length;i++)o[i].style.display=\"none\";for(i=0;i<a.length;i++)s=a[i],e.source===s.contentWindow&&(s.removeAttribute(\"style\"),\"height\"===t.message?(1e3<(r=parseInt(t.value,10))?r=1e3:~~r<200&&(r=200),s.height=r):\"link\"===t.message&&(r=new URL(s.getAttribute(\"src\")),n=new URL(t.value),c.test(n.protocol))&&n.host===r.host&&l.activeElement===s&&(d.top.location.href=t.value))}},d.addEventListener(\"message\",d.wp.receiveEmbedMessage,!1),l.addEventListener(\"DOMContentLoaded\",function(){for(var e,t,s=l.querySelectorAll(\"iframe.wp-embedded-content\"),r=0;r<s.length;r++)(t=(e=s[r]).getAttribute(\"data-secret\"))||(t=Math.random().toString(36).substring(2,12),e.src+=\"#?secret=\"+t,e.setAttribute(\"data-secret\",t)),e.contentWindow.postMessage({message:\"ready\",secret:t},\"*\")},!1)))}(window,document);\n\/* ]]> *\/\n<\/script>\n","description":"Concernant le num\u00e9rique en sant\u00e9, sur quoi portez-vous particuli\u00e8rement attention actuellement\u2009? L\u2019attention se focalise aujourd\u2019hui beaucoup sur \u00ab\u2009Mon espace sant\u00e9\u2009\u00bb comme service utile pour tous les patients, et tous les citoyens. L\u2019enjeu le plus important est que tous s\u2019en saisissent. Nous avons d\u2019ailleurs \u00e9t\u00e9 impliqu\u00e9s \u00e0 diff\u00e9rents moments de sa conception et de son d\u00e9ploiement, et un comit\u00e9 citoyen existe d\u00e9sormais. Il est vrai que le sujet du num\u00e9rique am\u00e8ne&hellip;"}