

{"version":"1.0","provider_name":"Gestions hospitali\u00e8res","provider_url":"https:\/\/www.ricom-web8.com\/gestions","author_name":"yann Le Sager","author_url":"https:\/\/www.ricom-web8.com\/gestions\/author\/lesager-yannstudioricom-com\/","title":"Les soins psychiatriques - Gestions hospitali\u00e8res","type":"rich","width":600,"height":338,"html":"<blockquote class=\"wp-embedded-content\" data-secret=\"CwTlUAdYKP\"><a href=\"https:\/\/www.ricom-web8.com\/gestions\/les-soins-psychiatriques\/\">Les soins psychiatriques<\/a><\/blockquote><iframe sandbox=\"allow-scripts\" security=\"restricted\" src=\"https:\/\/www.ricom-web8.com\/gestions\/les-soins-psychiatriques\/embed\/#?secret=CwTlUAdYKP\" width=\"600\" height=\"338\" title=\"\u00ab\u00a0Les soins psychiatriques\u00a0\u00bb &#8212; Gestions hospitali\u00e8res\" data-secret=\"CwTlUAdYKP\" frameborder=\"0\" marginwidth=\"0\" marginheight=\"0\" scrolling=\"no\" class=\"wp-embedded-content\"><\/iframe><script type=\"text\/javascript\">\n\/* <![CDATA[ *\/\n\/*! This file is auto-generated *\/\n!function(d,l){\"use strict\";l.querySelector&&d.addEventListener&&\"undefined\"!=typeof URL&&(d.wp=d.wp||{},d.wp.receiveEmbedMessage||(d.wp.receiveEmbedMessage=function(e){var t=e.data;if((t||t.secret||t.message||t.value)&&!\/[^a-zA-Z0-9]\/.test(t.secret)){for(var s,r,n,a=l.querySelectorAll('iframe[data-secret=\"'+t.secret+'\"]'),o=l.querySelectorAll('blockquote[data-secret=\"'+t.secret+'\"]'),c=new RegExp(\"^https?:$\",\"i\"),i=0;i<o.length;i++)o[i].style.display=\"none\";for(i=0;i<a.length;i++)s=a[i],e.source===s.contentWindow&&(s.removeAttribute(\"style\"),\"height\"===t.message?(1e3<(r=parseInt(t.value,10))?r=1e3:~~r<200&&(r=200),s.height=r):\"link\"===t.message&&(r=new URL(s.getAttribute(\"src\")),n=new URL(t.value),c.test(n.protocol))&&n.host===r.host&&l.activeElement===s&&(d.top.location.href=t.value))}},d.addEventListener(\"message\",d.wp.receiveEmbedMessage,!1),l.addEventListener(\"DOMContentLoaded\",function(){for(var e,t,s=l.querySelectorAll(\"iframe.wp-embedded-content\"),r=0;r<s.length;r++)(t=(e=s[r]).getAttribute(\"data-secret\"))||(t=Math.random().toString(36).substring(2,12),e.src+=\"#?secret=\"+t,e.setAttribute(\"data-secret\",t)),e.contentWindow.postMessage({message:\"ready\",secret:t},\"*\")},!1)))}(window,document);\n\/* ]]> *\/\n<\/script>\n","description":"\ufeffEn 2004, l\u2019\u00e9tude de Bruno Fallissard et Fr\u00e9deric Rouillon a d\u00e9montr\u00e9 la pr\u00e9valence consid\u00e9rable des troubles psychiatriques et des addictions en milieu p\u00e9nitentiaire. Ce travail r\u00e9alis\u00e9 sur 23 \u00e9tablissements rend compte d\u2019une pr\u00e9valence 7 \u00e0 10 fois plus \u00e9lev\u00e9e qu\u2019en population g\u00e9n\u00e9rale pour l\u2019ensemble des troubles psychiatriques. Plus d\u2019un tiers de ces sujets souffraient de troubles consid\u00e9r\u00e9s comme s\u00e9v\u00e8res \u00e0 extr\u00eamement s\u00e9v\u00e8res. Des r\u00e9sultats qui suscitent plusieurs r\u00e9flexions sur l\u2019offre de soins et de pr\u00e9vention \u00e0 l\u2019\u00e9gard des personnes souffrant de troubles psychiatriques en France. En effet, si on s\u2019en tient aux chiffres, il y aurait actuellement dans les prisons fran\u00e7aises plus de 10 000 personnes incarc\u00e9r\u00e9es souffrant d\u2019un trouble psychiatrique caract\u00e9ris\u00e9."}