

{"version":"1.0","provider_name":"Gestions hospitali\u00e8res","provider_url":"https:\/\/www.ricom-web8.com\/gestions","author_name":"yann Le Sager","author_url":"https:\/\/www.ricom-web8.com\/gestions\/author\/lesager-yannstudioricom-com\/","title":"L\u2019\u00e9thique en sant\u00e9 : quelle vision en r\u00e9gion ? - Gestions hospitali\u00e8res","type":"rich","width":600,"height":338,"html":"<blockquote class=\"wp-embedded-content\" data-secret=\"5NzBOtz6rG\"><a href=\"https:\/\/www.ricom-web8.com\/gestions\/lethique-en-sante-quelle-vision-en-region\/\">L\u2019\u00e9thique en sant\u00e9 : quelle vision en r\u00e9gion ?<\/a><\/blockquote><iframe sandbox=\"allow-scripts\" security=\"restricted\" src=\"https:\/\/www.ricom-web8.com\/gestions\/lethique-en-sante-quelle-vision-en-region\/embed\/#?secret=5NzBOtz6rG\" width=\"600\" height=\"338\" title=\"\u00ab\u00a0L\u2019\u00e9thique en sant\u00e9 : quelle vision en r\u00e9gion ?\u00a0\u00bb &#8212; Gestions hospitali\u00e8res\" data-secret=\"5NzBOtz6rG\" frameborder=\"0\" marginwidth=\"0\" marginheight=\"0\" scrolling=\"no\" class=\"wp-embedded-content\"><\/iframe><script type=\"text\/javascript\">\n\/* <![CDATA[ *\/\n\/*! This file is auto-generated *\/\n!function(d,l){\"use strict\";l.querySelector&&d.addEventListener&&\"undefined\"!=typeof URL&&(d.wp=d.wp||{},d.wp.receiveEmbedMessage||(d.wp.receiveEmbedMessage=function(e){var t=e.data;if((t||t.secret||t.message||t.value)&&!\/[^a-zA-Z0-9]\/.test(t.secret)){for(var s,r,n,a=l.querySelectorAll('iframe[data-secret=\"'+t.secret+'\"]'),o=l.querySelectorAll('blockquote[data-secret=\"'+t.secret+'\"]'),c=new RegExp(\"^https?:$\",\"i\"),i=0;i<o.length;i++)o[i].style.display=\"none\";for(i=0;i<a.length;i++)s=a[i],e.source===s.contentWindow&&(s.removeAttribute(\"style\"),\"height\"===t.message?(1e3<(r=parseInt(t.value,10))?r=1e3:~~r<200&&(r=200),s.height=r):\"link\"===t.message&&(r=new URL(s.getAttribute(\"src\")),n=new URL(t.value),c.test(n.protocol))&&n.host===r.host&&l.activeElement===s&&(d.top.location.href=t.value))}},d.addEventListener(\"message\",d.wp.receiveEmbedMessage,!1),l.addEventListener(\"DOMContentLoaded\",function(){for(var e,t,s=l.querySelectorAll(\"iframe.wp-embedded-content\"),r=0;r<s.length;r++)(t=(e=s[r]).getAttribute(\"data-secret\"))||(t=Math.random().toString(36).substring(2,12),e.src+=\"#?secret=\"+t,e.setAttribute(\"data-secret\",t)),e.contentWindow.postMessage({message:\"ready\",secret:t},\"*\")},!1)))}(window,document);\n\/* ]]> *\/\n<\/script>\n","description":"\ufeffLe d\u00e9veloppement de la technique, des possibilit\u00e9s diagnostiques et th\u00e9rapeutiques est en progression permanente. Elles permettent une meilleure sant\u00e9, une meilleure qualit\u00e9 de vie pour tout un chacun, mais induisent aussi une prise de risques et des situations parfois inextricables. Se pose alors la question : jusqu\u2019o\u00f9 peut-on, doit-on aller ? Ensuite, et en parall\u00e8le, se d\u00e9veloppe la notion d\u2019autonomie et de droits du patient, ouvrant aussi \u00e0 la m\u00e9fiance, major\u00e9e encore par l\u2019augmentation des possibilit\u00e9s et donc des risques li\u00e9s aux progr\u00e8s techniques. Il faut donc tenir compte de l\u2019information et du droit du patient, des possibilit\u00e9s techniques mais aussi de la non-obstination d\u00e9raisonnable, de la limitation des risques, de celle des co\u00fbts, des difficult\u00e9s de gestion\u2026 Comment concilier ces imp\u00e9ratifs ? Quelle possibilit\u00e9 pour soigner et traiter une personne donn\u00e9e, unique et irrempla\u00e7able ?"}