

{"version":"1.0","provider_name":"Gestions hospitali\u00e8res","provider_url":"https:\/\/www.ricom-web8.com\/gestions","author_name":"Gestions hospitali\u00e8res","author_url":"https:\/\/www.ricom-web8.com\/gestions\/author\/benjamin\/","title":"L\u2019h\u00f4pital de proximit\u00e9 - Gestions hospitali\u00e8res","type":"rich","width":600,"height":338,"html":"<blockquote class=\"wp-embedded-content\" data-secret=\"k32VxNEyLM\"><a href=\"https:\/\/www.ricom-web8.com\/gestions\/lhopital-de-proximite\/\">L\u2019h\u00f4pital de proximit\u00e9<\/a><\/blockquote><iframe sandbox=\"allow-scripts\" security=\"restricted\" src=\"https:\/\/www.ricom-web8.com\/gestions\/lhopital-de-proximite\/embed\/#?secret=k32VxNEyLM\" width=\"600\" height=\"338\" title=\"\u00ab\u00a0L\u2019h\u00f4pital de proximit\u00e9\u00a0\u00bb &#8212; Gestions hospitali\u00e8res\" data-secret=\"k32VxNEyLM\" frameborder=\"0\" marginwidth=\"0\" marginheight=\"0\" scrolling=\"no\" class=\"wp-embedded-content\"><\/iframe><script type=\"text\/javascript\">\n\/* <![CDATA[ *\/\n\/*! This file is auto-generated *\/\n!function(d,l){\"use strict\";l.querySelector&&d.addEventListener&&\"undefined\"!=typeof URL&&(d.wp=d.wp||{},d.wp.receiveEmbedMessage||(d.wp.receiveEmbedMessage=function(e){var t=e.data;if((t||t.secret||t.message||t.value)&&!\/[^a-zA-Z0-9]\/.test(t.secret)){for(var s,r,n,a=l.querySelectorAll('iframe[data-secret=\"'+t.secret+'\"]'),o=l.querySelectorAll('blockquote[data-secret=\"'+t.secret+'\"]'),c=new RegExp(\"^https?:$\",\"i\"),i=0;i<o.length;i++)o[i].style.display=\"none\";for(i=0;i<a.length;i++)s=a[i],e.source===s.contentWindow&&(s.removeAttribute(\"style\"),\"height\"===t.message?(1e3<(r=parseInt(t.value,10))?r=1e3:~~r<200&&(r=200),s.height=r):\"link\"===t.message&&(r=new URL(s.getAttribute(\"src\")),n=new URL(t.value),c.test(n.protocol))&&n.host===r.host&&l.activeElement===s&&(d.top.location.href=t.value))}},d.addEventListener(\"message\",d.wp.receiveEmbedMessage,!1),l.addEventListener(\"DOMContentLoaded\",function(){for(var e,t,s=l.querySelectorAll(\"iframe.wp-embedded-content\"),r=0;r<s.length;r++)(t=(e=s[r]).getAttribute(\"data-secret\"))||(t=Math.random().toString(36).substring(2,12),e.src+=\"#?secret=\"+t,e.setAttribute(\"data-secret\",t)),e.contentWindow.postMessage({message:\"ready\",secret:t},\"*\")},!1)))}(window,document);\n\/* ]]> *\/\n<\/script>\n","description":"Cette \u00e9pid\u00e9mie montre aussi que la g\u00e9ographie peut s\u2019av\u00e9rer tr\u00e8s utile pour \u00e9clairer les politiques publiques, et de mani\u00e8re pr\u00e9coce par le r\u00f4le de veille de toute recherche(3). La dimension g\u00e9ographique et historique des \u00e9pid\u00e9mies para\u00eet si essentielle qu\u2019il serait possible de concevoir une formation compl\u00e8te des historiens, des g\u00e9ographes et, partant, des urbanistes et de tous ceux qui travaillent l\u2019am\u00e9nagement des territoires \u2013 en tout cas un programme scolaire&hellip;"}