

{"version":"1.0","provider_name":"Gestions hospitali\u00e8res","provider_url":"https:\/\/www.ricom-web8.com\/gestions","author_name":"Gestions hospitali\u00e8res","author_url":"https:\/\/www.ricom-web8.com\/gestions\/author\/benjamin\/","title":"Libert\u00e9 ou s\u00e9curit\u00e9 : faut-il choisir ? - Gestions hospitali\u00e8res","type":"rich","width":600,"height":338,"html":"<blockquote class=\"wp-embedded-content\" data-secret=\"rvbfNVuFnS\"><a href=\"https:\/\/www.ricom-web8.com\/gestions\/liberte-securite-faut-choisir\/\">Libert\u00e9 ou s\u00e9curit\u00e9 : faut-il choisir ?<\/a><\/blockquote><iframe sandbox=\"allow-scripts\" security=\"restricted\" src=\"https:\/\/www.ricom-web8.com\/gestions\/liberte-securite-faut-choisir\/embed\/#?secret=rvbfNVuFnS\" width=\"600\" height=\"338\" title=\"\u00ab\u00a0Libert\u00e9 ou s\u00e9curit\u00e9 : faut-il choisir ?\u00a0\u00bb &#8212; Gestions hospitali\u00e8res\" data-secret=\"rvbfNVuFnS\" frameborder=\"0\" marginwidth=\"0\" marginheight=\"0\" scrolling=\"no\" class=\"wp-embedded-content\"><\/iframe><script type=\"text\/javascript\">\n\/* <![CDATA[ *\/\n\/*! This file is auto-generated *\/\n!function(d,l){\"use strict\";l.querySelector&&d.addEventListener&&\"undefined\"!=typeof URL&&(d.wp=d.wp||{},d.wp.receiveEmbedMessage||(d.wp.receiveEmbedMessage=function(e){var t=e.data;if((t||t.secret||t.message||t.value)&&!\/[^a-zA-Z0-9]\/.test(t.secret)){for(var s,r,n,a=l.querySelectorAll('iframe[data-secret=\"'+t.secret+'\"]'),o=l.querySelectorAll('blockquote[data-secret=\"'+t.secret+'\"]'),c=new RegExp(\"^https?:$\",\"i\"),i=0;i<o.length;i++)o[i].style.display=\"none\";for(i=0;i<a.length;i++)s=a[i],e.source===s.contentWindow&&(s.removeAttribute(\"style\"),\"height\"===t.message?(1e3<(r=parseInt(t.value,10))?r=1e3:~~r<200&&(r=200),s.height=r):\"link\"===t.message&&(r=new URL(s.getAttribute(\"src\")),n=new URL(t.value),c.test(n.protocol))&&n.host===r.host&&l.activeElement===s&&(d.top.location.href=t.value))}},d.addEventListener(\"message\",d.wp.receiveEmbedMessage,!1),l.addEventListener(\"DOMContentLoaded\",function(){for(var e,t,s=l.querySelectorAll(\"iframe.wp-embedded-content\"),r=0;r<s.length;r++)(t=(e=s[r]).getAttribute(\"data-secret\"))||(t=Math.random().toString(36).substring(2,12),e.src+=\"#?secret=\"+t,e.setAttribute(\"data-secret\",t)),e.contentWindow.postMessage({message:\"ready\",secret:t},\"*\")},!1)))}(window,document);\n\/* ]]> *\/\n<\/script>\n","description":"Il semble important de rappeler au pr\u00e9alable qu\u2019\u00e0 l\u2019origine de l\u2019\u00e9thique existent deux exigences. La premi\u00e8re s\u2019exprime sous la forme d\u2019une responsabilit\u00e9 pour autrui, d\u2019autant plus forte que celui-ci se trouve en situation de vuln\u00e9rabilit\u00e9. Ainsi, Emmanuel Levinas (1) et, dans une moindre mesure, Paul Ric\u0153ur (2) consid\u00e8rent l\u2019\u00e9thique essentiellement comme \u00ab\u00a0responsabilit\u00e9 pour\u00a0\u00bb ou sollicitude. La seconde se traduit par une forme d\u2019autolimitation volontaire de ma puissance lorsque mon action&hellip;"}