

{"version":"1.0","provider_name":"Gestions hospitali\u00e8res","provider_url":"https:\/\/www.ricom-web8.com\/gestions","author_name":"Gestions hospitali\u00e8res","author_url":"https:\/\/www.ricom-web8.com\/gestions\/author\/benjamin\/","title":"L\u2019impact durable du Covid-19 - Gestions hospitali\u00e8res","type":"rich","width":600,"height":338,"html":"<blockquote class=\"wp-embedded-content\" data-secret=\"6E90ZkAW5y\"><a href=\"https:\/\/www.ricom-web8.com\/gestions\/limpact-durable-du-covid-19\/\">L\u2019impact durable du Covid-19<\/a><\/blockquote><iframe sandbox=\"allow-scripts\" security=\"restricted\" src=\"https:\/\/www.ricom-web8.com\/gestions\/limpact-durable-du-covid-19\/embed\/#?secret=6E90ZkAW5y\" width=\"600\" height=\"338\" title=\"\u00ab\u00a0L\u2019impact durable du Covid-19\u00a0\u00bb &#8212; Gestions hospitali\u00e8res\" data-secret=\"6E90ZkAW5y\" frameborder=\"0\" marginwidth=\"0\" marginheight=\"0\" scrolling=\"no\" class=\"wp-embedded-content\"><\/iframe><script type=\"text\/javascript\">\n\/* <![CDATA[ *\/\n\/*! This file is auto-generated *\/\n!function(d,l){\"use strict\";l.querySelector&&d.addEventListener&&\"undefined\"!=typeof URL&&(d.wp=d.wp||{},d.wp.receiveEmbedMessage||(d.wp.receiveEmbedMessage=function(e){var t=e.data;if((t||t.secret||t.message||t.value)&&!\/[^a-zA-Z0-9]\/.test(t.secret)){for(var s,r,n,a=l.querySelectorAll('iframe[data-secret=\"'+t.secret+'\"]'),o=l.querySelectorAll('blockquote[data-secret=\"'+t.secret+'\"]'),c=new RegExp(\"^https?:$\",\"i\"),i=0;i<o.length;i++)o[i].style.display=\"none\";for(i=0;i<a.length;i++)s=a[i],e.source===s.contentWindow&&(s.removeAttribute(\"style\"),\"height\"===t.message?(1e3<(r=parseInt(t.value,10))?r=1e3:~~r<200&&(r=200),s.height=r):\"link\"===t.message&&(r=new URL(s.getAttribute(\"src\")),n=new URL(t.value),c.test(n.protocol))&&n.host===r.host&&l.activeElement===s&&(d.top.location.href=t.value))}},d.addEventListener(\"message\",d.wp.receiveEmbedMessage,!1),l.addEventListener(\"DOMContentLoaded\",function(){for(var e,t,s=l.querySelectorAll(\"iframe.wp-embedded-content\"),r=0;r<s.length;r++)(t=(e=s[r]).getAttribute(\"data-secret\"))||(t=Math.random().toString(36).substring(2,12),e.src+=\"#?secret=\"+t,e.setAttribute(\"data-secret\",t)),e.contentWindow.postMessage({message:\"ready\",secret:t},\"*\")},!1)))}(window,document);\n\/* ]]> *\/\n<\/script>\n","description":"Directeur d\u2019h\u00f4pital\u2009: un d\u00e9centrage de sa fonction traditionnelle La fonction de direction est traditionnellement positionn\u00e9e sur l\u2019exercice de fonctions r\u00e9galiennes (strat\u00e9gie, finances, ressources humaines\u2026) et la gestion de projets. Pendant la premi\u00e8re phase de l\u2019\u00e9pid\u00e9mie li\u00e9e au Covid-19, la direction a adopt\u00e9 une posture de gestion de crise et pris des d\u00e9cisions d\u2019organisation fond\u00e9es sur une vision de ce qu\u2019il semblait n\u00e9cessaire pour passer la vague annonc\u00e9e. Une fois inscrite&hellip;"}