

{"version":"1.0","provider_name":"Gestions hospitali\u00e8res","provider_url":"https:\/\/www.ricom-web8.com\/gestions","author_name":"yann Le Sager","author_url":"https:\/\/www.ricom-web8.com\/gestions\/author\/lesager-yannstudioricom-com\/","title":"Loi de sant\u00e9 et autonomie - Gestions hospitali\u00e8res","type":"rich","width":600,"height":338,"html":"<blockquote class=\"wp-embedded-content\" data-secret=\"HAuHq5XMDx\"><a href=\"https:\/\/www.ricom-web8.com\/gestions\/loi-de-sante-et-autonomie\/\">Loi de sant\u00e9 et autonomie<\/a><\/blockquote><iframe sandbox=\"allow-scripts\" security=\"restricted\" src=\"https:\/\/www.ricom-web8.com\/gestions\/loi-de-sante-et-autonomie\/embed\/#?secret=HAuHq5XMDx\" width=\"600\" height=\"338\" title=\"\u00ab\u00a0Loi de sant\u00e9 et autonomie\u00a0\u00bb &#8212; Gestions hospitali\u00e8res\" data-secret=\"HAuHq5XMDx\" frameborder=\"0\" marginwidth=\"0\" marginheight=\"0\" scrolling=\"no\" class=\"wp-embedded-content\"><\/iframe><script type=\"text\/javascript\">\n\/* <![CDATA[ *\/\n\/*! This file is auto-generated *\/\n!function(d,l){\"use strict\";l.querySelector&&d.addEventListener&&\"undefined\"!=typeof URL&&(d.wp=d.wp||{},d.wp.receiveEmbedMessage||(d.wp.receiveEmbedMessage=function(e){var t=e.data;if((t||t.secret||t.message||t.value)&&!\/[^a-zA-Z0-9]\/.test(t.secret)){for(var s,r,n,a=l.querySelectorAll('iframe[data-secret=\"'+t.secret+'\"]'),o=l.querySelectorAll('blockquote[data-secret=\"'+t.secret+'\"]'),c=new RegExp(\"^https?:$\",\"i\"),i=0;i<o.length;i++)o[i].style.display=\"none\";for(i=0;i<a.length;i++)s=a[i],e.source===s.contentWindow&&(s.removeAttribute(\"style\"),\"height\"===t.message?(1e3<(r=parseInt(t.value,10))?r=1e3:~~r<200&&(r=200),s.height=r):\"link\"===t.message&&(r=new URL(s.getAttribute(\"src\")),n=new URL(t.value),c.test(n.protocol))&&n.host===r.host&&l.activeElement===s&&(d.top.location.href=t.value))}},d.addEventListener(\"message\",d.wp.receiveEmbedMessage,!1),l.addEventListener(\"DOMContentLoaded\",function(){for(var e,t,s=l.querySelectorAll(\"iframe.wp-embedded-content\"),r=0;r<s.length;r++)(t=(e=s[r]).getAttribute(\"data-secret\"))||(t=Math.random().toString(36).substring(2,12),e.src+=\"#?secret=\"+t,e.setAttribute(\"data-secret\",t)),e.contentWindow.postMessage({message:\"ready\",secret:t},\"*\")},!1)))}(window,document);\n\/* ]]> *\/\n<\/script>\n","description":"L\u2019article 22 du projet de loi de modernisation du syst\u00e8me de sant\u00e9 pr\u00e9voit l\u2019exp\u00e9rimentation de projets d\u2019accompagnement \u00e0 l\u2019autonomie. En d\u00e9cembre 2014, la ministre des Affaires sociales, de la Sant\u00e9 et des Droits des femmes a confi\u00e9 au secr\u00e9taire g\u00e9n\u00e9ral d\u00e9l\u00e9gu\u00e9 du Collectif interassociatif sur la sant\u00e9, Christian Saout, une mission tendant notamment \u00e0 \u00e9laborer des propositions en vue du cahier des charges national de cette exp\u00e9rimentation.","thumbnail_url":"https:\/\/gestions-hospitalieres.fr\/wp-content\/uploads\/ill_2015_503_1.png"}