

{"version":"1.0","provider_name":"Gestions hospitali\u00e8res","provider_url":"https:\/\/www.ricom-web8.com\/gestions","author_name":"yann Le Sager","author_url":"https:\/\/www.ricom-web8.com\/gestions\/author\/lesager-yannstudioricom-com\/","title":"Loi de sant\u00e9, territoires, espace international\u2026 - Gestions hospitali\u00e8res","type":"rich","width":600,"height":338,"html":"<blockquote class=\"wp-embedded-content\" data-secret=\"aDUgGKuVug\"><a href=\"https:\/\/www.ricom-web8.com\/gestions\/loi-de-sante-territoires-espace-international\/\">Loi de sant\u00e9, territoires, espace international\u2026<\/a><\/blockquote><iframe sandbox=\"allow-scripts\" security=\"restricted\" src=\"https:\/\/www.ricom-web8.com\/gestions\/loi-de-sante-territoires-espace-international\/embed\/#?secret=aDUgGKuVug\" width=\"600\" height=\"338\" title=\"\u00ab\u00a0Loi de sant\u00e9, territoires, espace international\u2026\u00a0\u00bb &#8212; Gestions hospitali\u00e8res\" data-secret=\"aDUgGKuVug\" frameborder=\"0\" marginwidth=\"0\" marginheight=\"0\" scrolling=\"no\" class=\"wp-embedded-content\"><\/iframe><script type=\"text\/javascript\">\n\/* <![CDATA[ *\/\n\/*! This file is auto-generated *\/\n!function(d,l){\"use strict\";l.querySelector&&d.addEventListener&&\"undefined\"!=typeof URL&&(d.wp=d.wp||{},d.wp.receiveEmbedMessage||(d.wp.receiveEmbedMessage=function(e){var t=e.data;if((t||t.secret||t.message||t.value)&&!\/[^a-zA-Z0-9]\/.test(t.secret)){for(var s,r,n,a=l.querySelectorAll('iframe[data-secret=\"'+t.secret+'\"]'),o=l.querySelectorAll('blockquote[data-secret=\"'+t.secret+'\"]'),c=new RegExp(\"^https?:$\",\"i\"),i=0;i<o.length;i++)o[i].style.display=\"none\";for(i=0;i<a.length;i++)s=a[i],e.source===s.contentWindow&&(s.removeAttribute(\"style\"),\"height\"===t.message?(1e3<(r=parseInt(t.value,10))?r=1e3:~~r<200&&(r=200),s.height=r):\"link\"===t.message&&(r=new URL(s.getAttribute(\"src\")),n=new URL(t.value),c.test(n.protocol))&&n.host===r.host&&l.activeElement===s&&(d.top.location.href=t.value))}},d.addEventListener(\"message\",d.wp.receiveEmbedMessage,!1),l.addEventListener(\"DOMContentLoaded\",function(){for(var e,t,s=l.querySelectorAll(\"iframe.wp-embedded-content\"),r=0;r<s.length;r++)(t=(e=s[r]).getAttribute(\"data-secret\"))||(t=Math.random().toString(36).substring(2,12),e.src+=\"#?secret=\"+t,e.setAttribute(\"data-secret\",t)),e.contentWindow.postMessage({message:\"ready\",secret:t},\"*\")},!1)))}(window,document);\n\/* ]]> *\/\n<\/script>\n","description":"Les Assises hospitalo-universitaires de Marseille, les 2 et 3 d\u00e9cembre 2014, ont \u00e9t\u00e9 l\u2019occasion pour les repr\u00e9sentants du monde hospitalo-universitaire de s\u2019interroger sur les enjeux actuels auxquels font face les CHU. Il s\u2019agissait d\u2019analyser les apports de la future loi de sant\u00e9 et d\u2019interroger les rapports qu\u2019entretiennent les CHU avec le territoire de proximit\u00e9 dans lequel ils s\u2019inscrivent mais aussi de comprendre comment ils s\u2019ins\u00e8rent dans l\u2019espace international."}