

{"version":"1.0","provider_name":"Gestions hospitali\u00e8res","provider_url":"https:\/\/www.ricom-web8.com\/gestions","author_name":"Gestions hospitali\u00e8res","author_url":"https:\/\/www.ricom-web8.com\/gestions\/author\/benjamin\/","title":"Lutter contre les discriminations au travail - Gestions hospitali\u00e8res","type":"rich","width":600,"height":338,"html":"<blockquote class=\"wp-embedded-content\" data-secret=\"xRivkL4lFZ\"><a href=\"https:\/\/www.ricom-web8.com\/gestions\/lutter-contre-les-discriminations-au-travail\/\">Lutter contre les discriminations au travail<\/a><\/blockquote><iframe sandbox=\"allow-scripts\" security=\"restricted\" src=\"https:\/\/www.ricom-web8.com\/gestions\/lutter-contre-les-discriminations-au-travail\/embed\/#?secret=xRivkL4lFZ\" width=\"600\" height=\"338\" title=\"\u00ab\u00a0Lutter contre les discriminations au travail\u00a0\u00bb &#8212; Gestions hospitali\u00e8res\" data-secret=\"xRivkL4lFZ\" frameborder=\"0\" marginwidth=\"0\" marginheight=\"0\" scrolling=\"no\" class=\"wp-embedded-content\"><\/iframe><script type=\"text\/javascript\">\n\/* <![CDATA[ *\/\n\/*! This file is auto-generated *\/\n!function(d,l){\"use strict\";l.querySelector&&d.addEventListener&&\"undefined\"!=typeof URL&&(d.wp=d.wp||{},d.wp.receiveEmbedMessage||(d.wp.receiveEmbedMessage=function(e){var t=e.data;if((t||t.secret||t.message||t.value)&&!\/[^a-zA-Z0-9]\/.test(t.secret)){for(var s,r,n,a=l.querySelectorAll('iframe[data-secret=\"'+t.secret+'\"]'),o=l.querySelectorAll('blockquote[data-secret=\"'+t.secret+'\"]'),c=new RegExp(\"^https?:$\",\"i\"),i=0;i<o.length;i++)o[i].style.display=\"none\";for(i=0;i<a.length;i++)s=a[i],e.source===s.contentWindow&&(s.removeAttribute(\"style\"),\"height\"===t.message?(1e3<(r=parseInt(t.value,10))?r=1e3:~~r<200&&(r=200),s.height=r):\"link\"===t.message&&(r=new URL(s.getAttribute(\"src\")),n=new URL(t.value),c.test(n.protocol))&&n.host===r.host&&l.activeElement===s&&(d.top.location.href=t.value))}},d.addEventListener(\"message\",d.wp.receiveEmbedMessage,!1),l.addEventListener(\"DOMContentLoaded\",function(){for(var e,t,s=l.querySelectorAll(\"iframe.wp-embedded-content\"),r=0;r<s.length;r++)(t=(e=s[r]).getAttribute(\"data-secret\"))||(t=Math.random().toString(36).substring(2,12),e.src+=\"#?secret=\"+t,e.setAttribute(\"data-secret\",t)),e.contentWindow.postMessage({message:\"ready\",secret:t},\"*\")},!1)))}(window,document);\n\/* ]]> *\/\n<\/script>\n","description":"El\u00e8ves directrices et directeurs d\u2019h\u00f4pital (EDH) de l\u2019\u00c9cole des hautes \u00e9tudes en sant\u00e9 publique (EHESP), membres de la promotion Marie-Marvingt (2022-2023), nous faisons r\u00e9solument le choix du service public et de la fid\u00e9lit\u00e9 \u00e0 ses principes d\u2019\u00e9galit\u00e9 d\u2019acc\u00e8s et d\u2019\u00e9galit\u00e9 au travail. Soucieux de porter haut ces convictions, nous avons cr\u00e9\u00e9 d\u00e8s le d\u00e9but de l\u2019ann\u00e9e 2022 un p\u00f4le \u00c9galit\u00e9 et lutte contre les discriminations au sein de l\u2019Association des&hellip;"}