

{"version":"1.0","provider_name":"Gestions hospitali\u00e8res","provider_url":"https:\/\/www.ricom-web8.com\/gestions","author_name":"Gestions hospitali\u00e8res","author_url":"https:\/\/www.ricom-web8.com\/gestions\/author\/benjamin\/","title":"M\u00e9decins \u00e9trangers \u00e0 l\u2019h\u00f4pital - Gestions hospitali\u00e8res","type":"rich","width":600,"height":338,"html":"<blockquote class=\"wp-embedded-content\" data-secret=\"k47tL2dDp3\"><a href=\"https:\/\/www.ricom-web8.com\/gestions\/medecins-etrangers-a-lhopital\/\">M\u00e9decins \u00e9trangers \u00e0 l\u2019h\u00f4pital<\/a><\/blockquote><iframe sandbox=\"allow-scripts\" security=\"restricted\" src=\"https:\/\/www.ricom-web8.com\/gestions\/medecins-etrangers-a-lhopital\/embed\/#?secret=k47tL2dDp3\" width=\"600\" height=\"338\" title=\"\u00ab\u00a0M\u00e9decins \u00e9trangers \u00e0 l\u2019h\u00f4pital\u00a0\u00bb &#8212; Gestions hospitali\u00e8res\" data-secret=\"k47tL2dDp3\" frameborder=\"0\" marginwidth=\"0\" marginheight=\"0\" scrolling=\"no\" class=\"wp-embedded-content\"><\/iframe><script type=\"text\/javascript\">\n\/* <![CDATA[ *\/\n\/*! This file is auto-generated *\/\n!function(d,l){\"use strict\";l.querySelector&&d.addEventListener&&\"undefined\"!=typeof URL&&(d.wp=d.wp||{},d.wp.receiveEmbedMessage||(d.wp.receiveEmbedMessage=function(e){var t=e.data;if((t||t.secret||t.message||t.value)&&!\/[^a-zA-Z0-9]\/.test(t.secret)){for(var s,r,n,a=l.querySelectorAll('iframe[data-secret=\"'+t.secret+'\"]'),o=l.querySelectorAll('blockquote[data-secret=\"'+t.secret+'\"]'),c=new RegExp(\"^https?:$\",\"i\"),i=0;i<o.length;i++)o[i].style.display=\"none\";for(i=0;i<a.length;i++)s=a[i],e.source===s.contentWindow&&(s.removeAttribute(\"style\"),\"height\"===t.message?(1e3<(r=parseInt(t.value,10))?r=1e3:~~r<200&&(r=200),s.height=r):\"link\"===t.message&&(r=new URL(s.getAttribute(\"src\")),n=new URL(t.value),c.test(n.protocol))&&n.host===r.host&&l.activeElement===s&&(d.top.location.href=t.value))}},d.addEventListener(\"message\",d.wp.receiveEmbedMessage,!1),l.addEventListener(\"DOMContentLoaded\",function(){for(var e,t,s=l.querySelectorAll(\"iframe.wp-embedded-content\"),r=0;r<s.length;r++)(t=(e=s[r]).getAttribute(\"data-secret\"))||(t=Math.random().toString(36).substring(2,12),e.src+=\"#?secret=\"+t,e.setAttribute(\"data-secret\",t)),e.contentWindow.postMessage({message:\"ready\",secret:t},\"*\")},!1)))}(window,document);\n\/* ]]> *\/\n<\/script>\n","description":"Les nouvelles r\u00e8gles d\u2019affectation de la PAE Le d\u00e9cret n\u00b02020-672(6) du 3 juin 2020 pr\u00e9cise les modalit\u00e9s d\u2019affectation des candidats \u00e0 l\u2019autorisation d\u2019exercice, laur\u00e9ats des \u00e9preuves de v\u00e9rification des connaissances pour la r\u00e9alisation des parcours de consolidation des comp\u00e9tences ainsi que les modalit\u00e9s de suivi et d\u2019\u00e9valuation de ces parcours. Concernant les laur\u00e9ats de la liste A(7) Les candidats \u00e0 la profession de m\u00e9decin qui ne rel\u00e8vent pas de la&hellip;"}