

{"version":"1.0","provider_name":"Gestions hospitali\u00e8res","provider_url":"https:\/\/www.ricom-web8.com\/gestions","author_name":"yann Le Sager","author_url":"https:\/\/www.ricom-web8.com\/gestions\/author\/lesager-yannstudioricom-com\/","title":"M\u00e9dias sociaux et communication digitale - Gestions hospitali\u00e8res","type":"rich","width":600,"height":338,"html":"<blockquote class=\"wp-embedded-content\" data-secret=\"aPv9TExMKN\"><a href=\"https:\/\/www.ricom-web8.com\/gestions\/medias-sociaux-et-communication-digitale\/\">M\u00e9dias sociaux et communication digitale<\/a><\/blockquote><iframe sandbox=\"allow-scripts\" security=\"restricted\" src=\"https:\/\/www.ricom-web8.com\/gestions\/medias-sociaux-et-communication-digitale\/embed\/#?secret=aPv9TExMKN\" width=\"600\" height=\"338\" title=\"\u00ab\u00a0M\u00e9dias sociaux et communication digitale\u00a0\u00bb &#8212; Gestions hospitali\u00e8res\" data-secret=\"aPv9TExMKN\" frameborder=\"0\" marginwidth=\"0\" marginheight=\"0\" scrolling=\"no\" class=\"wp-embedded-content\"><\/iframe><script type=\"text\/javascript\">\n\/* <![CDATA[ *\/\n\/*! This file is auto-generated *\/\n!function(d,l){\"use strict\";l.querySelector&&d.addEventListener&&\"undefined\"!=typeof URL&&(d.wp=d.wp||{},d.wp.receiveEmbedMessage||(d.wp.receiveEmbedMessage=function(e){var t=e.data;if((t||t.secret||t.message||t.value)&&!\/[^a-zA-Z0-9]\/.test(t.secret)){for(var s,r,n,a=l.querySelectorAll('iframe[data-secret=\"'+t.secret+'\"]'),o=l.querySelectorAll('blockquote[data-secret=\"'+t.secret+'\"]'),c=new RegExp(\"^https?:$\",\"i\"),i=0;i<o.length;i++)o[i].style.display=\"none\";for(i=0;i<a.length;i++)s=a[i],e.source===s.contentWindow&&(s.removeAttribute(\"style\"),\"height\"===t.message?(1e3<(r=parseInt(t.value,10))?r=1e3:~~r<200&&(r=200),s.height=r):\"link\"===t.message&&(r=new URL(s.getAttribute(\"src\")),n=new URL(t.value),c.test(n.protocol))&&n.host===r.host&&l.activeElement===s&&(d.top.location.href=t.value))}},d.addEventListener(\"message\",d.wp.receiveEmbedMessage,!1),l.addEventListener(\"DOMContentLoaded\",function(){for(var e,t,s=l.querySelectorAll(\"iframe.wp-embedded-content\"),r=0;r<s.length;r++)(t=(e=s[r]).getAttribute(\"data-secret\"))||(t=Math.random().toString(36).substring(2,12),e.src+=\"#?secret=\"+t,e.setAttribute(\"data-secret\",t)),e.contentWindow.postMessage({message:\"ready\",secret:t},\"*\")},!1)))}(window,document);\n\/* ]]> *\/\n<\/script>\n","description":"Les usages du Web \u00e9voluent et l\u2019utilisation des m\u00e9dias sociaux dans le domaine de la sant\u00e9 devient peu \u00e0 peu une pratique courante. Patients, usagers de la sant\u00e9, m\u00e9decins, soignants, l\u2019ensemble des parties prenantes interagissent sur Twitter, Facebook, Youtube ou sur des plates-formes communautaires sp\u00e9cifiques. \u00c0 l\u2019h\u00f4pital, la mise en \u0153uvre d\u2019un d\u00e9veloppement ma\u00eetris\u00e9 sur les m\u00e9dias sociaux n\u00e9cessite des comp\u00e9tences professionnelles sp\u00e9cifiques."}