

{"version":"1.0","provider_name":"Gestions hospitali\u00e8res","provider_url":"https:\/\/www.ricom-web8.com\/gestions","author_name":"Gestions hospitali\u00e8res","author_url":"https:\/\/www.ricom-web8.com\/gestions\/author\/benjamin\/","title":"Mesurer la charge en soins param\u00e9dicale - Gestions hospitali\u00e8res","type":"rich","width":600,"height":338,"html":"<blockquote class=\"wp-embedded-content\" data-secret=\"cCuqEG5DjV\"><a href=\"https:\/\/www.ricom-web8.com\/gestions\/mesurer-la-charge-en-soins-paramedicale\/\">Mesurer la charge en soins param\u00e9dicale<\/a><\/blockquote><iframe sandbox=\"allow-scripts\" security=\"restricted\" src=\"https:\/\/www.ricom-web8.com\/gestions\/mesurer-la-charge-en-soins-paramedicale\/embed\/#?secret=cCuqEG5DjV\" width=\"600\" height=\"338\" title=\"\u00ab\u00a0Mesurer la charge en soins param\u00e9dicale\u00a0\u00bb &#8212; Gestions hospitali\u00e8res\" data-secret=\"cCuqEG5DjV\" frameborder=\"0\" marginwidth=\"0\" marginheight=\"0\" scrolling=\"no\" class=\"wp-embedded-content\"><\/iframe><script type=\"text\/javascript\">\n\/* <![CDATA[ *\/\n\/*! This file is auto-generated *\/\n!function(d,l){\"use strict\";l.querySelector&&d.addEventListener&&\"undefined\"!=typeof URL&&(d.wp=d.wp||{},d.wp.receiveEmbedMessage||(d.wp.receiveEmbedMessage=function(e){var t=e.data;if((t||t.secret||t.message||t.value)&&!\/[^a-zA-Z0-9]\/.test(t.secret)){for(var s,r,n,a=l.querySelectorAll('iframe[data-secret=\"'+t.secret+'\"]'),o=l.querySelectorAll('blockquote[data-secret=\"'+t.secret+'\"]'),c=new RegExp(\"^https?:$\",\"i\"),i=0;i<o.length;i++)o[i].style.display=\"none\";for(i=0;i<a.length;i++)s=a[i],e.source===s.contentWindow&&(s.removeAttribute(\"style\"),\"height\"===t.message?(1e3<(r=parseInt(t.value,10))?r=1e3:~~r<200&&(r=200),s.height=r):\"link\"===t.message&&(r=new URL(s.getAttribute(\"src\")),n=new URL(t.value),c.test(n.protocol))&&n.host===r.host&&l.activeElement===s&&(d.top.location.href=t.value))}},d.addEventListener(\"message\",d.wp.receiveEmbedMessage,!1),l.addEventListener(\"DOMContentLoaded\",function(){for(var e,t,s=l.querySelectorAll(\"iframe.wp-embedded-content\"),r=0;r<s.length;r++)(t=(e=s[r]).getAttribute(\"data-secret\"))||(t=Math.random().toString(36).substring(2,12),e.src+=\"#?secret=\"+t,e.setAttribute(\"data-secret\",t)),e.contentWindow.postMessage({message:\"ready\",secret:t},\"*\")},!1)))}(window,document);\n\/* ]]> *\/\n<\/script>\n","description":"Les ann\u00e9es 1980 ont vu l\u2019\u00e9mergence de la pratique de la m\u00e9decine bas\u00e9e sur les preuves, qui conjugue l\u2019expertise du clinicien, la prise en compte des besoins du patient et les meilleures donn\u00e9es scientifiques disponibles. L\u2019am\u00e9lioration de la qualit\u00e9 et de la s\u00e9curit\u00e9 des soins a \u00e9t\u00e9 envisag\u00e9e concomitamment par les soignants par l\u2019adaptation des organisations de soin selon la typologie des patients pris en charge. Des outils sp\u00e9cifiques ont&hellip;"}