

{"version":"1.0","provider_name":"Gestions hospitali\u00e8res","provider_url":"https:\/\/www.ricom-web8.com\/gestions","author_name":"Gestions hospitali\u00e8res","author_url":"https:\/\/www.ricom-web8.com\/gestions\/author\/benjamin\/","title":"La mise en place des GHT\u2009: o\u00f9 en est-on\u2009? - Gestions hospitali\u00e8res","type":"rich","width":600,"height":338,"html":"<blockquote class=\"wp-embedded-content\" data-secret=\"eNzheNizZ2\"><a href=\"https:\/\/www.ricom-web8.com\/gestions\/mise-place-ght-on\/\">La mise en place des GHT\u2009: o\u00f9 en est-on\u2009?<\/a><\/blockquote><iframe sandbox=\"allow-scripts\" security=\"restricted\" src=\"https:\/\/www.ricom-web8.com\/gestions\/mise-place-ght-on\/embed\/#?secret=eNzheNizZ2\" width=\"600\" height=\"338\" title=\"\u00ab\u00a0La mise en place des GHT\u2009: o\u00f9 en est-on\u2009?\u00a0\u00bb &#8212; Gestions hospitali\u00e8res\" data-secret=\"eNzheNizZ2\" frameborder=\"0\" marginwidth=\"0\" marginheight=\"0\" scrolling=\"no\" class=\"wp-embedded-content\"><\/iframe><script type=\"text\/javascript\">\n\/* <![CDATA[ *\/\n\/*! This file is auto-generated *\/\n!function(d,l){\"use strict\";l.querySelector&&d.addEventListener&&\"undefined\"!=typeof URL&&(d.wp=d.wp||{},d.wp.receiveEmbedMessage||(d.wp.receiveEmbedMessage=function(e){var t=e.data;if((t||t.secret||t.message||t.value)&&!\/[^a-zA-Z0-9]\/.test(t.secret)){for(var s,r,n,a=l.querySelectorAll('iframe[data-secret=\"'+t.secret+'\"]'),o=l.querySelectorAll('blockquote[data-secret=\"'+t.secret+'\"]'),c=new RegExp(\"^https?:$\",\"i\"),i=0;i<o.length;i++)o[i].style.display=\"none\";for(i=0;i<a.length;i++)s=a[i],e.source===s.contentWindow&&(s.removeAttribute(\"style\"),\"height\"===t.message?(1e3<(r=parseInt(t.value,10))?r=1e3:~~r<200&&(r=200),s.height=r):\"link\"===t.message&&(r=new URL(s.getAttribute(\"src\")),n=new URL(t.value),c.test(n.protocol))&&n.host===r.host&&l.activeElement===s&&(d.top.location.href=t.value))}},d.addEventListener(\"message\",d.wp.receiveEmbedMessage,!1),l.addEventListener(\"DOMContentLoaded\",function(){for(var e,t,s=l.querySelectorAll(\"iframe.wp-embedded-content\"),r=0;r<s.length;r++)(t=(e=s[r]).getAttribute(\"data-secret\"))||(t=Math.random().toString(36).substring(2,12),e.src+=\"#?secret=\"+t,e.setAttribute(\"data-secret\",t)),e.contentWindow.postMessage({message:\"ready\",secret:t},\"*\")},!1)))}(window,document);\n\/* ]]> *\/\n<\/script>\n","description":"Si, d\u00e8s le d\u00e9part, une grande libert\u00e9 a \u00e9t\u00e9 laiss\u00e9e aux \u00e9tablissements pour proposer le p\u00e9rim\u00e8tre de leur GHT, le d\u00e9veloppement de leurs axes de coop\u00e9rations m\u00e9dicales, et leurs avanc\u00e9es au sein des fonctions supports, il n\u2019en a pas \u00e9t\u00e9 de m\u00eame pour la strat\u00e9gie d\u2019accompagnement. Conduite par les agences r\u00e9gionales de sant\u00e9 (ARS), cette strat\u00e9gie devient de plus en plus pr\u00e9gnante au travers de multiples comit\u00e9s et groupes de&hellip;"}