

{"version":"1.0","provider_name":"Gestions hospitali\u00e8res","provider_url":"https:\/\/www.ricom-web8.com\/gestions","author_name":"yann Le Sager","author_url":"https:\/\/www.ricom-web8.com\/gestions\/author\/lesager-yannstudioricom-com\/","title":"Mod\u00e9lisation de la gestion des s\u00e9jours - Gestions hospitali\u00e8res","type":"rich","width":600,"height":338,"html":"<blockquote class=\"wp-embedded-content\" data-secret=\"aECOVTxZ2b\"><a href=\"https:\/\/www.ricom-web8.com\/gestions\/modelisation-de-la-gestion-des-sejours\/\">Mod\u00e9lisation de la gestion des s\u00e9jours<\/a><\/blockquote><iframe sandbox=\"allow-scripts\" security=\"restricted\" src=\"https:\/\/www.ricom-web8.com\/gestions\/modelisation-de-la-gestion-des-sejours\/embed\/#?secret=aECOVTxZ2b\" width=\"600\" height=\"338\" title=\"\u00ab\u00a0Mod\u00e9lisation de la gestion des s\u00e9jours\u00a0\u00bb &#8212; Gestions hospitali\u00e8res\" data-secret=\"aECOVTxZ2b\" frameborder=\"0\" marginwidth=\"0\" marginheight=\"0\" scrolling=\"no\" class=\"wp-embedded-content\"><\/iframe><script type=\"text\/javascript\">\n\/* <![CDATA[ *\/\n\/*! This file is auto-generated *\/\n!function(d,l){\"use strict\";l.querySelector&&d.addEventListener&&\"undefined\"!=typeof URL&&(d.wp=d.wp||{},d.wp.receiveEmbedMessage||(d.wp.receiveEmbedMessage=function(e){var t=e.data;if((t||t.secret||t.message||t.value)&&!\/[^a-zA-Z0-9]\/.test(t.secret)){for(var s,r,n,a=l.querySelectorAll('iframe[data-secret=\"'+t.secret+'\"]'),o=l.querySelectorAll('blockquote[data-secret=\"'+t.secret+'\"]'),c=new RegExp(\"^https?:$\",\"i\"),i=0;i<o.length;i++)o[i].style.display=\"none\";for(i=0;i<a.length;i++)s=a[i],e.source===s.contentWindow&&(s.removeAttribute(\"style\"),\"height\"===t.message?(1e3<(r=parseInt(t.value,10))?r=1e3:~~r<200&&(r=200),s.height=r):\"link\"===t.message&&(r=new URL(s.getAttribute(\"src\")),n=new URL(t.value),c.test(n.protocol))&&n.host===r.host&&l.activeElement===s&&(d.top.location.href=t.value))}},d.addEventListener(\"message\",d.wp.receiveEmbedMessage,!1),l.addEventListener(\"DOMContentLoaded\",function(){for(var e,t,s=l.querySelectorAll(\"iframe.wp-embedded-content\"),r=0;r<s.length;r++)(t=(e=s[r]).getAttribute(\"data-secret\"))||(t=Math.random().toString(36).substring(2,12),e.src+=\"#?secret=\"+t,e.setAttribute(\"data-secret\",t)),e.contentWindow.postMessage({message:\"ready\",secret:t},\"*\")},!1)))}(window,document);\n\/* ]]> *\/\n<\/script>\n","description":"L\u2019insuffisance de disponibilit\u00e9 de lits pour les patients non programm\u00e9s cr\u00e9e des situations de tension entre les services d\u2019urgence et ceux de l\u2019aval, entra\u00eenant une d\u00e9t\u00e9rioration de la qualit\u00e9, de la s\u00e9curit\u00e9 des soins, des conditions d\u2019accueil, des temps d\u2019attente aux urgences, une exasp\u00e9ration des personnels m\u00e9dico-soignants qui consacrent un temps excessif \u00e0 la recherche de lits, des transferts vers d\u2019autres \u00e9tablissements, des perturbations des activit\u00e9s programm\u00e9es. C\u2019est pour r\u00e9pondre \u00e0 cette probl\u00e9matique que l\u2019h\u00f4pital Nord de Marseille a \u00e9labor\u00e9 un syst\u00e8me d\u2019orientation pr\u00e9d\u00e9finie des patients pour am\u00e9liorer leur prise en charge tout en respectant l\u2019activit\u00e9 programm\u00e9e et permettre des hospitalisations plus rapides \u00e0 partir des urgences."}