

{"version":"1.0","provider_name":"Gestions hospitali\u00e8res","provider_url":"https:\/\/www.ricom-web8.com\/gestions","author_name":"Gestions hospitali\u00e8res","author_url":"https:\/\/www.ricom-web8.com\/gestions\/author\/benjamin\/","title":"La mutualisation des moyens p\u00e9dagogiques - Gestions hospitali\u00e8res","type":"rich","width":600,"height":338,"html":"<blockquote class=\"wp-embedded-content\" data-secret=\"kX2ymSFUSe\"><a href=\"https:\/\/www.ricom-web8.com\/gestions\/mutualisation-moyens-pedagogiques\/\">La mutualisation des moyens p\u00e9dagogiques<\/a><\/blockquote><iframe sandbox=\"allow-scripts\" security=\"restricted\" src=\"https:\/\/www.ricom-web8.com\/gestions\/mutualisation-moyens-pedagogiques\/embed\/#?secret=kX2ymSFUSe\" width=\"600\" height=\"338\" title=\"\u00ab\u00a0La mutualisation des moyens p\u00e9dagogiques\u00a0\u00bb &#8212; Gestions hospitali\u00e8res\" data-secret=\"kX2ymSFUSe\" frameborder=\"0\" marginwidth=\"0\" marginheight=\"0\" scrolling=\"no\" class=\"wp-embedded-content\"><\/iframe><script type=\"text\/javascript\">\n\/* <![CDATA[ *\/\n\/*! This file is auto-generated *\/\n!function(d,l){\"use strict\";l.querySelector&&d.addEventListener&&\"undefined\"!=typeof URL&&(d.wp=d.wp||{},d.wp.receiveEmbedMessage||(d.wp.receiveEmbedMessage=function(e){var t=e.data;if((t||t.secret||t.message||t.value)&&!\/[^a-zA-Z0-9]\/.test(t.secret)){for(var s,r,n,a=l.querySelectorAll('iframe[data-secret=\"'+t.secret+'\"]'),o=l.querySelectorAll('blockquote[data-secret=\"'+t.secret+'\"]'),c=new RegExp(\"^https?:$\",\"i\"),i=0;i<o.length;i++)o[i].style.display=\"none\";for(i=0;i<a.length;i++)s=a[i],e.source===s.contentWindow&&(s.removeAttribute(\"style\"),\"height\"===t.message?(1e3<(r=parseInt(t.value,10))?r=1e3:~~r<200&&(r=200),s.height=r):\"link\"===t.message&&(r=new URL(s.getAttribute(\"src\")),n=new URL(t.value),c.test(n.protocol))&&n.host===r.host&&l.activeElement===s&&(d.top.location.href=t.value))}},d.addEventListener(\"message\",d.wp.receiveEmbedMessage,!1),l.addEventListener(\"DOMContentLoaded\",function(){for(var e,t,s=l.querySelectorAll(\"iframe.wp-embedded-content\"),r=0;r<s.length;r++)(t=(e=s[r]).getAttribute(\"data-secret\"))||(t=Math.random().toString(36).substring(2,12),e.src+=\"#?secret=\"+t,e.setAttribute(\"data-secret\",t)),e.contentWindow.postMessage({message:\"ready\",secret:t},\"*\")},!1)))}(window,document);\n\/* ]]> *\/\n<\/script>\n","description":"Avant 2013, la collaboration, unilat\u00e9rale, se limitait \u00e0 l\u2019accueil en stage d\u2019\u00e9tudiants des instituts de formation en soins infirmiers (Ifsi) et d\u2019aides-soignants (Ifas) du CH Annecy-Genevois en stage au sein du service de sant\u00e9 et de secours m\u00e9dical du service d\u00e9partemental d\u2019incendie et de secours (Sdis) 74 et la r\u00e9alisation de cours magistraux pour les futurs infirmiers et aides-soignants. Apr\u00e8s l\u2019organisation commune de l\u2019exercice catastrophe, baptis\u00e9 Cata 2013 (1), \u00e0&hellip;"}