

{"version":"1.0","provider_name":"Gestions hospitali\u00e8res","provider_url":"https:\/\/www.ricom-web8.com\/gestions","author_name":"Gestions hospitali\u00e8res","author_url":"https:\/\/www.ricom-web8.com\/gestions\/author\/benjamin\/","title":"Le pair aidant professionnel - Gestions hospitali\u00e8res","type":"rich","width":600,"height":338,"html":"<blockquote class=\"wp-embedded-content\" data-secret=\"lBJlsqnN1D\"><a href=\"https:\/\/www.ricom-web8.com\/gestions\/pair-aidant-professionnel\/\">Le pair aidant professionnel<\/a><\/blockquote><iframe sandbox=\"allow-scripts\" security=\"restricted\" src=\"https:\/\/www.ricom-web8.com\/gestions\/pair-aidant-professionnel\/embed\/#?secret=lBJlsqnN1D\" width=\"600\" height=\"338\" title=\"\u00ab\u00a0Le pair aidant professionnel\u00a0\u00bb &#8212; Gestions hospitali\u00e8res\" data-secret=\"lBJlsqnN1D\" frameborder=\"0\" marginwidth=\"0\" marginheight=\"0\" scrolling=\"no\" class=\"wp-embedded-content\"><\/iframe><script type=\"text\/javascript\">\n\/* <![CDATA[ *\/\n\/*! This file is auto-generated *\/\n!function(d,l){\"use strict\";l.querySelector&&d.addEventListener&&\"undefined\"!=typeof URL&&(d.wp=d.wp||{},d.wp.receiveEmbedMessage||(d.wp.receiveEmbedMessage=function(e){var t=e.data;if((t||t.secret||t.message||t.value)&&!\/[^a-zA-Z0-9]\/.test(t.secret)){for(var s,r,n,a=l.querySelectorAll('iframe[data-secret=\"'+t.secret+'\"]'),o=l.querySelectorAll('blockquote[data-secret=\"'+t.secret+'\"]'),c=new RegExp(\"^https?:$\",\"i\"),i=0;i<o.length;i++)o[i].style.display=\"none\";for(i=0;i<a.length;i++)s=a[i],e.source===s.contentWindow&&(s.removeAttribute(\"style\"),\"height\"===t.message?(1e3<(r=parseInt(t.value,10))?r=1e3:~~r<200&&(r=200),s.height=r):\"link\"===t.message&&(r=new URL(s.getAttribute(\"src\")),n=new URL(t.value),c.test(n.protocol))&&n.host===r.host&&l.activeElement===s&&(d.top.location.href=t.value))}},d.addEventListener(\"message\",d.wp.receiveEmbedMessage,!1),l.addEventListener(\"DOMContentLoaded\",function(){for(var e,t,s=l.querySelectorAll(\"iframe.wp-embedded-content\"),r=0;r<s.length;r++)(t=(e=s[r]).getAttribute(\"data-secret\"))||(t=Math.random().toString(36).substring(2,12),e.src+=\"#?secret=\"+t,e.setAttribute(\"data-secret\",t)),e.contentWindow.postMessage({message:\"ready\",secret:t},\"*\")},!1)))}(window,document);\n\/* ]]> *\/\n<\/script>\n","description":"Le malade est d\u00e9sormais consid\u00e9r\u00e9 comme une personne \u00e0 part enti\u00e8re, acteur et citoyen, \u00e0 qui l\u2019on reconna\u00eet un savoir exp\u00e9rientiel du v\u00e9cu de la maladie, de la souffrance psychique, du parcours de soin et de r\u00e9tablissement. On lui reconna\u00eet \u00e9galement des qualit\u00e9s et des comp\u00e9tences, acquises avec la maladie. La personne r\u00e9tablie a d\u00e9velopp\u00e9 bien souvent une grande empathie, une t\u00e9nacit\u00e9, des facult\u00e9s d\u2019adaptation et des capacit\u00e9s dans la&hellip;"}