

{"version":"1.0","provider_name":"Gestions hospitali\u00e8res","provider_url":"https:\/\/www.ricom-web8.com\/gestions","author_name":"yann Le Sager","author_url":"https:\/\/www.ricom-web8.com\/gestions\/author\/lesager-yannstudioricom-com\/","title":"Parcours d\u2019int\u00e9gration en psychiatrie - Gestions hospitali\u00e8res","type":"rich","width":600,"height":338,"html":"<blockquote class=\"wp-embedded-content\" data-secret=\"Mz5BeqjENv\"><a href=\"https:\/\/www.ricom-web8.com\/gestions\/parcours-dintegration-en-psychiatrie\/\">Parcours d\u2019int\u00e9gration en psychiatrie<\/a><\/blockquote><iframe sandbox=\"allow-scripts\" security=\"restricted\" src=\"https:\/\/www.ricom-web8.com\/gestions\/parcours-dintegration-en-psychiatrie\/embed\/#?secret=Mz5BeqjENv\" width=\"600\" height=\"338\" title=\"\u00ab\u00a0Parcours d\u2019int\u00e9gration en psychiatrie\u00a0\u00bb &#8212; Gestions hospitali\u00e8res\" data-secret=\"Mz5BeqjENv\" frameborder=\"0\" marginwidth=\"0\" marginheight=\"0\" scrolling=\"no\" class=\"wp-embedded-content\"><\/iframe><script type=\"text\/javascript\">\n\/* <![CDATA[ *\/\n\/*! This file is auto-generated *\/\n!function(d,l){\"use strict\";l.querySelector&&d.addEventListener&&\"undefined\"!=typeof URL&&(d.wp=d.wp||{},d.wp.receiveEmbedMessage||(d.wp.receiveEmbedMessage=function(e){var t=e.data;if((t||t.secret||t.message||t.value)&&!\/[^a-zA-Z0-9]\/.test(t.secret)){for(var s,r,n,a=l.querySelectorAll('iframe[data-secret=\"'+t.secret+'\"]'),o=l.querySelectorAll('blockquote[data-secret=\"'+t.secret+'\"]'),c=new RegExp(\"^https?:$\",\"i\"),i=0;i<o.length;i++)o[i].style.display=\"none\";for(i=0;i<a.length;i++)s=a[i],e.source===s.contentWindow&&(s.removeAttribute(\"style\"),\"height\"===t.message?(1e3<(r=parseInt(t.value,10))?r=1e3:~~r<200&&(r=200),s.height=r):\"link\"===t.message&&(r=new URL(s.getAttribute(\"src\")),n=new URL(t.value),c.test(n.protocol))&&n.host===r.host&&l.activeElement===s&&(d.top.location.href=t.value))}},d.addEventListener(\"message\",d.wp.receiveEmbedMessage,!1),l.addEventListener(\"DOMContentLoaded\",function(){for(var e,t,s=l.querySelectorAll(\"iframe.wp-embedded-content\"),r=0;r<s.length;r++)(t=(e=s[r]).getAttribute(\"data-secret\"))||(t=Math.random().toString(36).substring(2,12),e.src+=\"#?secret=\"+t,e.setAttribute(\"data-secret\",t)),e.contentWindow.postMessage({message:\"ready\",secret:t},\"*\")},!1)))}(window,document);\n\/* ]]> *\/\n<\/script>\n","description":"Depuis 2012, les h\u00f4pitaux de Saint-Maurice s\u2019inscrivent dans une d\u00e9marche d\u2019attractivit\u00e9 et de fid\u00e9lisation de leur personnel infirmier exer\u00e7ant en psychiatrie. Apr\u00e8s une phase d\u2019\u00e9laboration d\u2019un diagnostic partag\u00e9, un groupe de travail a tenu compte de la nouvelle d\u00e9mographie infirmi\u00e8re en \u00cele-de-France pour resserrer ces objectifs autour de la fid\u00e9lisation. Cet axe de travail a mobilis\u00e9 diff\u00e9rents acteurs afin de professionnaliser les parcours d\u2019int\u00e9gration des infirmiers en psychiatrie. La DRH s\u2019est appliqu\u00e9e \u00e0 repenser le tutorat des infirmiers novices, de la construction d\u2019un r\u00e9f\u00e9rentiel de formation adapt\u00e9 au recrutement et \u00e0 l\u2019animation du groupe de tuteurs en passant par une d\u00e9marche de partage de bonnes pratiques de l\u2019encadrement de proximit\u00e9. Ainsi, le projet se r\u00e9alise \u00e0 la fois au plan institutionnel et au niveau de l\u2019encadrement de proximit\u00e9 pour une meilleure implantation dans une logique de management participatif."}