

{"version":"1.0","provider_name":"Gestions hospitali\u00e8res","provider_url":"https:\/\/www.ricom-web8.com\/gestions","author_name":"yann Le Sager","author_url":"https:\/\/www.ricom-web8.com\/gestions\/author\/lesager-yannstudioricom-com\/","title":"Parcours et coordination\u2026 - Gestions hospitali\u00e8res","type":"rich","width":600,"height":338,"html":"<blockquote class=\"wp-embedded-content\" data-secret=\"TLRU6ko9aE\"><a href=\"https:\/\/www.ricom-web8.com\/gestions\/parcours-et-coordination\/\">Parcours et coordination\u2026<\/a><\/blockquote><iframe sandbox=\"allow-scripts\" security=\"restricted\" src=\"https:\/\/www.ricom-web8.com\/gestions\/parcours-et-coordination\/embed\/#?secret=TLRU6ko9aE\" width=\"600\" height=\"338\" title=\"\u00ab\u00a0Parcours et coordination\u2026\u00a0\u00bb &#8212; Gestions hospitali\u00e8res\" data-secret=\"TLRU6ko9aE\" frameborder=\"0\" marginwidth=\"0\" marginheight=\"0\" scrolling=\"no\" class=\"wp-embedded-content\"><\/iframe><script type=\"text\/javascript\">\n\/* <![CDATA[ *\/\n\/*! This file is auto-generated *\/\n!function(d,l){\"use strict\";l.querySelector&&d.addEventListener&&\"undefined\"!=typeof URL&&(d.wp=d.wp||{},d.wp.receiveEmbedMessage||(d.wp.receiveEmbedMessage=function(e){var t=e.data;if((t||t.secret||t.message||t.value)&&!\/[^a-zA-Z0-9]\/.test(t.secret)){for(var s,r,n,a=l.querySelectorAll('iframe[data-secret=\"'+t.secret+'\"]'),o=l.querySelectorAll('blockquote[data-secret=\"'+t.secret+'\"]'),c=new RegExp(\"^https?:$\",\"i\"),i=0;i<o.length;i++)o[i].style.display=\"none\";for(i=0;i<a.length;i++)s=a[i],e.source===s.contentWindow&&(s.removeAttribute(\"style\"),\"height\"===t.message?(1e3<(r=parseInt(t.value,10))?r=1e3:~~r<200&&(r=200),s.height=r):\"link\"===t.message&&(r=new URL(s.getAttribute(\"src\")),n=new URL(t.value),c.test(n.protocol))&&n.host===r.host&&l.activeElement===s&&(d.top.location.href=t.value))}},d.addEventListener(\"message\",d.wp.receiveEmbedMessage,!1),l.addEventListener(\"DOMContentLoaded\",function(){for(var e,t,s=l.querySelectorAll(\"iframe.wp-embedded-content\"),r=0;r<s.length;r++)(t=(e=s[r]).getAttribute(\"data-secret\"))||(t=Math.random().toString(36).substring(2,12),e.src+=\"#?secret=\"+t,e.setAttribute(\"data-secret\",t)),e.contentWindow.postMessage({message:\"ready\",secret:t},\"*\")},!1)))}(window,document);\n\/* ]]> *\/\n<\/script>\n","description":"D\u00e9j\u00e0 utilis\u00e9 dans le secteur sanitaire, le parcours s\u2019impose d\u00e9sormais comme un paradigme rempla\u00e7ant ou transcendant peu \u00e0 peu ceux de fili\u00e8res et d\u2019\u00e9tablissements qui constituaient le maillage institutionnel du secteur de l\u2019action m\u00e9dico-sociale. La primaut\u00e9 du parcours ent\u00e9rine le \u00ab\u2009recentrage sur la personne\u2009\u00bb, \u00e9voqu\u00e9 par les textes l\u00e9gislatifs de ces derni\u00e8res d\u00e9cennies, et signe l\u2019adoption d\u2019une vision dynamique de l\u2019existence. Fondamentalement, c\u2019est donc un mod\u00e8le historique qui est en train de muter. Les cons\u00e9quences s\u2019av\u00e8rent multiples, que ce soit sur le regard port\u00e9 sur la personne en situation de handicap et ses besoins, sur les prestations propos\u00e9es et les pratiques professionnelles, ainsi que sur les organisations et le partenariat envisag\u00e9s.","thumbnail_url":"https:\/\/gestions-hospitalieres.fr\/wp-content\/uploads\/2014_395_2.png"}