

{"version":"1.0","provider_name":"Gestions hospitali\u00e8res","provider_url":"https:\/\/www.ricom-web8.com\/gestions","author_name":"Gestions hospitali\u00e8res","author_url":"https:\/\/www.ricom-web8.com\/gestions\/author\/benjamin\/","title":"Petite histoire de la prise en charge psychiatrique - Gestions hospitali\u00e8res","type":"rich","width":600,"height":338,"html":"<blockquote class=\"wp-embedded-content\" data-secret=\"1g3lc9TdWY\"><a href=\"https:\/\/www.ricom-web8.com\/gestions\/petite-histoire-de-prise-charge-psychiatrique\/\">Petite histoire de la prise en charge psychiatrique<\/a><\/blockquote><iframe sandbox=\"allow-scripts\" security=\"restricted\" src=\"https:\/\/www.ricom-web8.com\/gestions\/petite-histoire-de-prise-charge-psychiatrique\/embed\/#?secret=1g3lc9TdWY\" width=\"600\" height=\"338\" title=\"\u00ab\u00a0Petite histoire de la prise en charge psychiatrique\u00a0\u00bb &#8212; Gestions hospitali\u00e8res\" data-secret=\"1g3lc9TdWY\" frameborder=\"0\" marginwidth=\"0\" marginheight=\"0\" scrolling=\"no\" class=\"wp-embedded-content\"><\/iframe><script type=\"text\/javascript\">\n\/* <![CDATA[ *\/\n\/*! This file is auto-generated *\/\n!function(d,l){\"use strict\";l.querySelector&&d.addEventListener&&\"undefined\"!=typeof URL&&(d.wp=d.wp||{},d.wp.receiveEmbedMessage||(d.wp.receiveEmbedMessage=function(e){var t=e.data;if((t||t.secret||t.message||t.value)&&!\/[^a-zA-Z0-9]\/.test(t.secret)){for(var s,r,n,a=l.querySelectorAll('iframe[data-secret=\"'+t.secret+'\"]'),o=l.querySelectorAll('blockquote[data-secret=\"'+t.secret+'\"]'),c=new RegExp(\"^https?:$\",\"i\"),i=0;i<o.length;i++)o[i].style.display=\"none\";for(i=0;i<a.length;i++)s=a[i],e.source===s.contentWindow&&(s.removeAttribute(\"style\"),\"height\"===t.message?(1e3<(r=parseInt(t.value,10))?r=1e3:~~r<200&&(r=200),s.height=r):\"link\"===t.message&&(r=new URL(s.getAttribute(\"src\")),n=new URL(t.value),c.test(n.protocol))&&n.host===r.host&&l.activeElement===s&&(d.top.location.href=t.value))}},d.addEventListener(\"message\",d.wp.receiveEmbedMessage,!1),l.addEventListener(\"DOMContentLoaded\",function(){for(var e,t,s=l.querySelectorAll(\"iframe.wp-embedded-content\"),r=0;r<s.length;r++)(t=(e=s[r]).getAttribute(\"data-secret\"))||(t=Math.random().toString(36).substring(2,12),e.src+=\"#?secret=\"+t,e.setAttribute(\"data-secret\",t)),e.contentWindow.postMessage({message:\"ready\",secret:t},\"*\")},!1)))}(window,document);\n\/* ]]> *\/\n<\/script>\n","description":"Si la psychiatrie, comme discipline \u00e0 part enti\u00e8re, n\u2019a vu le jour qu\u2019au d\u00e9but du XIXe\u00a0si\u00e8cle, la prise en charge de la folie existe, elle, depuis que des hommes se sont inqui\u00e9t\u00e9s du sort de leurs cong\u00e9n\u00e8res souffrants et ont tent\u00e9 de les aider. D\u00e8s les premiers pas de la m\u00e9decine, cinq si\u00e8cles avant notre \u00e8re, la maladie mentale faisait d\u00e9j\u00e0 l\u2019objet d\u2019analyses et de tentatives de soin. Les m\u00e9decins&hellip;"}