

{"version":"1.0","provider_name":"Gestions hospitali\u00e8res","provider_url":"https:\/\/www.ricom-web8.com\/gestions","author_name":"yann Le Sager","author_url":"https:\/\/www.ricom-web8.com\/gestions\/author\/lesager-yannstudioricom-com\/","title":"Piloter la pr\u00e9vention des risques professionnels - Gestions hospitali\u00e8res","type":"rich","width":600,"height":338,"html":"<blockquote class=\"wp-embedded-content\" data-secret=\"eGaDGhqKYC\"><a href=\"https:\/\/www.ricom-web8.com\/gestions\/piloter-la-prevention-des-risques-professionnels\/\">Piloter la pr\u00e9vention des risques professionnels<\/a><\/blockquote><iframe sandbox=\"allow-scripts\" security=\"restricted\" src=\"https:\/\/www.ricom-web8.com\/gestions\/piloter-la-prevention-des-risques-professionnels\/embed\/#?secret=eGaDGhqKYC\" width=\"600\" height=\"338\" title=\"\u00ab\u00a0Piloter la pr\u00e9vention des risques professionnels\u00a0\u00bb &#8212; Gestions hospitali\u00e8res\" data-secret=\"eGaDGhqKYC\" frameborder=\"0\" marginwidth=\"0\" marginheight=\"0\" scrolling=\"no\" class=\"wp-embedded-content\"><\/iframe><script type=\"text\/javascript\">\n\/* <![CDATA[ *\/\n\/*! This file is auto-generated *\/\n!function(d,l){\"use strict\";l.querySelector&&d.addEventListener&&\"undefined\"!=typeof URL&&(d.wp=d.wp||{},d.wp.receiveEmbedMessage||(d.wp.receiveEmbedMessage=function(e){var t=e.data;if((t||t.secret||t.message||t.value)&&!\/[^a-zA-Z0-9]\/.test(t.secret)){for(var s,r,n,a=l.querySelectorAll('iframe[data-secret=\"'+t.secret+'\"]'),o=l.querySelectorAll('blockquote[data-secret=\"'+t.secret+'\"]'),c=new RegExp(\"^https?:$\",\"i\"),i=0;i<o.length;i++)o[i].style.display=\"none\";for(i=0;i<a.length;i++)s=a[i],e.source===s.contentWindow&&(s.removeAttribute(\"style\"),\"height\"===t.message?(1e3<(r=parseInt(t.value,10))?r=1e3:~~r<200&&(r=200),s.height=r):\"link\"===t.message&&(r=new URL(s.getAttribute(\"src\")),n=new URL(t.value),c.test(n.protocol))&&n.host===r.host&&l.activeElement===s&&(d.top.location.href=t.value))}},d.addEventListener(\"message\",d.wp.receiveEmbedMessage,!1),l.addEventListener(\"DOMContentLoaded\",function(){for(var e,t,s=l.querySelectorAll(\"iframe.wp-embedded-content\"),r=0;r<s.length;r++)(t=(e=s[r]).getAttribute(\"data-secret\"))||(t=Math.random().toString(36).substring(2,12),e.src+=\"#?secret=\"+t,e.setAttribute(\"data-secret\",t)),e.contentWindow.postMessage({message:\"ready\",secret:t},\"*\")},!1)))}(window,document);\n\/* ]]> *\/\n<\/script>\n","description":"\ufeffLa pr\u00e9vention des risques professionnels \u00e9volue au rythme de la soci\u00e9t\u00e9 et de ses grandes crises sanitaires, technologiques et sociales. Au-del\u00e0 d\u2019une simple obligation r\u00e9glementaire, ce champ d\u2019action repr\u00e9sente, au sein des organisations, un enjeu de dialogue social mais aussi de d\u00e9veloppement des ressources humaines. \u00c0 l\u2019heure o\u00f9 la question des risques psychosociaux \u00e9merge avec force dans les relations qu\u2019entretiennent individuellement et collectivement les salari\u00e9s avec leur contexte de travail, la r\u00e9ussite du pilotage de la pr\u00e9vention des risques professionnels en \u00e9tablissement de sant\u00e9 s\u2019appuie sur quelques facteurs cl\u00e9s que sont pluridisciplinarit\u00e9, transversalit\u00e9 et professionnalisation des acteurs."}