

{"version":"1.0","provider_name":"Gestions hospitali\u00e8res","provider_url":"https:\/\/www.ricom-web8.com\/gestions","author_name":"Gestions hospitali\u00e8res","author_url":"https:\/\/www.ricom-web8.com\/gestions\/author\/benjamin\/","title":"Le poids \u00e9conomique de la fili\u00e8re sant\u00e9 en PACA - Gestions hospitali\u00e8res","type":"rich","width":600,"height":338,"html":"<blockquote class=\"wp-embedded-content\" data-secret=\"PsdMIt4SbG\"><a href=\"https:\/\/www.ricom-web8.com\/gestions\/poids-economique-de-filiere-sante-paca\/\">Le poids \u00e9conomique de la fili\u00e8re sant\u00e9 en PACA<\/a><\/blockquote><iframe sandbox=\"allow-scripts\" security=\"restricted\" src=\"https:\/\/www.ricom-web8.com\/gestions\/poids-economique-de-filiere-sante-paca\/embed\/#?secret=PsdMIt4SbG\" width=\"600\" height=\"338\" title=\"\u00ab\u00a0Le poids \u00e9conomique de la fili\u00e8re sant\u00e9 en PACA\u00a0\u00bb &#8212; Gestions hospitali\u00e8res\" data-secret=\"PsdMIt4SbG\" frameborder=\"0\" marginwidth=\"0\" marginheight=\"0\" scrolling=\"no\" class=\"wp-embedded-content\"><\/iframe><script type=\"text\/javascript\">\n\/* <![CDATA[ *\/\n\/*! This file is auto-generated *\/\n!function(d,l){\"use strict\";l.querySelector&&d.addEventListener&&\"undefined\"!=typeof URL&&(d.wp=d.wp||{},d.wp.receiveEmbedMessage||(d.wp.receiveEmbedMessage=function(e){var t=e.data;if((t||t.secret||t.message||t.value)&&!\/[^a-zA-Z0-9]\/.test(t.secret)){for(var s,r,n,a=l.querySelectorAll('iframe[data-secret=\"'+t.secret+'\"]'),o=l.querySelectorAll('blockquote[data-secret=\"'+t.secret+'\"]'),c=new RegExp(\"^https?:$\",\"i\"),i=0;i<o.length;i++)o[i].style.display=\"none\";for(i=0;i<a.length;i++)s=a[i],e.source===s.contentWindow&&(s.removeAttribute(\"style\"),\"height\"===t.message?(1e3<(r=parseInt(t.value,10))?r=1e3:~~r<200&&(r=200),s.height=r):\"link\"===t.message&&(r=new URL(s.getAttribute(\"src\")),n=new URL(t.value),c.test(n.protocol))&&n.host===r.host&&l.activeElement===s&&(d.top.location.href=t.value))}},d.addEventListener(\"message\",d.wp.receiveEmbedMessage,!1),l.addEventListener(\"DOMContentLoaded\",function(){for(var e,t,s=l.querySelectorAll(\"iframe.wp-embedded-content\"),r=0;r<s.length;r++)(t=(e=s[r]).getAttribute(\"data-secret\"))||(t=Math.random().toString(36).substring(2,12),e.src+=\"#?secret=\"+t,e.setAttribute(\"data-secret\",t)),e.contentWindow.postMessage({message:\"ready\",secret:t},\"*\")},!1)))}(window,document);\n\/* ]]> *\/\n<\/script>\n","description":"Les d\u00e9penses en sant\u00e9 Un enjeu \u00e9conomique de nos soci\u00e9t\u00e9s contemporaines La plupart des pays d\u00e9velopp\u00e9s connaissent un ph\u00e9nom\u00e8ne commun de croissance des d\u00e9penses de sant\u00e9 dont la ma\u00eetrise est aujourd\u2019hui une priorit\u00e9. Cette croissance, plus rapide que leur \u00e9conomie, est en partie li\u00e9e \u00e0 des ph\u00e9nom\u00e8nes structurels : progr\u00e8s des techniques m\u00e9dicales, apparition de nouvelles pathologies, vieillissement de la population, \u00e9l\u00e9vation du niveau de vie. En France, la consommation&hellip;"}