

{"version":"1.0","provider_name":"Gestions hospitali\u00e8res","provider_url":"https:\/\/www.ricom-web8.com\/gestions","author_name":"Gestions hospitali\u00e8res","author_url":"https:\/\/www.ricom-web8.com\/gestions\/author\/benjamin\/","title":"Prendre soin du travail pour travailler le \u00ab\u2009prendre soin\u2009\u00bb - Gestions hospitali\u00e8res","type":"rich","width":600,"height":338,"html":"<blockquote class=\"wp-embedded-content\" data-secret=\"HRcrROrnn1\"><a href=\"https:\/\/www.ricom-web8.com\/gestions\/prendre-soin-travail-travailler-%e2%80%89prendre-soin%e2%80%89\/\">Prendre soin du travail pour travailler le \u00ab\u2009prendre soin\u2009\u00bb<\/a><\/blockquote><iframe sandbox=\"allow-scripts\" security=\"restricted\" src=\"https:\/\/www.ricom-web8.com\/gestions\/prendre-soin-travail-travailler-%e2%80%89prendre-soin%e2%80%89\/embed\/#?secret=HRcrROrnn1\" width=\"600\" height=\"338\" title=\"\u00ab\u00a0Prendre soin du travail pour travailler le \u00ab\u2009prendre soin\u2009\u00bb\u00a0\u00bb &#8212; Gestions hospitali\u00e8res\" data-secret=\"HRcrROrnn1\" frameborder=\"0\" marginwidth=\"0\" marginheight=\"0\" scrolling=\"no\" class=\"wp-embedded-content\"><\/iframe><script type=\"text\/javascript\">\n\/* <![CDATA[ *\/\n\/*! This file is auto-generated *\/\n!function(d,l){\"use strict\";l.querySelector&&d.addEventListener&&\"undefined\"!=typeof URL&&(d.wp=d.wp||{},d.wp.receiveEmbedMessage||(d.wp.receiveEmbedMessage=function(e){var t=e.data;if((t||t.secret||t.message||t.value)&&!\/[^a-zA-Z0-9]\/.test(t.secret)){for(var s,r,n,a=l.querySelectorAll('iframe[data-secret=\"'+t.secret+'\"]'),o=l.querySelectorAll('blockquote[data-secret=\"'+t.secret+'\"]'),c=new RegExp(\"^https?:$\",\"i\"),i=0;i<o.length;i++)o[i].style.display=\"none\";for(i=0;i<a.length;i++)s=a[i],e.source===s.contentWindow&&(s.removeAttribute(\"style\"),\"height\"===t.message?(1e3<(r=parseInt(t.value,10))?r=1e3:~~r<200&&(r=200),s.height=r):\"link\"===t.message&&(r=new URL(s.getAttribute(\"src\")),n=new URL(t.value),c.test(n.protocol))&&n.host===r.host&&l.activeElement===s&&(d.top.location.href=t.value))}},d.addEventListener(\"message\",d.wp.receiveEmbedMessage,!1),l.addEventListener(\"DOMContentLoaded\",function(){for(var e,t,s=l.querySelectorAll(\"iframe.wp-embedded-content\"),r=0;r<s.length;r++)(t=(e=s[r]).getAttribute(\"data-secret\"))||(t=Math.random().toString(36).substring(2,12),e.src+=\"#?secret=\"+t,e.setAttribute(\"data-secret\",t)),e.contentWindow.postMessage({message:\"ready\",secret:t},\"*\")},!1)))}(window,document);\n\/* ]]> *\/\n<\/script>\n","description":"Jamais les questions du travail n\u2019ont \u00e9t\u00e9 aussi pr\u00e9sentes que ces derni\u00e8res ann\u00e9es dans les discours sociaux, manag\u00e9riaux et politiques. L\u2019h\u00f4pital et les m\u00e9tiers de la psychiatrie n\u2019\u00e9chappent pas \u00e0 ce mouvement d\u2019ensemble. Pour autant, au-del\u00e0 des r\u00e9sultats d\u2019activit\u00e9 et des proc\u00e9dures, que sait-on r\u00e9ellement du travail des soignants en g\u00e9n\u00e9ral et de l\u2019activit\u00e9 concr\u00e8te d\u00e9ploy\u00e9e par les professionnels infirmiers en particulier\u2009? Que conna\u00eet-on du \u00ab\u2009r\u00f4le propre\u2009\u00bb de l\u2019infirmier en&hellip;"}