

{"version":"1.0","provider_name":"Gestions hospitali\u00e8res","provider_url":"https:\/\/www.ricom-web8.com\/gestions","author_name":"Gestions hospitali\u00e8res","author_url":"https:\/\/www.ricom-web8.com\/gestions\/author\/benjamin\/","title":"Professionnalisation des infirmi\u00e8res\u2009: o\u00f9 en est-on\u2009? - Gestions hospitali\u00e8res","type":"rich","width":600,"height":338,"html":"<blockquote class=\"wp-embedded-content\" data-secret=\"jeMnpew3Y4\"><a href=\"https:\/\/www.ricom-web8.com\/gestions\/professionnalisation-des-infirmieres-ou-en-est-on\/\">Professionnalisation des infirmi\u00e8res\u2009: o\u00f9 en est-on\u2009?<\/a><\/blockquote><iframe sandbox=\"allow-scripts\" security=\"restricted\" src=\"https:\/\/www.ricom-web8.com\/gestions\/professionnalisation-des-infirmieres-ou-en-est-on\/embed\/#?secret=jeMnpew3Y4\" width=\"600\" height=\"338\" title=\"\u00ab\u00a0Professionnalisation des infirmi\u00e8res\u2009: o\u00f9 en est-on\u2009?\u00a0\u00bb &#8212; Gestions hospitali\u00e8res\" data-secret=\"jeMnpew3Y4\" frameborder=\"0\" marginwidth=\"0\" marginheight=\"0\" scrolling=\"no\" class=\"wp-embedded-content\"><\/iframe><script type=\"text\/javascript\">\n\/* <![CDATA[ *\/\n\/*! This file is auto-generated *\/\n!function(d,l){\"use strict\";l.querySelector&&d.addEventListener&&\"undefined\"!=typeof URL&&(d.wp=d.wp||{},d.wp.receiveEmbedMessage||(d.wp.receiveEmbedMessage=function(e){var t=e.data;if((t||t.secret||t.message||t.value)&&!\/[^a-zA-Z0-9]\/.test(t.secret)){for(var s,r,n,a=l.querySelectorAll('iframe[data-secret=\"'+t.secret+'\"]'),o=l.querySelectorAll('blockquote[data-secret=\"'+t.secret+'\"]'),c=new RegExp(\"^https?:$\",\"i\"),i=0;i<o.length;i++)o[i].style.display=\"none\";for(i=0;i<a.length;i++)s=a[i],e.source===s.contentWindow&&(s.removeAttribute(\"style\"),\"height\"===t.message?(1e3<(r=parseInt(t.value,10))?r=1e3:~~r<200&&(r=200),s.height=r):\"link\"===t.message&&(r=new URL(s.getAttribute(\"src\")),n=new URL(t.value),c.test(n.protocol))&&n.host===r.host&&l.activeElement===s&&(d.top.location.href=t.value))}},d.addEventListener(\"message\",d.wp.receiveEmbedMessage,!1),l.addEventListener(\"DOMContentLoaded\",function(){for(var e,t,s=l.querySelectorAll(\"iframe.wp-embedded-content\"),r=0;r<s.length;r++)(t=(e=s[r]).getAttribute(\"data-secret\"))||(t=Math.random().toString(36).substring(2,12),e.src+=\"#?secret=\"+t,e.setAttribute(\"data-secret\",t)),e.contentWindow.postMessage({message:\"ready\",secret:t},\"*\")},!1)))}(window,document);\n\/* ]]> *\/\n<\/script>\n","description":"Notre recherche qualitative \u00e0 orientation sociologique s\u2019int\u00e9resse au groupe professionnel des infirmiers(2) en France. La profession a connu ces derni\u00e8res ann\u00e9es des transformations qui illustrent les \u00e9tapes de la\u00a0 professionnalisation r\u00e9cente des infirmi\u00e8res. Selon le sociologe R.K.\u00a0Merton, c\u2019est \u00ab\u2009le processus historique par lequel une activit\u00e9 (occupation) devient une profession du fait qu\u2019elle se dote d\u2019un cursus universitaire qui transforme des connaissances empiriques acquises par exp\u00e9rience en savoirs scientifiques(3)\u2009\u00bb. En effet,&hellip;"}