

{"version":"1.0","provider_name":"Gestions hospitali\u00e8res","provider_url":"https:\/\/www.ricom-web8.com\/gestions","author_name":"Gestions hospitali\u00e8res","author_url":"https:\/\/www.ricom-web8.com\/gestions\/author\/benjamin\/","title":"Protection de la sant\u00e9 entre \u00c9tat et r\u00e9gions - Gestions hospitali\u00e8res","type":"rich","width":600,"height":338,"html":"<blockquote class=\"wp-embedded-content\" data-secret=\"TCo4inbpEO\"><a href=\"https:\/\/www.ricom-web8.com\/gestions\/protection-de-sante-entre-etat-regions\/\">Protection de la sant\u00e9 entre \u00c9tat et r\u00e9gions<\/a><\/blockquote><iframe sandbox=\"allow-scripts\" security=\"restricted\" src=\"https:\/\/www.ricom-web8.com\/gestions\/protection-de-sante-entre-etat-regions\/embed\/#?secret=TCo4inbpEO\" width=\"600\" height=\"338\" title=\"\u00ab\u00a0Protection de la sant\u00e9 entre \u00c9tat et r\u00e9gions\u00a0\u00bb &#8212; Gestions hospitali\u00e8res\" data-secret=\"TCo4inbpEO\" frameborder=\"0\" marginwidth=\"0\" marginheight=\"0\" scrolling=\"no\" class=\"wp-embedded-content\"><\/iframe><script type=\"text\/javascript\">\n\/* <![CDATA[ *\/\n\/*! This file is auto-generated *\/\n!function(d,l){\"use strict\";l.querySelector&&d.addEventListener&&\"undefined\"!=typeof URL&&(d.wp=d.wp||{},d.wp.receiveEmbedMessage||(d.wp.receiveEmbedMessage=function(e){var t=e.data;if((t||t.secret||t.message||t.value)&&!\/[^a-zA-Z0-9]\/.test(t.secret)){for(var s,r,n,a=l.querySelectorAll('iframe[data-secret=\"'+t.secret+'\"]'),o=l.querySelectorAll('blockquote[data-secret=\"'+t.secret+'\"]'),c=new RegExp(\"^https?:$\",\"i\"),i=0;i<o.length;i++)o[i].style.display=\"none\";for(i=0;i<a.length;i++)s=a[i],e.source===s.contentWindow&&(s.removeAttribute(\"style\"),\"height\"===t.message?(1e3<(r=parseInt(t.value,10))?r=1e3:~~r<200&&(r=200),s.height=r):\"link\"===t.message&&(r=new URL(s.getAttribute(\"src\")),n=new URL(t.value),c.test(n.protocol))&&n.host===r.host&&l.activeElement===s&&(d.top.location.href=t.value))}},d.addEventListener(\"message\",d.wp.receiveEmbedMessage,!1),l.addEventListener(\"DOMContentLoaded\",function(){for(var e,t,s=l.querySelectorAll(\"iframe.wp-embedded-content\"),r=0;r<s.length;r++)(t=(e=s[r]).getAttribute(\"data-secret\"))||(t=Math.random().toString(36).substring(2,12),e.src+=\"#?secret=\"+t,e.setAttribute(\"data-secret\",t)),e.contentWindow.postMessage({message:\"ready\",secret:t},\"*\")},!1)))}(window,document);\n\/* ]]> *\/\n<\/script>\n","description":"Le principe europ\u00e9en de pr\u00e9caution (1), non seulement a pleine application dans le domaine de la sant\u00e9, mais il doit aussi \u00eatre employ\u00e9 comme crit\u00e8re g\u00e9n\u00e9ral de l\u2019action administrative dans ce secteur, en strict rapport avec les autres, en particulier la subsidiarit\u00e9 et la proportionnalit\u00e9. Il faut tout d\u2019abord apporter quelques pr\u00e9cisions sur l\u2019application du principe de pr\u00e9caution dans notre syst\u00e8me juridique et administratif actuel, puis rechercher si ce principe&hellip;"}