

{"version":"1.0","provider_name":"Gestions hospitali\u00e8res","provider_url":"https:\/\/www.ricom-web8.com\/gestions","author_name":"Gestions hospitali\u00e8res","author_url":"https:\/\/www.ricom-web8.com\/gestions\/author\/benjamin\/","title":"Psychiatrie et territoire\u2009? - Gestions hospitali\u00e8res","type":"rich","width":600,"height":338,"html":"<blockquote class=\"wp-embedded-content\" data-secret=\"YfFOPzGENB\"><a href=\"https:\/\/www.ricom-web8.com\/gestions\/psychiatrie-et-territoire\/\">Psychiatrie et territoire\u2009?<\/a><\/blockquote><iframe sandbox=\"allow-scripts\" security=\"restricted\" src=\"https:\/\/www.ricom-web8.com\/gestions\/psychiatrie-et-territoire\/embed\/#?secret=YfFOPzGENB\" width=\"600\" height=\"338\" title=\"\u00ab\u00a0Psychiatrie et territoire\u2009?\u00a0\u00bb &#8212; Gestions hospitali\u00e8res\" data-secret=\"YfFOPzGENB\" frameborder=\"0\" marginwidth=\"0\" marginheight=\"0\" scrolling=\"no\" class=\"wp-embedded-content\"><\/iframe><script type=\"text\/javascript\">\n\/* <![CDATA[ *\/\n\/*! This file is auto-generated *\/\n!function(d,l){\"use strict\";l.querySelector&&d.addEventListener&&\"undefined\"!=typeof URL&&(d.wp=d.wp||{},d.wp.receiveEmbedMessage||(d.wp.receiveEmbedMessage=function(e){var t=e.data;if((t||t.secret||t.message||t.value)&&!\/[^a-zA-Z0-9]\/.test(t.secret)){for(var s,r,n,a=l.querySelectorAll('iframe[data-secret=\"'+t.secret+'\"]'),o=l.querySelectorAll('blockquote[data-secret=\"'+t.secret+'\"]'),c=new RegExp(\"^https?:$\",\"i\"),i=0;i<o.length;i++)o[i].style.display=\"none\";for(i=0;i<a.length;i++)s=a[i],e.source===s.contentWindow&&(s.removeAttribute(\"style\"),\"height\"===t.message?(1e3<(r=parseInt(t.value,10))?r=1e3:~~r<200&&(r=200),s.height=r):\"link\"===t.message&&(r=new URL(s.getAttribute(\"src\")),n=new URL(t.value),c.test(n.protocol))&&n.host===r.host&&l.activeElement===s&&(d.top.location.href=t.value))}},d.addEventListener(\"message\",d.wp.receiveEmbedMessage,!1),l.addEventListener(\"DOMContentLoaded\",function(){for(var e,t,s=l.querySelectorAll(\"iframe.wp-embedded-content\"),r=0;r<s.length;r++)(t=(e=s[r]).getAttribute(\"data-secret\"))||(t=Math.random().toString(36).substring(2,12),e.src+=\"#?secret=\"+t,e.setAttribute(\"data-secret\",t)),e.contentWindow.postMessage({message:\"ready\",secret:t},\"*\")},!1)))}(window,document);\n\/* ]]> *\/\n<\/script>\n","description":"Faut-il proposer une nouvelle p\u00e9riodisation de l\u2019histoire de la psychiatrie\u2009? Il existe diverses p\u00e9riodisations de l\u2019histoire de la psychiatrie, toutes passionnantes et informatives(1). Elles oublient parfois cette id\u00e9e que \u00ab\u2009les faits [ne] sont [que] des clous \u00e0 quoi accrocher l\u2019id\u00e9e(2)\u00bb. D\u2019autres p\u00e9riodisations, visent \u00e0 soutenir une id\u00e9e. L\u2019arch\u00e9type ici est \u00e9videmment celui fournit par Michel Foucault(3). L\u2019existence m\u00eame de ces diff\u00e9rentes p\u00e9riodisations ou familles de p\u00e9riodisations est caract\u00e9ristique d\u2019une activit\u00e9&hellip;"}