

{"version":"1.0","provider_name":"Gestions hospitali\u00e8res","provider_url":"https:\/\/www.ricom-web8.com\/gestions","author_name":"Gestions hospitali\u00e8res","author_url":"https:\/\/www.ricom-web8.com\/gestions\/author\/benjamin\/","title":"Psychiatrie et sant\u00e9 mentale - Gestions hospitali\u00e8res","type":"rich","width":600,"height":338,"html":"<blockquote class=\"wp-embedded-content\" data-secret=\"VOOidlQ7yQ\"><a href=\"https:\/\/www.ricom-web8.com\/gestions\/psychiatrie-sante-mentale\/\">Psychiatrie et sant\u00e9 mentale<\/a><\/blockquote><iframe sandbox=\"allow-scripts\" security=\"restricted\" src=\"https:\/\/www.ricom-web8.com\/gestions\/psychiatrie-sante-mentale\/embed\/#?secret=VOOidlQ7yQ\" width=\"600\" height=\"338\" title=\"\u00ab\u00a0Psychiatrie et sant\u00e9 mentale\u00a0\u00bb &#8212; Gestions hospitali\u00e8res\" data-secret=\"VOOidlQ7yQ\" frameborder=\"0\" marginwidth=\"0\" marginheight=\"0\" scrolling=\"no\" class=\"wp-embedded-content\"><\/iframe><script type=\"text\/javascript\">\n\/* <![CDATA[ *\/\n\/*! This file is auto-generated *\/\n!function(d,l){\"use strict\";l.querySelector&&d.addEventListener&&\"undefined\"!=typeof URL&&(d.wp=d.wp||{},d.wp.receiveEmbedMessage||(d.wp.receiveEmbedMessage=function(e){var t=e.data;if((t||t.secret||t.message||t.value)&&!\/[^a-zA-Z0-9]\/.test(t.secret)){for(var s,r,n,a=l.querySelectorAll('iframe[data-secret=\"'+t.secret+'\"]'),o=l.querySelectorAll('blockquote[data-secret=\"'+t.secret+'\"]'),c=new RegExp(\"^https?:$\",\"i\"),i=0;i<o.length;i++)o[i].style.display=\"none\";for(i=0;i<a.length;i++)s=a[i],e.source===s.contentWindow&&(s.removeAttribute(\"style\"),\"height\"===t.message?(1e3<(r=parseInt(t.value,10))?r=1e3:~~r<200&&(r=200),s.height=r):\"link\"===t.message&&(r=new URL(s.getAttribute(\"src\")),n=new URL(t.value),c.test(n.protocol))&&n.host===r.host&&l.activeElement===s&&(d.top.location.href=t.value))}},d.addEventListener(\"message\",d.wp.receiveEmbedMessage,!1),l.addEventListener(\"DOMContentLoaded\",function(){for(var e,t,s=l.querySelectorAll(\"iframe.wp-embedded-content\"),r=0;r<s.length;r++)(t=(e=s[r]).getAttribute(\"data-secret\"))||(t=Math.random().toString(36).substring(2,12),e.src+=\"#?secret=\"+t,e.setAttribute(\"data-secret\",t)),e.contentWindow.postMessage({message:\"ready\",secret:t},\"*\")},!1)))}(window,document);\n\/* ]]> *\/\n<\/script>\n","description":"Selon l\u2019Organisation mondiale de la sant\u00e9 (OMS), une personne sur quatre dans le monde sera concern\u00e9e \u00e0 un moment ou \u00e0 autre de sa vie par un trouble mental(1). En 2014, cette m\u00eame OMS, dans son rapport sur la sant\u00e9 mentale des adolescents, r\u00e9v\u00e9lait que \u00ab\u2009la d\u00e9pression est la principale cause de maladie et de handicap chez les gar\u00e7ons et les filles \u00e2g\u00e9s de 10 \u00e0 19\u202fans\u2009\u00bb. Pour l\u2019ensemble de&hellip;"}