

{"version":"1.0","provider_name":"Gestions hospitali\u00e8res","provider_url":"https:\/\/www.ricom-web8.com\/gestions","author_name":"yann Le Sager","author_url":"https:\/\/www.ricom-web8.com\/gestions\/author\/lesager-yannstudioricom-com\/","title":"Qualit\u00e9 et s\u00e9curit\u00e9 \u00e0 l\u2019\u00e9chelle europ\u00e9enne - Gestions hospitali\u00e8res","type":"rich","width":600,"height":338,"html":"<blockquote class=\"wp-embedded-content\" data-secret=\"kgGhdm0v8P\"><a href=\"https:\/\/www.ricom-web8.com\/gestions\/qualite-et-securite-a-lechelle-europeenne\/\">Qualit\u00e9 et s\u00e9curit\u00e9 \u00e0 l\u2019\u00e9chelle europ\u00e9enne<\/a><\/blockquote><iframe sandbox=\"allow-scripts\" security=\"restricted\" src=\"https:\/\/www.ricom-web8.com\/gestions\/qualite-et-securite-a-lechelle-europeenne\/embed\/#?secret=kgGhdm0v8P\" width=\"600\" height=\"338\" title=\"\u00ab\u00a0Qualit\u00e9 et s\u00e9curit\u00e9 \u00e0 l\u2019\u00e9chelle europ\u00e9enne\u00a0\u00bb &#8212; Gestions hospitali\u00e8res\" data-secret=\"kgGhdm0v8P\" frameborder=\"0\" marginwidth=\"0\" marginheight=\"0\" scrolling=\"no\" class=\"wp-embedded-content\"><\/iframe><script type=\"text\/javascript\">\n\/* <![CDATA[ *\/\n\/*! This file is auto-generated *\/\n!function(d,l){\"use strict\";l.querySelector&&d.addEventListener&&\"undefined\"!=typeof URL&&(d.wp=d.wp||{},d.wp.receiveEmbedMessage||(d.wp.receiveEmbedMessage=function(e){var t=e.data;if((t||t.secret||t.message||t.value)&&!\/[^a-zA-Z0-9]\/.test(t.secret)){for(var s,r,n,a=l.querySelectorAll('iframe[data-secret=\"'+t.secret+'\"]'),o=l.querySelectorAll('blockquote[data-secret=\"'+t.secret+'\"]'),c=new RegExp(\"^https?:$\",\"i\"),i=0;i<o.length;i++)o[i].style.display=\"none\";for(i=0;i<a.length;i++)s=a[i],e.source===s.contentWindow&&(s.removeAttribute(\"style\"),\"height\"===t.message?(1e3<(r=parseInt(t.value,10))?r=1e3:~~r<200&&(r=200),s.height=r):\"link\"===t.message&&(r=new URL(s.getAttribute(\"src\")),n=new URL(t.value),c.test(n.protocol))&&n.host===r.host&&l.activeElement===s&&(d.top.location.href=t.value))}},d.addEventListener(\"message\",d.wp.receiveEmbedMessage,!1),l.addEventListener(\"DOMContentLoaded\",function(){for(var e,t,s=l.querySelectorAll(\"iframe.wp-embedded-content\"),r=0;r<s.length;r++)(t=(e=s[r]).getAttribute(\"data-secret\"))||(t=Math.random().toString(36).substring(2,12),e.src+=\"#?secret=\"+t,e.setAttribute(\"data-secret\",t)),e.contentWindow.postMessage({message:\"ready\",secret:t},\"*\")},!1)))}(window,document);\n\/* ]]> *\/\n<\/script>\n","description":"Avec l\u2019essor de technologies innovantes et d\u2019usages multiples (big data, donne\u0301es me\u0301dicales circulantes, paiement e\u0301lectronique, te\u0301le\u0301sante\u0301, smartphone...), Internet change la re\u0301alite\u0301 de la sante\u0301 mais il offre de nouvelles vulne\u0301rabilite\u0301s et opportunite\u0301s sans frontie\u0300res. Ces difficulte\u0301s sont aggrave\u0301es par les confusions de mai\u0302trises d\u2019ouvrage et d\u2019\u0153uvre, entrai\u0302nant des difficulte\u0301s d\u2019investissement. Aux cou\u0302ts de la qualite\u0301 et de la se\u0301curite\u0301 en matie\u0300re d\u2019e-sante\u0301 s\u2019ajoutent ceux de la non-qualite\u0301 pour la population. A\u0300 ces besoins ave\u0301re\u0301s s\u2019impose une formation professionnalisante adapte\u0301e a\u0300 l\u2019e\u0301chelle europe\u0301enne."}