

{"version":"1.0","provider_name":"Gestions hospitali\u00e8res","provider_url":"https:\/\/www.ricom-web8.com\/gestions","author_name":"Gestions hospitali\u00e8res","author_url":"https:\/\/www.ricom-web8.com\/gestions\/author\/benjamin\/","title":"Symbiose, cr\u00e9ativit\u00e9 et excellence - Gestions hospitali\u00e8res","type":"rich","width":600,"height":338,"html":"<blockquote class=\"wp-embedded-content\" data-secret=\"oMPdrQmfXy\"><a href=\"https:\/\/www.ricom-web8.com\/gestions\/redynamiser-modele-francais-de-creativite-de-symbiose\/\">Symbiose, cr\u00e9ativit\u00e9 et excellence<\/a><\/blockquote><iframe sandbox=\"allow-scripts\" security=\"restricted\" src=\"https:\/\/www.ricom-web8.com\/gestions\/redynamiser-modele-francais-de-creativite-de-symbiose\/embed\/#?secret=oMPdrQmfXy\" width=\"600\" height=\"338\" title=\"\u00ab\u00a0Symbiose, cr\u00e9ativit\u00e9 et excellence\u00a0\u00bb &#8212; Gestions hospitali\u00e8res\" data-secret=\"oMPdrQmfXy\" frameborder=\"0\" marginwidth=\"0\" marginheight=\"0\" scrolling=\"no\" class=\"wp-embedded-content\"><\/iframe><script type=\"text\/javascript\">\n\/* <![CDATA[ *\/\n\/*! This file is auto-generated *\/\n!function(d,l){\"use strict\";l.querySelector&&d.addEventListener&&\"undefined\"!=typeof URL&&(d.wp=d.wp||{},d.wp.receiveEmbedMessage||(d.wp.receiveEmbedMessage=function(e){var t=e.data;if((t||t.secret||t.message||t.value)&&!\/[^a-zA-Z0-9]\/.test(t.secret)){for(var s,r,n,a=l.querySelectorAll('iframe[data-secret=\"'+t.secret+'\"]'),o=l.querySelectorAll('blockquote[data-secret=\"'+t.secret+'\"]'),c=new RegExp(\"^https?:$\",\"i\"),i=0;i<o.length;i++)o[i].style.display=\"none\";for(i=0;i<a.length;i++)s=a[i],e.source===s.contentWindow&&(s.removeAttribute(\"style\"),\"height\"===t.message?(1e3<(r=parseInt(t.value,10))?r=1e3:~~r<200&&(r=200),s.height=r):\"link\"===t.message&&(r=new URL(s.getAttribute(\"src\")),n=new URL(t.value),c.test(n.protocol))&&n.host===r.host&&l.activeElement===s&&(d.top.location.href=t.value))}},d.addEventListener(\"message\",d.wp.receiveEmbedMessage,!1),l.addEventListener(\"DOMContentLoaded\",function(){for(var e,t,s=l.querySelectorAll(\"iframe.wp-embedded-content\"),r=0;r<s.length;r++)(t=(e=s[r]).getAttribute(\"data-secret\"))||(t=Math.random().toString(36).substring(2,12),e.src+=\"#?secret=\"+t,e.setAttribute(\"data-secret\",t)),e.contentWindow.postMessage({message:\"ready\",secret:t},\"*\")},!1)))}(window,document);\n\/* ]]> *\/\n<\/script>\n","description":"Dans le contexte de l\u2019anniversaire des soixante ans des ordonnances fondatrices du mod\u00e8le des CHU, la ministre des Solidarit\u00e9s et de la Sant\u00e9, Agn\u00e8s Buzyn, et la ministre de l\u2019Enseignement sup\u00e9rieur, de la Recherche et de l\u2019Innovation, Fr\u00e9d\u00e9rique Vidal, ont fix\u00e9 pour mission aux six Conf\u00e9rences du monde hospitalo-universitaire \u2013 les pr\u00e9sidents de commissions m\u00e9dicales d\u2019\u00e9tablissement, les doyens de m\u00e9decine, pharmacie et odontologie, les directeurs g\u00e9n\u00e9raux et les pr\u00e9sidents d\u2019universit\u00e9&hellip;"}