

{"version":"1.0","provider_name":"Gestions hospitali\u00e8res","provider_url":"https:\/\/www.ricom-web8.com\/gestions","author_name":"Gestions hospitali\u00e8res","author_url":"https:\/\/www.ricom-web8.com\/gestions\/author\/benjamin\/","title":"La r\u00e9forme des collectivit\u00e9s territoriales et le comit\u00e9 Balladur - Gestions hospitali\u00e8res","type":"rich","width":600,"height":338,"html":"<blockquote class=\"wp-embedded-content\" data-secret=\"NVJLBTbvlu\"><a href=\"https:\/\/www.ricom-web8.com\/gestions\/reforme-collectivites-territoriales-comite-balladur\/\">La r\u00e9forme des collectivit\u00e9s territoriales et le comit\u00e9 Balladur<\/a><\/blockquote><iframe sandbox=\"allow-scripts\" security=\"restricted\" src=\"https:\/\/www.ricom-web8.com\/gestions\/reforme-collectivites-territoriales-comite-balladur\/embed\/#?secret=NVJLBTbvlu\" width=\"600\" height=\"338\" title=\"\u00ab\u00a0La r\u00e9forme des collectivit\u00e9s territoriales et le comit\u00e9 Balladur\u00a0\u00bb &#8212; Gestions hospitali\u00e8res\" data-secret=\"NVJLBTbvlu\" frameborder=\"0\" marginwidth=\"0\" marginheight=\"0\" scrolling=\"no\" class=\"wp-embedded-content\"><\/iframe><script type=\"text\/javascript\">\n\/* <![CDATA[ *\/\n\/*! This file is auto-generated *\/\n!function(d,l){\"use strict\";l.querySelector&&d.addEventListener&&\"undefined\"!=typeof URL&&(d.wp=d.wp||{},d.wp.receiveEmbedMessage||(d.wp.receiveEmbedMessage=function(e){var t=e.data;if((t||t.secret||t.message||t.value)&&!\/[^a-zA-Z0-9]\/.test(t.secret)){for(var s,r,n,a=l.querySelectorAll('iframe[data-secret=\"'+t.secret+'\"]'),o=l.querySelectorAll('blockquote[data-secret=\"'+t.secret+'\"]'),c=new RegExp(\"^https?:$\",\"i\"),i=0;i<o.length;i++)o[i].style.display=\"none\";for(i=0;i<a.length;i++)s=a[i],e.source===s.contentWindow&&(s.removeAttribute(\"style\"),\"height\"===t.message?(1e3<(r=parseInt(t.value,10))?r=1e3:~~r<200&&(r=200),s.height=r):\"link\"===t.message&&(r=new URL(s.getAttribute(\"src\")),n=new URL(t.value),c.test(n.protocol))&&n.host===r.host&&l.activeElement===s&&(d.top.location.href=t.value))}},d.addEventListener(\"message\",d.wp.receiveEmbedMessage,!1),l.addEventListener(\"DOMContentLoaded\",function(){for(var e,t,s=l.querySelectorAll(\"iframe.wp-embedded-content\"),r=0;r<s.length;r++)(t=(e=s[r]).getAttribute(\"data-secret\"))||(t=Math.random().toString(36).substring(2,12),e.src+=\"#?secret=\"+t,e.setAttribute(\"data-secret\",t)),e.contentWindow.postMessage({message:\"ready\",secret:t},\"*\")},!1)))}(window,document);\n\/* ]]> *\/\n<\/script>\n","description":"\u00c0 la suite de l\u2019annonce d\u2019une r\u00e9forme de l\u2019administration locale par le pr\u00e9sident de la R\u00e9publique le 25 septembre dernier, le Comit\u00e9 pour la r\u00e9forme a \u00e9t\u00e9 nomm\u00e9 sur le mod\u00e8le de celui de la r\u00e9vision de la constitution. Son objectif, outre la r\u00e9forme de l\u2019administration locale, \u00e9tait de r\u00e9duire les \u00e9chelons administratifs et faire des \u00e9conomies permettant de supprimer la taxe professionnelle.\u00a0Le comit\u00e9 a retrouv\u00e9 le m\u00eame pr\u00e9sident, \u00c9douard&hellip;"}