

{"version":"1.0","provider_name":"Gestions hospitali\u00e8res","provider_url":"https:\/\/www.ricom-web8.com\/gestions","author_name":"Gestions hospitali\u00e8res","author_url":"https:\/\/www.ricom-web8.com\/gestions\/author\/benjamin\/","title":"La r\u00e9forme de la psychiatrie - Gestions hospitali\u00e8res","type":"rich","width":600,"height":338,"html":"<blockquote class=\"wp-embedded-content\" data-secret=\"Hs0NQFQZMa\"><a href=\"https:\/\/www.ricom-web8.com\/gestions\/reforme-de-psychiatrie\/\">La r\u00e9forme de la psychiatrie<\/a><\/blockquote><iframe sandbox=\"allow-scripts\" security=\"restricted\" src=\"https:\/\/www.ricom-web8.com\/gestions\/reforme-de-psychiatrie\/embed\/#?secret=Hs0NQFQZMa\" width=\"600\" height=\"338\" title=\"\u00ab\u00a0La r\u00e9forme de la psychiatrie\u00a0\u00bb &#8212; Gestions hospitali\u00e8res\" data-secret=\"Hs0NQFQZMa\" frameborder=\"0\" marginwidth=\"0\" marginheight=\"0\" scrolling=\"no\" class=\"wp-embedded-content\"><\/iframe><script type=\"text\/javascript\">\n\/* <![CDATA[ *\/\n\/*! This file is auto-generated *\/\n!function(d,l){\"use strict\";l.querySelector&&d.addEventListener&&\"undefined\"!=typeof URL&&(d.wp=d.wp||{},d.wp.receiveEmbedMessage||(d.wp.receiveEmbedMessage=function(e){var t=e.data;if((t||t.secret||t.message||t.value)&&!\/[^a-zA-Z0-9]\/.test(t.secret)){for(var s,r,n,a=l.querySelectorAll('iframe[data-secret=\"'+t.secret+'\"]'),o=l.querySelectorAll('blockquote[data-secret=\"'+t.secret+'\"]'),c=new RegExp(\"^https?:$\",\"i\"),i=0;i<o.length;i++)o[i].style.display=\"none\";for(i=0;i<a.length;i++)s=a[i],e.source===s.contentWindow&&(s.removeAttribute(\"style\"),\"height\"===t.message?(1e3<(r=parseInt(t.value,10))?r=1e3:~~r<200&&(r=200),s.height=r):\"link\"===t.message&&(r=new URL(s.getAttribute(\"src\")),n=new URL(t.value),c.test(n.protocol))&&n.host===r.host&&l.activeElement===s&&(d.top.location.href=t.value))}},d.addEventListener(\"message\",d.wp.receiveEmbedMessage,!1),l.addEventListener(\"DOMContentLoaded\",function(){for(var e,t,s=l.querySelectorAll(\"iframe.wp-embedded-content\"),r=0;r<s.length;r++)(t=(e=s[r]).getAttribute(\"data-secret\"))||(t=Math.random().toString(36).substring(2,12),e.src+=\"#?secret=\"+t,e.setAttribute(\"data-secret\",t)),e.contentWindow.postMessage({message:\"ready\",secret:t},\"*\")},!1)))}(window,document);\n\/* ]]> *\/\n<\/script>\n","description":"La ministre de la Sant\u00e9 Agn\u00e8s Buzyn a r\u00e9cemment pr\u00e9sent\u00e9 un nouveau plan qui reprend des mesures propos\u00e9es par les pr\u00e9c\u00e9dents travaux ou rapports\u2009: pour les MG stage obligatoire en psychiatrie, sursp\u00e9cialisation des infirmiers travaillant dans ce secteur, bonnes pratiques, r\u00e9vision des tarifs (consultations complexes et p\u00e9dopsy), pr\u00e9servation des budgets consacr\u00e9s \u00e0 la psychiatrie dans les h\u00f4pitaux ou GHT. Il est int\u00e9ressant de s&#8217;interroger sur les causes des \u00e9checs relatifs&hellip;"}