

{"version":"1.0","provider_name":"Gestions hospitali\u00e8res","provider_url":"https:\/\/www.ricom-web8.com\/gestions","author_name":"yann Le Sager","author_url":"https:\/\/www.ricom-web8.com\/gestions\/author\/lesager-yannstudioricom-com\/","title":"R\u00e9forme du financement de l\u2019aide m\u00e9dicale urgente - Gestions hospitali\u00e8res","type":"rich","width":600,"height":338,"html":"<blockquote class=\"wp-embedded-content\" data-secret=\"TcAvPA8R7L\"><a href=\"https:\/\/www.ricom-web8.com\/gestions\/reforme-du-financement-de-laide-medicale-urgente\/\">R\u00e9forme du financement de l\u2019aide m\u00e9dicale urgente<\/a><\/blockquote><iframe sandbox=\"allow-scripts\" security=\"restricted\" src=\"https:\/\/www.ricom-web8.com\/gestions\/reforme-du-financement-de-laide-medicale-urgente\/embed\/#?secret=TcAvPA8R7L\" width=\"600\" height=\"338\" title=\"\u00ab\u00a0R\u00e9forme du financement de l\u2019aide m\u00e9dicale urgente\u00a0\u00bb &#8212; Gestions hospitali\u00e8res\" data-secret=\"TcAvPA8R7L\" frameborder=\"0\" marginwidth=\"0\" marginheight=\"0\" scrolling=\"no\" class=\"wp-embedded-content\"><\/iframe><script type=\"text\/javascript\">\n\/* <![CDATA[ *\/\n\/*! This file is auto-generated *\/\n!function(d,l){\"use strict\";l.querySelector&&d.addEventListener&&\"undefined\"!=typeof URL&&(d.wp=d.wp||{},d.wp.receiveEmbedMessage||(d.wp.receiveEmbedMessage=function(e){var t=e.data;if((t||t.secret||t.message||t.value)&&!\/[^a-zA-Z0-9]\/.test(t.secret)){for(var s,r,n,a=l.querySelectorAll('iframe[data-secret=\"'+t.secret+'\"]'),o=l.querySelectorAll('blockquote[data-secret=\"'+t.secret+'\"]'),c=new RegExp(\"^https?:$\",\"i\"),i=0;i<o.length;i++)o[i].style.display=\"none\";for(i=0;i<a.length;i++)s=a[i],e.source===s.contentWindow&&(s.removeAttribute(\"style\"),\"height\"===t.message?(1e3<(r=parseInt(t.value,10))?r=1e3:~~r<200&&(r=200),s.height=r):\"link\"===t.message&&(r=new URL(s.getAttribute(\"src\")),n=new URL(t.value),c.test(n.protocol))&&n.host===r.host&&l.activeElement===s&&(d.top.location.href=t.value))}},d.addEventListener(\"message\",d.wp.receiveEmbedMessage,!1),l.addEventListener(\"DOMContentLoaded\",function(){for(var e,t,s=l.querySelectorAll(\"iframe.wp-embedded-content\"),r=0;r<s.length;r++)(t=(e=s[r]).getAttribute(\"data-secret\"))||(t=Math.random().toString(36).substring(2,12),e.src+=\"#?secret=\"+t,e.setAttribute(\"data-secret\",t)),e.contentWindow.postMessage({message:\"ready\",secret:t},\"*\")},!1)))}(window,document);\n\/* ]]> *\/\n<\/script>\n","description":"L\u2019\u00e9cume des relations parfois orageuses entre les urgentistes du \u00ab\u200915\u2009\u00bb et les pompiers du \u00ab\u200918\u2009\u00bb ne doit pas masquer la vague de fond en pr\u00e9paration\u2009: la r\u00e9forme du financement des Samu et Smur. Pilot\u00e9e par la Direction g\u00e9n\u00e9rale de l\u2019offre de soins dans la lign\u00e9e de la \u00ab\u2009mod\u00e9lisation des missions d\u2019int\u00e9r\u00eat g\u00e9n\u00e9ral\u2009\u00bb, cette r\u00e9vision profonde du financement actuel constitue une rupture dans l\u2019essor continu de l\u2019aide m\u00e9dicale urgente depuis quarante ans. \u00c0 partir des donn\u00e9es disponibles \u00e0 ce jour, l\u2019auteur analyse les points d\u2019impact potentiels de cette p\u00e9r\u00e9quation financi\u00e8re et l\u2019avenir sous tension de cette mission de service public."}